{"id":16659,"date":"2023-09-22T09:16:38","date_gmt":"2023-09-22T07:16:38","guid":{"rendered":"https:\/\/www.stex-gmbh.com\/domande-frequenti\/"},"modified":"2025-07-23T22:57:16","modified_gmt":"2025-07-23T20:57:16","slug":"domande-frequenti","status":"publish","type":"page","link":"https:\/\/www.stex-gmbh.com\/it\/domande-frequenti\/","title":{"rendered":"FAQ"},"content":{"rendered":"<div data-elementor-type=\"wp-page\" data-elementor-id=\"16659\" class=\"elementor elementor-16659 elementor-1497\" data-elementor-post-type=\"page\">\n\t\t\t\t<div class=\"elementor-element elementor-element-5f62b2ad e-flex e-con-boxed e-con e-parent\" data-id=\"5f62b2ad\" data-element_type=\"container\" data-e-type=\"container\">\n\t\t\t\t\t<div class=\"e-con-inner\">\n\t\t<div class=\"elementor-element elementor-element-3277440d e-con-full animated-slow e-flex elementor-invisible e-con e-child\" data-id=\"3277440d\" data-element_type=\"container\" data-e-type=\"container\" data-settings=\"{&quot;animation&quot;:&quot;fadeInLeft&quot;}\">\n\t\t\t\t<div class=\"elementor-element elementor-element-3130206a elementor-widget elementor-widget-heading\" data-id=\"3130206a\" data-element_type=\"widget\" data-e-type=\"widget\" data-widget_type=\"heading.default\">\n\t\t\t\t\t<h1 class=\"elementor-heading-title elementor-size-default\">FAQ<\/h1>\t\t\t\t<\/div>\n\t\t\t\t<div class=\"elementor-element elementor-element-899efd1 elementor-widget elementor-widget-heading\" data-id=\"899efd1\" data-element_type=\"widget\" data-e-type=\"widget\" data-widget_type=\"heading.default\">\n\t\t\t\t\t<h2 class=\"elementor-heading-title elementor-size-default\">Il nostro team di assistenza sar\u00e0 lieto di rispondere alle vostre domande<\/h2>\t\t\t\t<\/div>\n\t\t\t\t<div class=\"elementor-element elementor-element-d0cbc77 elementor-widget elementor-widget-text-editor\" data-id=\"d0cbc77\" data-element_type=\"widget\" data-e-type=\"widget\" data-widget_type=\"text-editor.default\">\n\t\t\t\t\t\t\t\t\t<p>Tutto ci\u00f2 che dovete sapere su STEX e le risposte alle domande frequenti che ci vengono poste.<\/p>\t\t\t\t\t\t\t\t<\/div>\n\t\t<div class=\"elementor-element elementor-element-5ef07d4f e-flex e-con-boxed e-con e-child\" data-id=\"5ef07d4f\" data-element_type=\"container\" data-e-type=\"container\">\n\t\t\t\t\t<div class=\"e-con-inner\">\n\t\t\t\t<div class=\"elementor-element elementor-element-79bf225c elementor-widget elementor-widget-button\" data-id=\"79bf225c\" data-element_type=\"widget\" data-e-type=\"widget\" data-widget_type=\"button.default\">\n\t\t\t\t\t\t\t\t\t\t<a class=\"elementor-button elementor-button-link elementor-size-lg elementor-animation-grow\" href=\"https:\/\/www.stex-gmbh.com\/it\/contatto\/\">\n\t\t\t\t\t\t<span class=\"elementor-button-content-wrapper\">\n\t\t\t\t\t\t<span class=\"elementor-button-icon\">\n\t\t\t\t<i aria-hidden=\"true\" class=\"far fa-arrow-alt-circle-right\"><\/i>\t\t\t<\/span>\n\t\t\t\t\t\t\t\t\t<span class=\"elementor-button-text\">Contattateci<\/span>\n\t\t\t\t\t<\/span>\n\t\t\t\t\t<\/a>\n\t\t\t\t\t\t\t\t<\/div>\n\t\t\t\t<div class=\"elementor-element elementor-element-3ca2bb97 elementor-widget elementor-widget-text-editor\" data-id=\"3ca2bb97\" data-element_type=\"widget\" data-e-type=\"widget\" data-widget_type=\"text-editor.default\">\n\t\t\t\t\t\t\t\t\t<p><strong>Avete domande?<br \/><\/strong>Mettetevi in contatto con noi in qualsiasi momento!<\/p>\t\t\t\t\t\t\t\t<\/div>\n\t\t\t\t\t<\/div>\n\t\t\t\t<\/div>\n\t\t\t\t<\/div>\n\t\t<div class=\"elementor-element elementor-element-736183d1 e-con-full e-flex e-con e-child\" data-id=\"736183d1\" data-element_type=\"container\" data-e-type=\"container\">\n\t\t\t\t<div class=\"elementor-element elementor-element-5cfd444 elementor-widget elementor-widget-image\" data-id=\"5cfd444\" data-element_type=\"widget\" data-e-type=\"widget\" data-widget_type=\"image.default\">\n\t\t\t\t\t\t\t\t\t\t\t\t\t\t\t<img fetchpriority=\"high\" decoding=\"async\" width=\"800\" height=\"466\" src=\"https:\/\/www.stex-gmbh.com\/wp-content\/uploads\/2025\/03\/landingpage_hero_v3_translate-28-1024x597.png\" class=\"attachment-large size-large wp-image-19218\" alt=\"\" srcset=\"https:\/\/www.stex-gmbh.com\/wp-content\/uploads\/2025\/03\/landingpage_hero_v3_translate-28-1024x597.png 1024w, https:\/\/www.stex-gmbh.com\/wp-content\/uploads\/2025\/03\/landingpage_hero_v3_translate-28-300x175.png 300w, https:\/\/www.stex-gmbh.com\/wp-content\/uploads\/2025\/03\/landingpage_hero_v3_translate-28-768x448.png 768w, https:\/\/www.stex-gmbh.com\/wp-content\/uploads\/2025\/03\/landingpage_hero_v3_translate-28.png 1100w\" sizes=\"(max-width: 800px) 100vw, 800px\" \/>\t\t\t\t\t\t\t\t\t\t\t\t\t\t\t<\/div>\n\t\t\t\t<\/div>\n\t\t\t\t\t<\/div>\n\t\t\t\t<\/div>\n\t\t<div class=\"elementor-element elementor-element-6aa11974 e-flex e-con-boxed e-con e-parent\" data-id=\"6aa11974\" data-element_type=\"container\" data-e-type=\"container\" data-settings=\"{&quot;background_background&quot;:&quot;classic&quot;}\">\n\t\t\t\t\t<div class=\"e-con-inner\">\n\t\t<div class=\"elementor-element elementor-element-4935791 e-flex e-con-boxed e-con e-child\" data-id=\"4935791\" data-element_type=\"container\" data-e-type=\"container\">\n\t\t\t\t\t<div class=\"e-con-inner\">\n\t\t\t\t<div class=\"elementor-element elementor-element-12df238f elementor-widget elementor-widget-heading\" data-id=\"12df238f\" data-element_type=\"widget\" data-e-type=\"widget\" data-widget_type=\"heading.default\">\n\t\t\t\t\t<h2 class=\"elementor-heading-title elementor-size-default\">1. Carico e trasporto<\/h2>\t\t\t\t<\/div>\n\t\t\t\t\t<\/div>\n\t\t\t\t<\/div>\n\t\t<div class=\"elementor-element elementor-element-2fc2113 e-con-full e-flex e-con e-child\" data-id=\"2fc2113\" data-element_type=\"container\" data-e-type=\"container\">\n\t\t<div class=\"elementor-element elementor-element-4443927a e-con-full e-flex e-con e-child\" data-id=\"4443927a\" data-element_type=\"container\" data-e-type=\"container\">\n\t\t\t\t<div class=\"elementor-element elementor-element-6d9fba00 elementor-widget elementor-widget-text-editor\" data-id=\"6d9fba00\" data-element_type=\"widget\" data-e-type=\"widget\" data-widget_type=\"text-editor.default\">\n\t\t\t\t\t\t\t\t\t<div>\n<h3>Quanto \u00e8 veloce il ritiro?<\/h3>\n<\/div>\n<section>\n<div>\n<p>In genere, il ritiro avviene il pi\u00f9 rapidamente possibile. La velocit\u00e0 dipende dal tipo di veicolo, dalle opzioni desiderate, dal tempo di percorrenza e dalla situazione del traffico. In Italia, il ritiro avviene in media in circa 60 minuti a seconda del tipo di veicolo e delle opzioni. Potete richiedere anche che il ritiro avvenga pi\u00f9 tardi.<\/p>\n<\/div>\n<div>\n<h3>Chi carica la mia merce?<\/h3>\n<\/div>\n<section>\n<div>\n<p>Il carico e lo scarico \u00e8 fondamentalmente compito del punto di carico e scarico. Per i pallet, \u00e8 anche possibile prenotare un veicolo con piattaforma di sollevamento e transpallet, l\u2019autista pu\u00f2 quindi caricare e scaricare pallet senza bisogno di assistenza. Possiamo anche offrirvi un aiuto manuale per il carico o lo scarico nel caso di caddy e furgone, questa opzione \u00e8 selezionabile durante l\u2019ordine. Si prega di notare le rispettive informazioni nel calcolatore dei prezzi. Non esitate a contattarci per qualsiasi domanda, saremo lieti di consigliarvi!<\/p>\n<div>\n<h3>Perch\u00e9 viaggi diretti?<\/h3>\n<\/div>\n<section>\n<div>\n<p>I viaggi diretti sono il modo pi\u00f9 sicuro per trasportare la vostra merce. Rinunciando a punti di trasbordo, il rischio di danni e ritardi \u00e8 ridotto al minimo. Inoltre, la vostra merce \u00e8 tracciabile continuamente e individualmente. In questo modo \u00e8 possibile disporre in qualsiasi momento della merce e, ad esempio, modificare l\u2019indirizzo di consegna o agire subito in caso di impedimenti alla consegna.<\/p>\n<\/div>\n<\/section>\n<\/div>\n<\/section>\n<\/section>\t\t\t\t\t\t\t\t<\/div>\n\t\t\t\t<\/div>\n\t\t<div class=\"elementor-element elementor-element-547029ca e-con-full e-flex e-con e-child\" data-id=\"547029ca\" data-element_type=\"container\" data-e-type=\"container\" data-settings=\"{&quot;background_background&quot;:&quot;classic&quot;}\">\n\t\t<div class=\"elementor-element elementor-element-477510c1 e-flex e-con-boxed e-con e-child\" data-id=\"477510c1\" data-element_type=\"container\" data-e-type=\"container\">\n\t\t\t\t\t<div class=\"e-con-inner\">\n\t\t\t\t<div class=\"elementor-element elementor-element-0c752ac elementor-widget elementor-widget-text-editor\" data-id=\"0c752ac\" data-element_type=\"widget\" data-e-type=\"widget\" data-widget_type=\"text-editor.default\">\n\t\t\t\t\t\t\t\t\t<div class=\"av-special-heading av-9dqt9-10ce88240a8a64fecce7bdcb52e47041 av-special-heading-h3 blockquote modern-quote avia-builder-el-17 el_before_av_textblock avia-builder-el-first \"><h3 class=\"av-special-heading-tag\">In quanto tempo avviene la consegna?<\/h3><\/div><section class=\"av_textblock_section av-6dssa-22-7787803bec3f34bb2f2a67fe8c17f836 \"><div class=\"avia_textblock\"><p>La consegna avviene generalmente per via diretta. Siamo vincolati ai tempi di guida e di riposo previsti dalla legge, soprattutto per le tratte a lunga percorrenza. Stimiamo la durata del viaggio partendo dalla durata desiderata e tenendo conto del veicolo prenotato, della situazione del traffico e delle condizioni meteorologiche per ottenere una stima pi\u00f9 precisa. Poich\u00e9 in linea di principio non offriamo stoccaggi temporanei, per i tragitti pi\u00f9 brevi \u00e8 necessario che la consegna avvenga con un viaggio diretto.<\/p><p>\u00a0<\/p><\/div><div class=\"flex_column av-23mkr6-19-40284b422cc98173e233ceaf2abbe05d av_one_half avia-builder-el-22 el_after_av_one_half el_before_av_one_half flex_column_div av-animated-generic bottom-to-top av-zero-column-padding column-top-margin avia_start_animation avia_start_delayed_animation\"><div class=\"av-special-heading av-28x0ot-06c8bb523aa2d1b6ef5bac24f81f5c4e av-special-heading-h3 blockquote modern-quote avia-builder-el-23 el_before_av_textblock avia-builder-el-first \"><h3 class=\"av-special-heading-tag\">Come viene trasportata la mia merce?<\/h3><\/div><section class=\"av_textblock_section av-6dssa-18-8f19cb3490779ba2168d17f36cc57477 \"><div class=\"avia_textblock\"><p>La vostra spedizione sar\u00e0 trasportata esclusivamente tramite trasporto diretto senza trasbordo o stoccaggio temporaneo. Carichi aggiuntivi sono possibili. Se desiderate uno stoccaggio temporaneo o se invece preferite un viaggio diretto, vi preghiamo di contattarci direttamente dopo aver effettuato l\u2019ordine o telefonicamente anche prima, saremo lieti di consigliarvi!<\/p><p>\u00a0<\/p><\/div><div class=\"av-special-heading av-1vgu4t-d684f611f6f30f475d717bdc3932500a av-special-heading-h3 blockquote modern-quote avia-builder-el-29 el_before_av_textblock avia-builder-el-first \"><h3 class=\"av-special-heading-tag\">La mia merce sar\u00e0 impilata?<\/h3><\/div><section class=\"av_textblock_section av-6dssa-14-f7fbe7f2fe1aa3d68d0122cfedebde02 \"><div class=\"avia_textblock\"><p>Generalmente no, a meno che non lo indichiate voi. A seconda del tipo di merce trasportata, sarebbe pi\u00f9 facile impilarla, riducendo enormemente lo spazio necessario, soprattutto nel caso di scatole, e contribuendo sia al risparmio sui costi, sia alla protezione dell\u2019ambiente.<\/p><\/div><\/section><\/section><\/div><div class=\"flex_column av-23mkr6-17-d99a9118a6d04665e70998b220381436 av_one_half avia-builder-el-25 el_after_av_one_half el_before_av_one_half first flex_column_div av-animated-generic bottom-to-top av-zero-column-padding column-top-margin avia_start_animation avia_start_delayed_animation\"><div class=\"av-special-heading av-249orp-62868c57091c8a53dd55463e7a9fbd30 av-special-heading-h3 blockquote modern-quote avia-builder-el-26 el_before_av_textblock avia-builder-el-first \">\u00a0<\/div><\/div><\/section>\t\t\t\t\t\t\t\t<\/div>\n\t\t\t\t\t<\/div>\n\t\t\t\t<\/div>\n\t\t\t\t<\/div>\n\t\t\t\t<\/div>\n\t\t\t\t\t<\/div>\n\t\t\t\t<\/div>\n\t\t<div class=\"elementor-element elementor-element-cc552a6 e-flex e-con-boxed e-con e-parent\" data-id=\"cc552a6\" data-element_type=\"container\" data-e-type=\"container\">\n\t\t\t\t\t<div class=\"e-con-inner\">\n\t\t<div class=\"elementor-element elementor-element-077044e e-flex e-con-boxed e-con e-child\" data-id=\"077044e\" data-element_type=\"container\" data-e-type=\"container\">\n\t\t\t\t\t<div class=\"e-con-inner\">\n\t\t\t\t<div class=\"elementor-element elementor-element-28ae790 elementor-widget elementor-widget-heading\" data-id=\"28ae790\" data-element_type=\"widget\" data-e-type=\"widget\" data-widget_type=\"heading.default\">\n\t\t\t\t\t<p class=\"elementor-heading-title elementor-size-default\">Altre domande e risposte sul carico e il trasporto:<\/p>\t\t\t\t<\/div>\n\t\t\t\t\t<\/div>\n\t\t\t\t<\/div>\n\t\t<div class=\"elementor-element elementor-element-338526c e-flex e-con-boxed e-con e-child\" data-id=\"338526c\" data-element_type=\"container\" data-e-type=\"container\">\n\t\t\t\t\t<div class=\"e-con-inner\">\n\t\t\t\t<div class=\"elementor-element elementor-element-65ae860 elementor-widget elementor-widget-toggle\" data-id=\"65ae860\" data-element_type=\"widget\" data-e-type=\"widget\" data-widget_type=\"toggle.default\">\n\t\t\t\t\t\t\t<div class=\"elementor-toggle\">\n\t\t\t\t\t\t\t<div class=\"elementor-toggle-item\">\n\t\t\t\t\t<div id=\"elementor-tab-title-1061\" class=\"elementor-tab-title\" data-tab=\"1\" role=\"button\" aria-controls=\"elementor-tab-content-1061\" aria-expanded=\"false\">\n\t\t\t\t\t\t\t\t\t\t\t\t<span class=\"elementor-toggle-icon elementor-toggle-icon-left\" aria-hidden=\"true\">\n\t\t\t\t\t\t\t\t\t\t\t\t\t\t\t<span class=\"elementor-toggle-icon-closed\"><i class=\"fas fa-caret-right\"><\/i><\/span>\n\t\t\t\t\t\t\t\t<span class=\"elementor-toggle-icon-opened\"><i class=\"elementor-toggle-icon-opened fas fa-caret-up\"><\/i><\/span>\n\t\t\t\t\t\t\t\t\t\t\t\t\t<\/span>\n\t\t\t\t\t\t\t\t\t\t\t\t<a class=\"elementor-toggle-title\" tabindex=\"0\">Cosa succede in caso di cancellazione?<\/a>\n\t\t\t\t\t<\/div>\n\n\t\t\t\t\t<div id=\"elementor-tab-content-1061\" class=\"elementor-tab-content elementor-clearfix\" data-tab=\"1\" role=\"region\" aria-labelledby=\"elementor-tab-title-1061\"><p>In caso di cancellazione, si applicano costi in conformit\u00e0 con le nostre CGC in vigore. Per rendere quantificabili per voi anche questi costi, offriamo inoltre un\u2019assicurazione di annullamento del trasporto. Le informazioni sono disponibili al momento della prenotazione o nelle nostre CGC.<\/p><\/div>\n\t\t\t\t<\/div>\n\t\t\t\t\t\t\t<div class=\"elementor-toggle-item\">\n\t\t\t\t\t<div id=\"elementor-tab-title-1062\" class=\"elementor-tab-title\" data-tab=\"2\" role=\"button\" aria-controls=\"elementor-tab-content-1062\" aria-expanded=\"false\">\n\t\t\t\t\t\t\t\t\t\t\t\t<span class=\"elementor-toggle-icon elementor-toggle-icon-left\" aria-hidden=\"true\">\n\t\t\t\t\t\t\t\t\t\t\t\t\t\t\t<span class=\"elementor-toggle-icon-closed\"><i class=\"fas fa-caret-right\"><\/i><\/span>\n\t\t\t\t\t\t\t\t<span class=\"elementor-toggle-icon-opened\"><i class=\"elementor-toggle-icon-opened fas fa-caret-up\"><\/i><\/span>\n\t\t\t\t\t\t\t\t\t\t\t\t\t<\/span>\n\t\t\t\t\t\t\t\t\t\t\t\t<a class=\"elementor-toggle-title\" tabindex=\"0\">Il giorno di ritiro \u00e8 arrivato un veicolo pi\u00f9 grande di quanto richiesto, devo pagare di pi\u00f9?<\/a>\n\t\t\t\t\t<\/div>\n\n\t\t\t\t\t<div id=\"elementor-tab-content-1062\" class=\"elementor-tab-content elementor-clearfix\" data-tab=\"2\" role=\"region\" aria-labelledby=\"elementor-tab-title-1062\"><p>No, nell\u2019ambito della protezione ambientale e della pianificazione dei percorsi, a volte \u00e8 pi\u00f9 ecologico utilizzare un veicolo pi\u00f9 grande. In questi casi, il prezzo di trasporto concordato rimane lo stesso.<\/p><\/div>\n\t\t\t\t<\/div>\n\t\t\t\t\t\t\t<div class=\"elementor-toggle-item\">\n\t\t\t\t\t<div id=\"elementor-tab-title-1063\" class=\"elementor-tab-title\" data-tab=\"3\" role=\"button\" aria-controls=\"elementor-tab-content-1063\" aria-expanded=\"false\">\n\t\t\t\t\t\t\t\t\t\t\t\t<span class=\"elementor-toggle-icon elementor-toggle-icon-left\" aria-hidden=\"true\">\n\t\t\t\t\t\t\t\t\t\t\t\t\t\t\t<span class=\"elementor-toggle-icon-closed\"><i class=\"fas fa-caret-right\"><\/i><\/span>\n\t\t\t\t\t\t\t\t<span class=\"elementor-toggle-icon-opened\"><i class=\"elementor-toggle-icon-opened fas fa-caret-up\"><\/i><\/span>\n\t\t\t\t\t\t\t\t\t\t\t\t\t<\/span>\n\t\t\t\t\t\t\t\t\t\t\t\t<a class=\"elementor-toggle-title\" tabindex=\"0\">Per il ritiro \u00e8 apparso un veicolo pi\u00f9 piccolo di quanto richiesto, devo pagare meno?<\/a>\n\t\t\t\t\t<\/div>\n\n\t\t\t\t\t<div id=\"elementor-tab-content-1063\" class=\"elementor-tab-content elementor-clearfix\" data-tab=\"3\" role=\"region\" aria-labelledby=\"elementor-tab-title-1063\"><p>No, nell\u2019ambito della protezione ambientale e della pianificazione dei percorsi, a volte \u00e8 pi\u00f9 ecologico utilizzare un veicolo pi\u00f9 piccolo, purch\u00e9 sia in grado di trasportare la merce dichiarata. Occasionalmente mettiamo a disposizione anche veicoli con dimensioni speciali che non offriamo su tutto il territorio nazionale. In ogni caso, il prezzo di trasporto concordato rimane lo stesso.<\/p><\/div>\n\t\t\t\t<\/div>\n\t\t\t\t\t\t\t<div class=\"elementor-toggle-item\">\n\t\t\t\t\t<div id=\"elementor-tab-title-1064\" class=\"elementor-tab-title\" data-tab=\"4\" role=\"button\" aria-controls=\"elementor-tab-content-1064\" aria-expanded=\"false\">\n\t\t\t\t\t\t\t\t\t\t\t\t<span class=\"elementor-toggle-icon elementor-toggle-icon-left\" aria-hidden=\"true\">\n\t\t\t\t\t\t\t\t\t\t\t\t\t\t\t<span class=\"elementor-toggle-icon-closed\"><i class=\"fas fa-caret-right\"><\/i><\/span>\n\t\t\t\t\t\t\t\t<span class=\"elementor-toggle-icon-opened\"><i class=\"elementor-toggle-icon-opened fas fa-caret-up\"><\/i><\/span>\n\t\t\t\t\t\t\t\t\t\t\t\t\t<\/span>\n\t\t\t\t\t\t\t\t\t\t\t\t<a class=\"elementor-toggle-title\" tabindex=\"0\">Chi assicura la mia merce sul veicolo?<\/a>\n\t\t\t\t\t<\/div>\n\n\t\t\t\t\t<div id=\"elementor-tab-content-1064\" class=\"elementor-tab-content elementor-clearfix\" data-tab=\"4\" role=\"region\" aria-labelledby=\"elementor-tab-title-1064\"><p>L\u2019autista si occupa del fissaggio del carico secondo i vostri desideri o nel miglior modo possibile. Ci\u00f2 avviene principalmente con tappetini antiscivolo e cinghie di tensione, che fissano e proteggono efficacemente la merce. A seconda del tipo di veicolo, sono possibili anche altri tipi di fissaggio del carico.<\/p><\/div>\n\t\t\t\t<\/div>\n\t\t\t\t\t\t\t<div class=\"elementor-toggle-item\">\n\t\t\t\t\t<div id=\"elementor-tab-title-1065\" class=\"elementor-tab-title\" data-tab=\"5\" role=\"button\" aria-controls=\"elementor-tab-content-1065\" aria-expanded=\"false\">\n\t\t\t\t\t\t\t\t\t\t\t\t<span class=\"elementor-toggle-icon elementor-toggle-icon-left\" aria-hidden=\"true\">\n\t\t\t\t\t\t\t\t\t\t\t\t\t\t\t<span class=\"elementor-toggle-icon-closed\"><i class=\"fas fa-caret-right\"><\/i><\/span>\n\t\t\t\t\t\t\t\t<span class=\"elementor-toggle-icon-opened\"><i class=\"elementor-toggle-icon-opened fas fa-caret-up\"><\/i><\/span>\n\t\t\t\t\t\t\t\t\t\t\t\t\t<\/span>\n\t\t\t\t\t\t\t\t\t\t\t\t<a class=\"elementor-toggle-title\" tabindex=\"0\">\u00c8 possibile aggiungere un\u2019ulteriore assicurazione per la mia merce?<\/a>\n\t\t\t\t\t<\/div>\n\n\t\t\t\t\t<div id=\"elementor-tab-content-1065\" class=\"elementor-tab-content elementor-clearfix\" data-tab=\"5\" role=\"region\" aria-labelledby=\"elementor-tab-title-1065\"><p>In linea di principio, \u00e8 possibile dotare la maggior parte dei tipi di merce di un\u2019assicurazione aggiuntiva. I costi dipendono dal valore della merce che si desidera dotare di maggiore sicurezza, \u00e8 possibile stipulare un\u2019assicurazione durante il processo d\u2019ordine e vedere i costi esatti. L\u2019importo pu\u00f2 essere scelto liberamente. Se il valore della merce supera i 250.000\u00a0\u20ac, vi preghiamo di contattarci prima di effettuare l\u2019ordine o subito dopo (<a href=\"https:\/\/www.stex-gmbh.com\/it\/contatto\/\">contatti<\/a>).<\/p><\/div>\n\t\t\t\t<\/div>\n\t\t\t\t\t\t\t<div class=\"elementor-toggle-item\">\n\t\t\t\t\t<div id=\"elementor-tab-title-1066\" class=\"elementor-tab-title\" data-tab=\"6\" role=\"button\" aria-controls=\"elementor-tab-content-1066\" aria-expanded=\"false\">\n\t\t\t\t\t\t\t\t\t\t\t\t<span class=\"elementor-toggle-icon elementor-toggle-icon-left\" aria-hidden=\"true\">\n\t\t\t\t\t\t\t\t\t\t\t\t\t\t\t<span class=\"elementor-toggle-icon-closed\"><i class=\"fas fa-caret-right\"><\/i><\/span>\n\t\t\t\t\t\t\t\t<span class=\"elementor-toggle-icon-opened\"><i class=\"elementor-toggle-icon-opened fas fa-caret-up\"><\/i><\/span>\n\t\t\t\t\t\t\t\t\t\t\t\t\t<\/span>\n\t\t\t\t\t\t\t\t\t\t\t\t<a class=\"elementor-toggle-title\" tabindex=\"0\">Come \u00e8 assicurata la mia merce?<\/a>\n\t\t\t\t\t<\/div>\n\n\t\t\t\t\t<div id=\"elementor-tab-content-1066\" class=\"elementor-tab-content elementor-clearfix\" data-tab=\"6\" role=\"region\" aria-labelledby=\"elementor-tab-title-1066\"><p>La vostra merce \u00e8 assicurata automaticamente nella misura di 8,33 DSP\/kg. Ci\u00f2 corrisponde a circa 10\u00a0\u20ac per kg di peso lordo della merce. Questa assicurazione \u00e8 inclusa automaticamente per ogni trasporto.<\/p><\/div>\n\t\t\t\t<\/div>\n\t\t\t\t\t\t\t<div class=\"elementor-toggle-item\">\n\t\t\t\t\t<div id=\"elementor-tab-title-1067\" class=\"elementor-tab-title\" data-tab=\"7\" role=\"button\" aria-controls=\"elementor-tab-content-1067\" aria-expanded=\"false\">\n\t\t\t\t\t\t\t\t\t\t\t\t<span class=\"elementor-toggle-icon elementor-toggle-icon-left\" aria-hidden=\"true\">\n\t\t\t\t\t\t\t\t\t\t\t\t\t\t\t<span class=\"elementor-toggle-icon-closed\"><i class=\"fas fa-caret-right\"><\/i><\/span>\n\t\t\t\t\t\t\t\t<span class=\"elementor-toggle-icon-opened\"><i class=\"elementor-toggle-icon-opened fas fa-caret-up\"><\/i><\/span>\n\t\t\t\t\t\t\t\t\t\t\t\t\t<\/span>\n\t\t\t\t\t\t\t\t\t\t\t\t<a class=\"elementor-toggle-title\" tabindex=\"0\">\u00c8 possibile il caricamento laterale?<\/a>\n\t\t\t\t\t<\/div>\n\n\t\t\t\t\t<div id=\"elementor-tab-content-1067\" class=\"elementor-tab-content elementor-clearfix\" data-tab=\"7\" role=\"region\" aria-labelledby=\"elementor-tab-title-1067\"><p>\u00c8 possibile con alcuni tipi di veicoli come furgoni telonati, camion e autoarticolati. Tutti i veicoli possono essere caricati anche da dietro (caricamento posteriore).<\/p><\/div>\n\t\t\t\t<\/div>\n\t\t\t\t\t\t\t<div class=\"elementor-toggle-item\">\n\t\t\t\t\t<div id=\"elementor-tab-title-1068\" class=\"elementor-tab-title\" data-tab=\"8\" role=\"button\" aria-controls=\"elementor-tab-content-1068\" aria-expanded=\"false\">\n\t\t\t\t\t\t\t\t\t\t\t\t<span class=\"elementor-toggle-icon elementor-toggle-icon-left\" aria-hidden=\"true\">\n\t\t\t\t\t\t\t\t\t\t\t\t\t\t\t<span class=\"elementor-toggle-icon-closed\"><i class=\"fas fa-caret-right\"><\/i><\/span>\n\t\t\t\t\t\t\t\t<span class=\"elementor-toggle-icon-opened\"><i class=\"elementor-toggle-icon-opened fas fa-caret-up\"><\/i><\/span>\n\t\t\t\t\t\t\t\t\t\t\t\t\t<\/span>\n\t\t\t\t\t\t\t\t\t\t\t\t<a class=\"elementor-toggle-title\" tabindex=\"0\">\u00c8 possibile un caricamento dall\u2019alto\/tramite gru?<\/a>\n\t\t\t\t\t<\/div>\n\n\t\t\t\t\t<div id=\"elementor-tab-content-1068\" class=\"elementor-tab-content elementor-clearfix\" data-tab=\"8\" role=\"region\" aria-labelledby=\"elementor-tab-title-1068\"><p>\u00c8 possibile nel caso di camion. A tal fine, utilizzare l\u2019opzione Edscha (carico dal tetto).<\/p><\/div>\n\t\t\t\t<\/div>\n\t\t\t\t\t\t\t<div class=\"elementor-toggle-item\">\n\t\t\t\t\t<div id=\"elementor-tab-title-1069\" class=\"elementor-tab-title\" data-tab=\"9\" role=\"button\" aria-controls=\"elementor-tab-content-1069\" aria-expanded=\"false\">\n\t\t\t\t\t\t\t\t\t\t\t\t<span class=\"elementor-toggle-icon elementor-toggle-icon-left\" aria-hidden=\"true\">\n\t\t\t\t\t\t\t\t\t\t\t\t\t\t\t<span class=\"elementor-toggle-icon-closed\"><i class=\"fas fa-caret-right\"><\/i><\/span>\n\t\t\t\t\t\t\t\t<span class=\"elementor-toggle-icon-opened\"><i class=\"elementor-toggle-icon-opened fas fa-caret-up\"><\/i><\/span>\n\t\t\t\t\t\t\t\t\t\t\t\t\t<\/span>\n\t\t\t\t\t\t\t\t\t\t\t\t<a class=\"elementor-toggle-title\" tabindex=\"0\">Sar\u00f2 informato del ritiro?<\/a>\n\t\t\t\t\t<\/div>\n\n\t\t\t\t\t<div id=\"elementor-tab-content-1069\" class=\"elementor-tab-content elementor-clearfix\" data-tab=\"9\" role=\"region\" aria-labelledby=\"elementor-tab-title-1069\"><p>S\u00ec, verrete automaticamente informati via e-mail dell\u2019avvenuto ritiro.<\/p><\/div>\n\t\t\t\t<\/div>\n\t\t\t\t\t\t\t<div class=\"elementor-toggle-item\">\n\t\t\t\t\t<div id=\"elementor-tab-title-10610\" class=\"elementor-tab-title\" data-tab=\"10\" role=\"button\" aria-controls=\"elementor-tab-content-10610\" aria-expanded=\"false\">\n\t\t\t\t\t\t\t\t\t\t\t\t<span class=\"elementor-toggle-icon elementor-toggle-icon-left\" aria-hidden=\"true\">\n\t\t\t\t\t\t\t\t\t\t\t\t\t\t\t<span class=\"elementor-toggle-icon-closed\"><i class=\"fas fa-caret-right\"><\/i><\/span>\n\t\t\t\t\t\t\t\t<span class=\"elementor-toggle-icon-opened\"><i class=\"elementor-toggle-icon-opened fas fa-caret-up\"><\/i><\/span>\n\t\t\t\t\t\t\t\t\t\t\t\t\t<\/span>\n\t\t\t\t\t\t\t\t\t\t\t\t<a class=\"elementor-toggle-title\" tabindex=\"0\">Sar\u00f2 informato della consegna?<\/a>\n\t\t\t\t\t<\/div>\n\n\t\t\t\t\t<div id=\"elementor-tab-content-10610\" class=\"elementor-tab-content elementor-clearfix\" data-tab=\"10\" role=\"region\" aria-labelledby=\"elementor-tab-title-10610\"><p>S\u00ec, verrete automaticamente informati via e-mail dell\u2019avvenuta consegna.<\/p><\/div>\n\t\t\t\t<\/div>\n\t\t\t\t\t\t\t<div class=\"elementor-toggle-item\">\n\t\t\t\t\t<div id=\"elementor-tab-title-10611\" class=\"elementor-tab-title\" data-tab=\"11\" role=\"button\" aria-controls=\"elementor-tab-content-10611\" aria-expanded=\"false\">\n\t\t\t\t\t\t\t\t\t\t\t\t<span class=\"elementor-toggle-icon elementor-toggle-icon-left\" aria-hidden=\"true\">\n\t\t\t\t\t\t\t\t\t\t\t\t\t\t\t<span class=\"elementor-toggle-icon-closed\"><i class=\"fas fa-caret-right\"><\/i><\/span>\n\t\t\t\t\t\t\t\t<span class=\"elementor-toggle-icon-opened\"><i class=\"elementor-toggle-icon-opened fas fa-caret-up\"><\/i><\/span>\n\t\t\t\t\t\t\t\t\t\t\t\t\t<\/span>\n\t\t\t\t\t\t\t\t\t\t\t\t<a class=\"elementor-toggle-title\" tabindex=\"0\">Ricever\u00f2 una notifica di avvenuta consegna?<\/a>\n\t\t\t\t\t<\/div>\n\n\t\t\t\t\t<div id=\"elementor-tab-content-10611\" class=\"elementor-tab-content elementor-clearfix\" data-tab=\"11\" role=\"region\" aria-labelledby=\"elementor-tab-title-10611\"><p>S\u00ec, l\u2019avviso di rimessa viene effettuata di norma per telefono o e-mail ed \u00e8 gratuito. \u00c8 sufficiente inserire i dati di contatto del punto di carico e scarico durante la prenotazione.<\/p><\/div>\n\t\t\t\t<\/div>\n\t\t\t\t\t\t\t<div class=\"elementor-toggle-item\">\n\t\t\t\t\t<div id=\"elementor-tab-title-10612\" class=\"elementor-tab-title\" data-tab=\"12\" role=\"button\" aria-controls=\"elementor-tab-content-10612\" aria-expanded=\"false\">\n\t\t\t\t\t\t\t\t\t\t\t\t<span class=\"elementor-toggle-icon elementor-toggle-icon-left\" aria-hidden=\"true\">\n\t\t\t\t\t\t\t\t\t\t\t\t\t\t\t<span class=\"elementor-toggle-icon-closed\"><i class=\"fas fa-caret-right\"><\/i><\/span>\n\t\t\t\t\t\t\t\t<span class=\"elementor-toggle-icon-opened\"><i class=\"elementor-toggle-icon-opened fas fa-caret-up\"><\/i><\/span>\n\t\t\t\t\t\t\t\t\t\t\t\t\t<\/span>\n\t\t\t\t\t\t\t\t\t\t\t\t<a class=\"elementor-toggle-title\" tabindex=\"0\">Ho bisogno di un veicolo pi\u00f9 grande!<\/a>\n\t\t\t\t\t<\/div>\n\n\t\t\t\t\t<div id=\"elementor-tab-content-10612\" class=\"elementor-tab-content elementor-clearfix\" data-tab=\"12\" role=\"region\" aria-labelledby=\"elementor-tab-title-10612\"><p>Non disponiamo di veicoli pi\u00f9 grandi dell\u2019autoarticolato. Tuttavia, \u00e8 possibile commissionare pi\u00f9 veicoli.<\/p><\/div>\n\t\t\t\t<\/div>\n\t\t\t\t\t\t\t<div class=\"elementor-toggle-item\">\n\t\t\t\t\t<div id=\"elementor-tab-title-10613\" class=\"elementor-tab-title\" data-tab=\"13\" role=\"button\" aria-controls=\"elementor-tab-content-10613\" aria-expanded=\"false\">\n\t\t\t\t\t\t\t\t\t\t\t\t<span class=\"elementor-toggle-icon elementor-toggle-icon-left\" aria-hidden=\"true\">\n\t\t\t\t\t\t\t\t\t\t\t\t\t\t\t<span class=\"elementor-toggle-icon-closed\"><i class=\"fas fa-caret-right\"><\/i><\/span>\n\t\t\t\t\t\t\t\t<span class=\"elementor-toggle-icon-opened\"><i class=\"elementor-toggle-icon-opened fas fa-caret-up\"><\/i><\/span>\n\t\t\t\t\t\t\t\t\t\t\t\t\t<\/span>\n\t\t\t\t\t\t\t\t\t\t\t\t<a class=\"elementor-toggle-title\" tabindex=\"0\">Trasportate container marittimi?<\/a>\n\t\t\t\t\t<\/div>\n\n\t\t\t\t\t<div id=\"elementor-tab-content-10613\" class=\"elementor-tab-content elementor-clearfix\" data-tab=\"13\" role=\"region\" aria-labelledby=\"elementor-tab-title-10613\"><p>Non trasportiamo container marittimi.<\/p><\/div>\n\t\t\t\t<\/div>\n\t\t\t\t\t\t\t<div class=\"elementor-toggle-item\">\n\t\t\t\t\t<div id=\"elementor-tab-title-10614\" class=\"elementor-tab-title\" data-tab=\"14\" role=\"button\" aria-controls=\"elementor-tab-content-10614\" aria-expanded=\"false\">\n\t\t\t\t\t\t\t\t\t\t\t\t<span class=\"elementor-toggle-icon elementor-toggle-icon-left\" aria-hidden=\"true\">\n\t\t\t\t\t\t\t\t\t\t\t\t\t\t\t<span class=\"elementor-toggle-icon-closed\"><i class=\"fas fa-caret-right\"><\/i><\/span>\n\t\t\t\t\t\t\t\t<span class=\"elementor-toggle-icon-opened\"><i class=\"elementor-toggle-icon-opened fas fa-caret-up\"><\/i><\/span>\n\t\t\t\t\t\t\t\t\t\t\t\t\t<\/span>\n\t\t\t\t\t\t\t\t\t\t\t\t<a class=\"elementor-toggle-title\" tabindex=\"0\">Offrite trasporti via mare?<\/a>\n\t\t\t\t\t<\/div>\n\n\t\t\t\t\t<div id=\"elementor-tab-content-10614\" class=\"elementor-tab-content elementor-clearfix\" data-tab=\"14\" role=\"region\" aria-labelledby=\"elementor-tab-title-10614\"><p>Al momento offriamo solo trasporti su strada e per via aerea.<\/p><\/div>\n\t\t\t\t<\/div>\n\t\t\t\t\t\t\t<div class=\"elementor-toggle-item\">\n\t\t\t\t\t<div id=\"elementor-tab-title-10615\" class=\"elementor-tab-title\" data-tab=\"15\" role=\"button\" aria-controls=\"elementor-tab-content-10615\" aria-expanded=\"false\">\n\t\t\t\t\t\t\t\t\t\t\t\t<span class=\"elementor-toggle-icon elementor-toggle-icon-left\" aria-hidden=\"true\">\n\t\t\t\t\t\t\t\t\t\t\t\t\t\t\t<span class=\"elementor-toggle-icon-closed\"><i class=\"fas fa-caret-right\"><\/i><\/span>\n\t\t\t\t\t\t\t\t<span class=\"elementor-toggle-icon-opened\"><i class=\"elementor-toggle-icon-opened fas fa-caret-up\"><\/i><\/span>\n\t\t\t\t\t\t\t\t\t\t\t\t\t<\/span>\n\t\t\t\t\t\t\t\t\t\t\t\t<a class=\"elementor-toggle-title\" tabindex=\"0\">Trasportate veicoli (trasferimento di veicoli)?<\/a>\n\t\t\t\t\t<\/div>\n\n\t\t\t\t\t<div id=\"elementor-tab-content-10615\" class=\"elementor-tab-content elementor-clearfix\" data-tab=\"15\" role=\"region\" aria-labelledby=\"elementor-tab-title-10615\"><p>Non trasferiamo veicoli, nemmeno tramite traino.<\/p><\/div>\n\t\t\t\t<\/div>\n\t\t\t\t\t\t\t<div class=\"elementor-toggle-item\">\n\t\t\t\t\t<div id=\"elementor-tab-title-10616\" class=\"elementor-tab-title\" data-tab=\"16\" role=\"button\" aria-controls=\"elementor-tab-content-10616\" aria-expanded=\"false\">\n\t\t\t\t\t\t\t\t\t\t\t\t<span class=\"elementor-toggle-icon elementor-toggle-icon-left\" aria-hidden=\"true\">\n\t\t\t\t\t\t\t\t\t\t\t\t\t\t\t<span class=\"elementor-toggle-icon-closed\"><i class=\"fas fa-caret-right\"><\/i><\/span>\n\t\t\t\t\t\t\t\t<span class=\"elementor-toggle-icon-opened\"><i class=\"elementor-toggle-icon-opened fas fa-caret-up\"><\/i><\/span>\n\t\t\t\t\t\t\t\t\t\t\t\t\t<\/span>\n\t\t\t\t\t\t\t\t\t\t\t\t<a class=\"elementor-toggle-title\" tabindex=\"0\">Trasportate anche per via aerea?<\/a>\n\t\t\t\t\t<\/div>\n\n\t\t\t\t\t<div id=\"elementor-tab-content-10616\" class=\"elementor-tab-content elementor-clearfix\" data-tab=\"16\" role=\"region\" aria-labelledby=\"elementor-tab-title-10616\"><p>Per spedizioni particolarmente urgenti, offriamo anche soluzioni di trasporto aereo. Si prega di notare che in questo caso devono necessariamente avvenire trasbordi sull\u2019aereo. Per maggiori informazioni e per il modulo di richiesta cliccare\u00a0<a href=\"https:\/\/www.stex-gmbh.com\/it\/contatto\/\">qui<\/a>.<\/p><\/div>\n\t\t\t\t<\/div>\n\t\t\t\t\t\t\t<div class=\"elementor-toggle-item\">\n\t\t\t\t\t<div id=\"elementor-tab-title-10617\" class=\"elementor-tab-title\" data-tab=\"17\" role=\"button\" aria-controls=\"elementor-tab-content-10617\" aria-expanded=\"false\">\n\t\t\t\t\t\t\t\t\t\t\t\t<span class=\"elementor-toggle-icon elementor-toggle-icon-left\" aria-hidden=\"true\">\n\t\t\t\t\t\t\t\t\t\t\t\t\t\t\t<span class=\"elementor-toggle-icon-closed\"><i class=\"fas fa-caret-right\"><\/i><\/span>\n\t\t\t\t\t\t\t\t<span class=\"elementor-toggle-icon-opened\"><i class=\"elementor-toggle-icon-opened fas fa-caret-up\"><\/i><\/span>\n\t\t\t\t\t\t\t\t\t\t\t\t\t<\/span>\n\t\t\t\t\t\t\t\t\t\t\t\t<a class=\"elementor-toggle-title\" tabindex=\"0\">Sono possibili trasporti su isole o oltreoceano?<\/a>\n\t\t\t\t\t<\/div>\n\n\t\t\t\t\t<div id=\"elementor-tab-content-10617\" class=\"elementor-tab-content elementor-clearfix\" data-tab=\"17\" role=\"region\" aria-labelledby=\"elementor-tab-title-10617\"><p>S\u00ec, queste rotte sono tuttavia escluse dalle tariffe nel calcolatore dei prezzi. Generalmente, infatti, ci sono costi aggiuntivi per tunnel\/traghetto. Poich\u00e9 questi costi variano e dipendono sia dal momento della prenotazione, sia dalla stagione, possiamo comunicarvi questi costi solo dopo l\u2019incarico vincolante e la verifica. Siamo inoltre dipendenti dalla disponibilit\u00e0 dei traghetti per queste rotte, in caso di tempesta o di mancanza di corse effettuate dalle compagnie di traghetti, la consegna potrebbe essere ritardata. In ogni caso, vi informeremo tempestivamente sulla procedura prevista.<\/p><\/div>\n\t\t\t\t<\/div>\n\t\t\t\t\t\t\t<div class=\"elementor-toggle-item\">\n\t\t\t\t\t<div id=\"elementor-tab-title-10618\" class=\"elementor-tab-title\" data-tab=\"18\" role=\"button\" aria-controls=\"elementor-tab-content-10618\" aria-expanded=\"false\">\n\t\t\t\t\t\t\t\t\t\t\t\t<span class=\"elementor-toggle-icon elementor-toggle-icon-left\" aria-hidden=\"true\">\n\t\t\t\t\t\t\t\t\t\t\t\t\t\t\t<span class=\"elementor-toggle-icon-closed\"><i class=\"fas fa-caret-right\"><\/i><\/span>\n\t\t\t\t\t\t\t\t<span class=\"elementor-toggle-icon-opened\"><i class=\"elementor-toggle-icon-opened fas fa-caret-up\"><\/i><\/span>\n\t\t\t\t\t\t\t\t\t\t\t\t\t<\/span>\n\t\t\t\t\t\t\t\t\t\t\t\t<a class=\"elementor-toggle-title\" tabindex=\"0\">Trasportate lettere?<\/a>\n\t\t\t\t\t<\/div>\n\n\t\t\t\t\t<div id=\"elementor-tab-content-10618\" class=\"elementor-tab-content elementor-clearfix\" data-tab=\"18\" role=\"region\" aria-labelledby=\"elementor-tab-title-10618\"><p>S\u00ec, potete anche far trasportare lettere. Su richiesta, effettuiamo una consegna sicura nella cassetta delle lettere con foto\/video come prova o consegniamo la merce dietro firma.<\/p><\/div>\n\t\t\t\t<\/div>\n\t\t\t\t\t\t\t<div class=\"elementor-toggle-item\">\n\t\t\t\t\t<div id=\"elementor-tab-title-10619\" class=\"elementor-tab-title\" data-tab=\"19\" role=\"button\" aria-controls=\"elementor-tab-content-10619\" aria-expanded=\"false\">\n\t\t\t\t\t\t\t\t\t\t\t\t<span class=\"elementor-toggle-icon elementor-toggle-icon-left\" aria-hidden=\"true\">\n\t\t\t\t\t\t\t\t\t\t\t\t\t\t\t<span class=\"elementor-toggle-icon-closed\"><i class=\"fas fa-caret-right\"><\/i><\/span>\n\t\t\t\t\t\t\t\t<span class=\"elementor-toggle-icon-opened\"><i class=\"elementor-toggle-icon-opened fas fa-caret-up\"><\/i><\/span>\n\t\t\t\t\t\t\t\t\t\t\t\t\t<\/span>\n\t\t\t\t\t\t\t\t\t\t\t\t<a class=\"elementor-toggle-title\" tabindex=\"0\">Trasportate pacchi?<\/a>\n\t\t\t\t\t<\/div>\n\n\t\t\t\t\t<div id=\"elementor-tab-content-10619\" class=\"elementor-tab-content elementor-clearfix\" data-tab=\"19\" role=\"region\" aria-labelledby=\"elementor-tab-title-10619\"><p>Non siamo corrieri per i pacchi, ma possiamo anche trasportare pacchi nel caso di beni particolarmente preziosi, urgenti o delicati. Per il calcolo dei prezzi si prega di utilizzare il nostro\u00a0<a href=\"https:\/\/www.stex-gmbh.com\/it\/calcolatore-spedizione-express\/calc\">calcolatore dei prezzi<\/a>.<\/p><\/div>\n\t\t\t\t<\/div>\n\t\t\t\t\t\t\t<div class=\"elementor-toggle-item\">\n\t\t\t\t\t<div id=\"elementor-tab-title-10620\" class=\"elementor-tab-title\" data-tab=\"20\" role=\"button\" aria-controls=\"elementor-tab-content-10620\" aria-expanded=\"false\">\n\t\t\t\t\t\t\t\t\t\t\t\t<span class=\"elementor-toggle-icon elementor-toggle-icon-left\" aria-hidden=\"true\">\n\t\t\t\t\t\t\t\t\t\t\t\t\t\t\t<span class=\"elementor-toggle-icon-closed\"><i class=\"fas fa-caret-right\"><\/i><\/span>\n\t\t\t\t\t\t\t\t<span class=\"elementor-toggle-icon-opened\"><i class=\"elementor-toggle-icon-opened fas fa-caret-up\"><\/i><\/span>\n\t\t\t\t\t\t\t\t\t\t\t\t\t<\/span>\n\t\t\t\t\t\t\t\t\t\t\t\t<a class=\"elementor-toggle-title\" tabindex=\"0\">Sono possibili consegne e ritiro da\/per l\u2019estero?<\/a>\n\t\t\t\t\t<\/div>\n\n\t\t\t\t\t<div id=\"elementor-tab-content-10620\" class=\"elementor-tab-content elementor-clearfix\" data-tab=\"20\" role=\"region\" aria-labelledby=\"elementor-tab-title-10620\"><p>Certamente. Il nostro calcolatore dei prezzi copre attualmente la maggior parte dei paesi europei, nonch\u00e9 la Svizzera, il Regno Unito e la Turchia e pu\u00f2 essere utilizzato per effettuare un facile calcolo. Si prega di notare che, a seconda dell\u2019itinerario, possono essere applicati carichi utili diversi a seconda del veicolo. In linea di principio, \u00e8 anche possibile il trasporto in paesi terzi, ma attualmente offriamo lo sdoganamento solo in Svizzera, Regno Unito e Turchia. Se desiderate un trasporto in un paese terzo e sarete voi ad occuparvi dello sdoganamento, saremo lieti di trovare una soluzione adatta a voi.<\/p><\/div>\n\t\t\t\t<\/div>\n\t\t\t\t\t\t\t<div class=\"elementor-toggle-item\">\n\t\t\t\t\t<div id=\"elementor-tab-title-10621\" class=\"elementor-tab-title\" data-tab=\"21\" role=\"button\" aria-controls=\"elementor-tab-content-10621\" aria-expanded=\"false\">\n\t\t\t\t\t\t\t\t\t\t\t\t<span class=\"elementor-toggle-icon elementor-toggle-icon-left\" aria-hidden=\"true\">\n\t\t\t\t\t\t\t\t\t\t\t\t\t\t\t<span class=\"elementor-toggle-icon-closed\"><i class=\"fas fa-caret-right\"><\/i><\/span>\n\t\t\t\t\t\t\t\t<span class=\"elementor-toggle-icon-opened\"><i class=\"elementor-toggle-icon-opened fas fa-caret-up\"><\/i><\/span>\n\t\t\t\t\t\t\t\t\t\t\t\t\t<\/span>\n\t\t\t\t\t\t\t\t\t\t\t\t<a class=\"elementor-toggle-title\" tabindex=\"0\">L\u2019autista ha dovuto aspettare, quali sono i costi aggiuntivi?<\/a>\n\t\t\t\t\t<\/div>\n\n\t\t\t\t\t<div id=\"elementor-tab-content-10621\" class=\"elementor-tab-content elementor-clearfix\" data-tab=\"21\" role=\"region\" aria-labelledby=\"elementor-tab-title-10621\"><p>In linea di principio, un tempo di attesa fino a 60 minuti \u00e8 sempre gratuito e viene preso in considerazione anche nella pianificazione del percorso. In caso di tempi di attesa pi\u00f9 lunghi, i costi variano da 30 a 60 euro all\u2019ora, a seconda del tipo di veicolo. Per evitare tempi di attesa, vi invieremo automaticamente una notifica indicando la targa del veicolo. Vi possiamo avvisare anche in anticipo gratuitamente. Tutto ci\u00f2 di cui abbiamo bisogno \u00e8 il numero di telefono di una persona di contatto adatta. Ulteriori informazioni sono disponibili anche nelle nostre CGC.<\/p><\/div>\n\t\t\t\t<\/div>\n\t\t\t\t\t\t\t\t\t\t<script type=\"application\/ld+json\">{\"@context\":\"https:\\\/\\\/schema.org\",\"@type\":\"FAQPage\",\"mainEntity\":[{\"@type\":\"Question\",\"name\":\"Cosa succede in caso di cancellazione?\",\"acceptedAnswer\":{\"@type\":\"Answer\",\"text\":\"<p>In caso di cancellazione, si applicano costi in conformit\\u00e0 con le nostre CGC in vigore. Per rendere quantificabili per voi anche questi costi, offriamo inoltre un\\u2019assicurazione di annullamento del trasporto. Le informazioni sono disponibili al momento della prenotazione o nelle nostre CGC.<\\\/p>\"}},{\"@type\":\"Question\",\"name\":\"Il giorno di ritiro \\u00e8 arrivato un veicolo pi\\u00f9 grande di quanto richiesto, devo pagare di pi\\u00f9?\",\"acceptedAnswer\":{\"@type\":\"Answer\",\"text\":\"<p>No, nell\\u2019ambito della protezione ambientale e della pianificazione dei percorsi, a volte \\u00e8 pi\\u00f9 ecologico utilizzare un veicolo pi\\u00f9 grande. In questi casi, il prezzo di trasporto concordato rimane lo stesso.<\\\/p>\"}},{\"@type\":\"Question\",\"name\":\"Per il ritiro \\u00e8 apparso un veicolo pi\\u00f9 piccolo di quanto richiesto, devo pagare meno?\",\"acceptedAnswer\":{\"@type\":\"Answer\",\"text\":\"<p>No, nell\\u2019ambito della protezione ambientale e della pianificazione dei percorsi, a volte \\u00e8 pi\\u00f9 ecologico utilizzare un veicolo pi\\u00f9 piccolo, purch\\u00e9 sia in grado di trasportare la merce dichiarata. Occasionalmente mettiamo a disposizione anche veicoli con dimensioni speciali che non offriamo su tutto il territorio nazionale. In ogni caso, il prezzo di trasporto concordato rimane lo stesso.<\\\/p>\"}},{\"@type\":\"Question\",\"name\":\"Chi assicura la mia merce sul veicolo?\",\"acceptedAnswer\":{\"@type\":\"Answer\",\"text\":\"<p>L\\u2019autista si occupa del fissaggio del carico secondo i vostri desideri o nel miglior modo possibile. Ci\\u00f2 avviene principalmente con tappetini antiscivolo e cinghie di tensione, che fissano e proteggono efficacemente la merce. A seconda del tipo di veicolo, sono possibili anche altri tipi di fissaggio del carico.<\\\/p>\"}},{\"@type\":\"Question\",\"name\":\"\\u00c8 possibile aggiungere un\\u2019ulteriore assicurazione per la mia merce?\",\"acceptedAnswer\":{\"@type\":\"Answer\",\"text\":\"<p>In linea di principio, \\u00e8 possibile dotare la maggior parte dei tipi di merce di un\\u2019assicurazione aggiuntiva. I costi dipendono dal valore della merce che si desidera dotare di maggiore sicurezza, \\u00e8 possibile stipulare un\\u2019assicurazione durante il processo d\\u2019ordine e vedere i costi esatti. L\\u2019importo pu\\u00f2 essere scelto liberamente. Se il valore della merce supera i 250.000\\u00a0\\u20ac, vi preghiamo di contattarci prima di effettuare l\\u2019ordine o subito dopo (<a href=\\\"https:\\\/\\\/www.stex-gmbh.com\\\/it\\\/contatto\\\/\\\">contatti<\\\/a>).<\\\/p>\"}},{\"@type\":\"Question\",\"name\":\"Come \\u00e8 assicurata la mia merce?\",\"acceptedAnswer\":{\"@type\":\"Answer\",\"text\":\"<p>La vostra merce \\u00e8 assicurata automaticamente nella misura di 8,33 DSP\\\/kg. Ci\\u00f2 corrisponde a circa 10\\u00a0\\u20ac per kg di peso lordo della merce. Questa assicurazione \\u00e8 inclusa automaticamente per ogni trasporto.<\\\/p>\"}},{\"@type\":\"Question\",\"name\":\"\\u00c8 possibile il caricamento laterale?\",\"acceptedAnswer\":{\"@type\":\"Answer\",\"text\":\"<p>\\u00c8 possibile con alcuni tipi di veicoli come furgoni telonati, camion e autoarticolati. Tutti i veicoli possono essere caricati anche da dietro (caricamento posteriore).<\\\/p>\"}},{\"@type\":\"Question\",\"name\":\"\\u00c8 possibile un caricamento dall\\u2019alto\\\/tramite gru?\",\"acceptedAnswer\":{\"@type\":\"Answer\",\"text\":\"<p>\\u00c8 possibile nel caso di camion. A tal fine, utilizzare l\\u2019opzione Edscha (carico dal tetto).<\\\/p>\"}},{\"@type\":\"Question\",\"name\":\"Sar\\u00f2 informato del ritiro?\",\"acceptedAnswer\":{\"@type\":\"Answer\",\"text\":\"<p>S\\u00ec, verrete automaticamente informati via e-mail dell\\u2019avvenuto ritiro.<\\\/p>\"}},{\"@type\":\"Question\",\"name\":\"Sar\\u00f2 informato della consegna?\",\"acceptedAnswer\":{\"@type\":\"Answer\",\"text\":\"<p>S\\u00ec, verrete automaticamente informati via e-mail dell\\u2019avvenuta consegna.<\\\/p>\"}},{\"@type\":\"Question\",\"name\":\"Ricever\\u00f2 una notifica di avvenuta consegna?\",\"acceptedAnswer\":{\"@type\":\"Answer\",\"text\":\"<p>S\\u00ec, l\\u2019avviso di rimessa viene effettuata di norma per telefono o e-mail ed \\u00e8 gratuito. \\u00c8 sufficiente inserire i dati di contatto del punto di carico e scarico durante la prenotazione.<\\\/p>\"}},{\"@type\":\"Question\",\"name\":\"Ho bisogno di un veicolo pi\\u00f9 grande!\",\"acceptedAnswer\":{\"@type\":\"Answer\",\"text\":\"<p>Non disponiamo di veicoli pi\\u00f9 grandi dell\\u2019autoarticolato. Tuttavia, \\u00e8 possibile commissionare pi\\u00f9 veicoli.<\\\/p>\"}},{\"@type\":\"Question\",\"name\":\"Trasportate container marittimi?\",\"acceptedAnswer\":{\"@type\":\"Answer\",\"text\":\"<p>Non trasportiamo container marittimi.<\\\/p>\"}},{\"@type\":\"Question\",\"name\":\"Offrite trasporti via mare?\",\"acceptedAnswer\":{\"@type\":\"Answer\",\"text\":\"<p>Al momento offriamo solo trasporti su strada e per via aerea.<\\\/p>\"}},{\"@type\":\"Question\",\"name\":\"Trasportate veicoli (trasferimento di veicoli)?\",\"acceptedAnswer\":{\"@type\":\"Answer\",\"text\":\"<p>Non trasferiamo veicoli, nemmeno tramite traino.<\\\/p>\"}},{\"@type\":\"Question\",\"name\":\"Trasportate anche per via aerea?\",\"acceptedAnswer\":{\"@type\":\"Answer\",\"text\":\"<p>Per spedizioni particolarmente urgenti, offriamo anche soluzioni di trasporto aereo. Si prega di notare che in questo caso devono necessariamente avvenire trasbordi sull\\u2019aereo. Per maggiori informazioni e per il modulo di richiesta cliccare\\u00a0<a href=\\\"https:\\\/\\\/www.stex-gmbh.com\\\/it\\\/contatto\\\/\\\">qui<\\\/a>.<\\\/p>\"}},{\"@type\":\"Question\",\"name\":\"Sono possibili trasporti su isole o oltreoceano?\",\"acceptedAnswer\":{\"@type\":\"Answer\",\"text\":\"<p>S\\u00ec, queste rotte sono tuttavia escluse dalle tariffe nel calcolatore dei prezzi. Generalmente, infatti, ci sono costi aggiuntivi per tunnel\\\/traghetto. Poich\\u00e9 questi costi variano e dipendono sia dal momento della prenotazione, sia dalla stagione, possiamo comunicarvi questi costi solo dopo l\\u2019incarico vincolante e la verifica. Siamo inoltre dipendenti dalla disponibilit\\u00e0 dei traghetti per queste rotte, in caso di tempesta o di mancanza di corse effettuate dalle compagnie di traghetti, la consegna potrebbe essere ritardata. In ogni caso, vi informeremo tempestivamente sulla procedura prevista.<\\\/p>\"}},{\"@type\":\"Question\",\"name\":\"Trasportate lettere?\",\"acceptedAnswer\":{\"@type\":\"Answer\",\"text\":\"<p>S\\u00ec, potete anche far trasportare lettere. Su richiesta, effettuiamo una consegna sicura nella cassetta delle lettere con foto\\\/video come prova o consegniamo la merce dietro firma.<\\\/p>\"}},{\"@type\":\"Question\",\"name\":\"Trasportate pacchi?\",\"acceptedAnswer\":{\"@type\":\"Answer\",\"text\":\"<p>Non siamo corrieri per i pacchi, ma possiamo anche trasportare pacchi nel caso di beni particolarmente preziosi, urgenti o delicati. Per il calcolo dei prezzi si prega di utilizzare il nostro\\u00a0<a href=\\\"https:\\\/\\\/www.stex-gmbh.com\\\/it\\\/calcolatore-spedizione-express\\\/calc\\\">calcolatore dei prezzi<\\\/a>.<\\\/p>\"}},{\"@type\":\"Question\",\"name\":\"Sono possibili consegne e ritiro da\\\/per l\\u2019estero?\",\"acceptedAnswer\":{\"@type\":\"Answer\",\"text\":\"<p>Certamente. Il nostro calcolatore dei prezzi copre attualmente la maggior parte dei paesi europei, nonch\\u00e9 la Svizzera, il Regno Unito e la Turchia e pu\\u00f2 essere utilizzato per effettuare un facile calcolo. Si prega di notare che, a seconda dell\\u2019itinerario, possono essere applicati carichi utili diversi a seconda del veicolo. In linea di principio, \\u00e8 anche possibile il trasporto in paesi terzi, ma attualmente offriamo lo sdoganamento solo in Svizzera, Regno Unito e Turchia. Se desiderate un trasporto in un paese terzo e sarete voi ad occuparvi dello sdoganamento, saremo lieti di trovare una soluzione adatta a voi.<\\\/p>\"}},{\"@type\":\"Question\",\"name\":\"L\\u2019autista ha dovuto aspettare, quali sono i costi aggiuntivi?\",\"acceptedAnswer\":{\"@type\":\"Answer\",\"text\":\"<p>In linea di principio, un tempo di attesa fino a 60 minuti \\u00e8 sempre gratuito e viene preso in considerazione anche nella pianificazione del percorso. In caso di tempi di attesa pi\\u00f9 lunghi, i costi variano da 30 a 60 euro all\\u2019ora, a seconda del tipo di veicolo. Per evitare tempi di attesa, vi invieremo automaticamente una notifica indicando la targa del veicolo. Vi possiamo avvisare anche in anticipo gratuitamente. Tutto ci\\u00f2 di cui abbiamo bisogno \\u00e8 il numero di telefono di una persona di contatto adatta. Ulteriori informazioni sono disponibili anche nelle nostre CGC.<\\\/p>\"}}]}<\/script>\n\t\t\t\t\t<\/div>\n\t\t\t\t\t\t<\/div>\n\t\t\t\t\t<\/div>\n\t\t\t\t<\/div>\n\t\t\t\t\t<\/div>\n\t\t\t\t<\/div>\n\t\t<div class=\"elementor-element elementor-element-c5ba056 e-flex e-con-boxed e-con e-parent\" data-id=\"c5ba056\" data-element_type=\"container\" data-e-type=\"container\" data-settings=\"{&quot;background_background&quot;:&quot;classic&quot;}\">\n\t\t\t\t\t<div class=\"e-con-inner\">\n\t\t<div class=\"elementor-element elementor-element-cdee552 e-flex e-con-boxed e-con e-child\" data-id=\"cdee552\" data-element_type=\"container\" data-e-type=\"container\">\n\t\t\t\t\t<div class=\"e-con-inner\">\n\t\t\t\t<div class=\"elementor-element elementor-element-2b462c4 elementor-widget elementor-widget-heading\" data-id=\"2b462c4\" data-element_type=\"widget\" data-e-type=\"widget\" data-widget_type=\"heading.default\">\n\t\t\t\t\t<h2 class=\"elementor-heading-title elementor-size-default\">2. Veicoli e opzioni<\/h2>\t\t\t\t<\/div>\n\t\t\t\t\t<\/div>\n\t\t\t\t<\/div>\n\t\t<div class=\"elementor-element elementor-element-442b9d4 e-con-full e-flex e-con e-child\" data-id=\"442b9d4\" data-element_type=\"container\" data-e-type=\"container\">\n\t\t<div class=\"elementor-element elementor-element-c63db35 e-con-full e-flex e-con e-child\" data-id=\"c63db35\" data-element_type=\"container\" data-e-type=\"container\">\n\t\t\t\t<div class=\"elementor-element elementor-element-c4a6708 elementor-widget elementor-widget-text-editor\" data-id=\"c4a6708\" data-element_type=\"widget\" data-e-type=\"widget\" data-widget_type=\"text-editor.default\">\n\t\t\t\t\t\t\t\t\t<div class=\"av-special-heading av-2ofgut-abed1a034438b8263e07a16686745c05 av-special-heading-h3 blockquote modern-quote avia-builder-el-14 el_before_av_textblock avia-builder-el-first \"><div class=\"av-special-heading av-52dg5-a51edf488f54e6b3b94021d379fc0391 av-special-heading-h3 blockquote modern-quote avia-builder-el-38 el_before_av_textblock avia-builder-el-first \"><h3 class=\"av-special-heading-tag\">Quali veicoli vengono utilizzati?<\/h3><\/div><section class=\"av_textblock_section av-6dssa-13-b91d971bd8dbb90cde9690363c85c606 \"><div class=\"avia_textblock\"><p>\u00c8 possibile scegliere tra una variet\u00e0 di veicoli, dal caddy fino all\u2019autoarticolato. La superficie di carico pu\u00f2 variare da 170x110x120 cm fino a 1360x245x270 cm. Il carico utile possibile varia da 600\u00a0kg a 25.500 kg. Ulteriori informazioni sono disponibili nel nostro\u00a0<a href=\"https:\/\/www.stex-gmbh.com\/it\/calcolatore-spedizione-express\/calc\">calcolatore dei prezzi<\/a>.<\/p><\/div><\/section><div class=\"av-special-heading av-195set-a58f3cb64c2eab0397f3138a42c90447 av-special-heading-h3 blockquote modern-quote avia-builder-el-40 el_after_av_textblock el_before_av_textblock \"><h3 class=\"av-special-heading-tag\">\u00c8 possibile eseguire il caricamento dall\u2019alto?<\/h3><\/div><section class=\"av_textblock_section av-6dssa-8-46ea36a4a06663b4e353f1678b40713f \"><div class=\"avia_textblock\"><p>\u00c8 possibile con il camion. A tal fine, \u00e8 necessario selezionare l\u2019opzione Edscha (carico dal tetto).<\/p><div class=\"av-special-heading av-wri1x-2b310152dd8115476c5c7aaa8061aec4 av-special-heading-h3 blockquote modern-quote avia-builder-el-46 el_before_av_textblock avia-builder-el-first \"><h3 class=\"av-special-heading-tag\">Quanto pu\u00f2 essere lunga la mia merce?<\/h3><\/div><section class=\"av_textblock_section av-6dssa-6-9fc535391bf18307274bb52233db3a92 \"><div class=\"avia_textblock\"><p>In linea di principio, la spedizione pu\u00f2 essere lunga quanto la superficie di carico del veicolo prenotato. Ai sensi del \u00a7 22 del Codice della strada tedesco, la merce pu\u00f2 sporgere (con adeguata segnalazione) dalla parte posteriore del veicolo fino a 1,50\u00a0m, per brevi distanze (entro 100\u00a0km) anche fino a 3\u00a0m. Poich\u00e9 in questo caso non possiamo combinare il vostro carico con altro materiale, vi offriamo l\u2019opzione sporgenza per il furgone telonato.<\/p><h3>Ho bisogno di un veicolo con piattaforma di sollevamento!<\/h3><section class=\"av_textblock_section av-6dssa-1-9edf0bb56e6c3d612f58856280e4df85 \"><div class=\"avia_textblock\"><p>Le piattaforme di sollevamento possono essere prenotate come opzione aggiuntiva per il furgone telonato e il camion. Questi veicoli hanno anche automaticamente sempre un transpallet a bordo. Si prega di notare la riduzione del carico utile e della capacit\u00e0 di carico nei veicoli con piattaforma di sollevamento.<\/p><\/div><\/section><\/div><\/section><\/div><\/section><\/div>\t\t\t\t\t\t\t\t<\/div>\n\t\t\t\t<\/div>\n\t\t<div class=\"elementor-element elementor-element-11c04e2 e-con-full e-flex e-con e-child\" data-id=\"11c04e2\" data-element_type=\"container\" data-e-type=\"container\" data-settings=\"{&quot;background_background&quot;:&quot;classic&quot;}\">\n\t\t<div class=\"elementor-element elementor-element-3a0cc9d e-flex e-con-boxed e-con e-child\" data-id=\"3a0cc9d\" data-element_type=\"container\" data-e-type=\"container\">\n\t\t\t\t\t<div class=\"e-con-inner\">\n\t\t\t\t<div class=\"elementor-element elementor-element-863df15 elementor-widget elementor-widget-text-editor\" data-id=\"863df15\" data-element_type=\"widget\" data-e-type=\"widget\" data-widget_type=\"text-editor.default\">\n\t\t\t\t\t\t\t\t\t<div class=\"av-special-heading av-10k49h-a864201ca1e005f5e573c1c379f4c1f9 av-special-heading-h3 blockquote modern-quote avia-builder-el-43 el_before_av_textblock avia-builder-el-first \"><h3 class=\"av-special-heading-tag\">Quali opzioni si possono aggiungere?<\/h3><\/div><section class=\"av_textblock_section av-6dssa-7-360fb0bd3470cb74723e15dc3c57d701 \"><div class=\"avia_textblock\"><p>A seconda del tipo di veicolo selezionato, sono disponibili le seguenti opzioni:<\/p><\/div><\/section>\t\t\t\t\t\t\t\t<\/div>\n\t\t\t\t<div class=\"elementor-element elementor-element-f42c9de elementor-icon-list--layout-traditional elementor-list-item-link-full_width elementor-widget elementor-widget-icon-list\" data-id=\"f42c9de\" data-element_type=\"widget\" data-e-type=\"widget\" data-widget_type=\"icon-list.default\">\n\t\t\t\t\t\t\t<ul class=\"elementor-icon-list-items\">\n\t\t\t\t\t\t\t<li class=\"elementor-icon-list-item\">\n\t\t\t\t\t\t\t\t\t\t\t<span class=\"elementor-icon-list-icon\">\n\t\t\t\t\t\t\t<i aria-hidden=\"true\" class=\"fas fa-check-circle\"><\/i>\t\t\t\t\t\t<\/span>\n\t\t\t\t\t\t\t\t\t\t<span class=\"elementor-icon-list-text\">trasporto termico<\/span>\n\t\t\t\t\t\t\t\t\t<\/li>\n\t\t\t\t\t\t\t\t<li class=\"elementor-icon-list-item\">\n\t\t\t\t\t\t\t\t\t\t\t<span class=\"elementor-icon-list-icon\">\n\t\t\t\t\t\t\t<i aria-hidden=\"true\" class=\"fas fa-check-circle\"><\/i>\t\t\t\t\t\t<\/span>\n\t\t\t\t\t\t\t\t\t\t<span class=\"elementor-icon-list-text\">ADR (oltre 1000 punti)<\/span>\n\t\t\t\t\t\t\t\t\t<\/li>\n\t\t\t\t\t\t\t\t<li class=\"elementor-icon-list-item\">\n\t\t\t\t\t\t\t\t\t\t\t<span class=\"elementor-icon-list-icon\">\n\t\t\t\t\t\t\t<i aria-hidden=\"true\" class=\"fas fa-check-circle\"><\/i>\t\t\t\t\t\t<\/span>\n\t\t\t\t\t\t\t\t\t\t<span class=\"elementor-icon-list-text\">ADR (fino a 1000 punti)<\/span>\n\t\t\t\t\t\t\t\t\t<\/li>\n\t\t\t\t\t\t\t\t<li class=\"elementor-icon-list-item\">\n\t\t\t\t\t\t\t\t\t\t\t<span class=\"elementor-icon-list-icon\">\n\t\t\t\t\t\t\t<i aria-hidden=\"true\" class=\"fas fa-check-circle\"><\/i>\t\t\t\t\t\t<\/span>\n\t\t\t\t\t\t\t\t\t\t<span class=\"elementor-icon-list-text\">piattaforma di sollevamento<\/span>\n\t\t\t\t\t\t\t\t\t<\/li>\n\t\t\t\t\t\t\t\t<li class=\"elementor-icon-list-item\">\n\t\t\t\t\t\t\t\t\t\t\t<span class=\"elementor-icon-list-icon\">\n\t\t\t\t\t\t\t<i aria-hidden=\"true\" class=\"fas fa-check-circle\"><\/i>\t\t\t\t\t\t<\/span>\n\t\t\t\t\t\t\t\t\t\t<span class=\"elementor-icon-list-text\">sporgenza<\/span>\n\t\t\t\t\t\t\t\t\t<\/li>\n\t\t\t\t\t\t\t\t<li class=\"elementor-icon-list-item\">\n\t\t\t\t\t\t\t\t\t\t\t<span class=\"elementor-icon-list-icon\">\n\t\t\t\t\t\t\t<i aria-hidden=\"true\" class=\"fas fa-check-circle\"><\/i>\t\t\t\t\t\t<\/span>\n\t\t\t\t\t\t\t\t\t\t<span class=\"elementor-icon-list-text\">Edscha (carico dal tetto)<\/span>\n\t\t\t\t\t\t\t\t\t<\/li>\n\t\t\t\t\t\t<\/ul>\n\t\t\t\t\t\t<\/div>\n\t\t\t\t<div class=\"elementor-element elementor-element-d5a4b53 elementor-widget elementor-widget-text-editor\" data-id=\"d5a4b53\" data-element_type=\"widget\" data-e-type=\"widget\" data-widget_type=\"text-editor.default\">\n\t\t\t\t\t\t\t\t\t<p>Ulteriori informazioni sono disponibili nel nostro\u00a0<a href=\"https:\/\/www.stex-gmbh.com\/it\/calcolatore-spedizione-express\/calc\">calcolatore dei prezzi<\/a>.<\/p>\t\t\t\t\t\t\t\t<\/div>\n\t\t\t\t<div class=\"elementor-element elementor-element-08851e4 elementor-widget elementor-widget-text-editor\" data-id=\"08851e4\" data-element_type=\"widget\" data-e-type=\"widget\" data-widget_type=\"text-editor.default\">\n\t\t\t\t\t\t\t\t\t<div class=\"av-special-heading av-9dqt9-10ce88240a8a64fecce7bdcb52e47041 av-special-heading-h3 blockquote modern-quote avia-builder-el-17 el_before_av_textblock avia-builder-el-first \"><div class=\"av-special-heading av-qj7z9-e7a9e43dcbf2a743171976547d0a60ee av-special-heading-h3 blockquote modern-quote avia-builder-el-49 el_before_av_textblock avia-builder-el-first \"><h3 class=\"av-special-heading-tag\">Ho bisogno di un veicolo pi\u00f9 grande!<\/h3><\/div><section class=\"av_textblock_section av-6dssa-4-06a084158b92e7b9f0a0de600e9c9269 \"><div class=\"avia_textblock\"><p>Non disponiamo di veicoli pi\u00f9 grandi dell\u2019autoarticolato. Tuttavia, \u00e8 possibile commissionare pi\u00f9 veicoli. Contattateci qui inviandoci tutti i dettagli per e-mail.\u00a0 In alternativa, potete trovare il nostro <a href=\"https:\/\/www.stex-gmbh.com\/it\/contatto\/\">modulo di contatto<\/a> qui.<\/p><\/div><\/section><\/div>\t\t\t\t\t\t\t\t<\/div>\n\t\t\t\t\t<\/div>\n\t\t\t\t<\/div>\n\t\t\t\t<\/div>\n\t\t\t\t<\/div>\n\t\t\t\t\t<\/div>\n\t\t\t\t<\/div>\n\t\t<div class=\"elementor-element elementor-element-5f72553 e-flex e-con-boxed e-con e-parent\" data-id=\"5f72553\" data-element_type=\"container\" data-e-type=\"container\">\n\t\t\t\t\t<div class=\"e-con-inner\">\n\t\t<div class=\"elementor-element elementor-element-da21d8b e-flex e-con-boxed e-con e-child\" data-id=\"da21d8b\" data-element_type=\"container\" data-e-type=\"container\">\n\t\t\t\t\t<div class=\"e-con-inner\">\n\t\t\t\t<div class=\"elementor-element elementor-element-10a5b12 elementor-widget elementor-widget-heading\" data-id=\"10a5b12\" data-element_type=\"widget\" data-e-type=\"widget\" data-widget_type=\"heading.default\">\n\t\t\t\t\t<p class=\"elementor-heading-title elementor-size-default\">Altre domande e risposte sui veicoli e sulle opzioni:<\/p>\t\t\t\t<\/div>\n\t\t\t\t\t<\/div>\n\t\t\t\t<\/div>\n\t\t<div class=\"elementor-element elementor-element-742d3b7 e-flex e-con-boxed e-con e-child\" data-id=\"742d3b7\" data-element_type=\"container\" data-e-type=\"container\">\n\t\t\t\t\t<div class=\"e-con-inner\">\n\t\t\t\t<div class=\"elementor-element elementor-element-e509d50 elementor-widget elementor-widget-toggle\" data-id=\"e509d50\" data-element_type=\"widget\" data-e-type=\"widget\" data-widget_type=\"toggle.default\">\n\t\t\t\t\t\t\t<div class=\"elementor-toggle\">\n\t\t\t\t\t\t\t<div class=\"elementor-toggle-item\">\n\t\t\t\t\t<div id=\"elementor-tab-title-2401\" class=\"elementor-tab-title\" data-tab=\"1\" role=\"button\" aria-controls=\"elementor-tab-content-2401\" aria-expanded=\"false\">\n\t\t\t\t\t\t\t\t\t\t\t\t<span class=\"elementor-toggle-icon elementor-toggle-icon-left\" aria-hidden=\"true\">\n\t\t\t\t\t\t\t\t\t\t\t\t\t\t\t<span class=\"elementor-toggle-icon-closed\"><i class=\"fas fa-caret-right\"><\/i><\/span>\n\t\t\t\t\t\t\t\t<span class=\"elementor-toggle-icon-opened\"><i class=\"elementor-toggle-icon-opened fas fa-caret-up\"><\/i><\/span>\n\t\t\t\t\t\t\t\t\t\t\t\t\t<\/span>\n\t\t\t\t\t\t\t\t\t\t\t\t<a class=\"elementor-toggle-title\" tabindex=\"0\">\u00c8 possibile trasportare merci pericolose (ADR)?<\/a>\n\t\t\t\t\t<\/div>\n\n\t\t\t\t\t<div id=\"elementor-tab-content-2401\" class=\"elementor-tab-content elementor-clearfix\" data-tab=\"1\" role=\"region\" aria-labelledby=\"elementor-tab-title-2401\"><p>S\u00ec, \u00e8 possibile. Dobbiamo per\u00f2 distinguere tra merci pericolose con meno di 1000 punti ADR e merci pericolose con pi\u00f9 di 1000 punti ADR. Le merci pericolose al di sotto dei 1000 punti ADR possono avere ulteriori opzioni aggiuntive nel caso in cui vengano trasportate con furgoni, furgoni telonati, camion e autoarticolati. Le merci pericolose con pi\u00f9 di 1000 punti ADR possono avere ulteriori opzioni aggiuntive solo se trasportate con un camion o un autoarticolato. In ogni caso, vi preghiamo di fornirci almeno il numero ONU e la classe di merci pericolose durante la prenotazione. La soluzione migliore sarebbe quella di inviarci le schede di sicurezza dopo la prenotazione.<\/p>\n<\/div>\n\t\t\t\t<\/div>\n\t\t\t\t\t\t\t<div class=\"elementor-toggle-item\">\n\t\t\t\t\t<div id=\"elementor-tab-title-2402\" class=\"elementor-tab-title\" data-tab=\"2\" role=\"button\" aria-controls=\"elementor-tab-content-2402\" aria-expanded=\"false\">\n\t\t\t\t\t\t\t\t\t\t\t\t<span class=\"elementor-toggle-icon elementor-toggle-icon-left\" aria-hidden=\"true\">\n\t\t\t\t\t\t\t\t\t\t\t\t\t\t\t<span class=\"elementor-toggle-icon-closed\"><i class=\"fas fa-caret-right\"><\/i><\/span>\n\t\t\t\t\t\t\t\t<span class=\"elementor-toggle-icon-opened\"><i class=\"elementor-toggle-icon-opened fas fa-caret-up\"><\/i><\/span>\n\t\t\t\t\t\t\t\t\t\t\t\t\t<\/span>\n\t\t\t\t\t\t\t\t\t\t\t\t<a class=\"elementor-toggle-title\" tabindex=\"0\">A cosa bisogna prestare attenzione durante i trasporti per le fiere?<\/a>\n\t\t\t\t\t<\/div>\n\n\t\t\t\t\t<div id=\"elementor-tab-content-2402\" class=\"elementor-tab-content elementor-clearfix\" data-tab=\"2\" role=\"region\" aria-labelledby=\"elementor-tab-title-2402\"><p>Il trasporto per le fiera non \u00e8 un problema per il personale di guida qualificato STEX. Al momento dell\u2019ordine, si prega di assicurarsi di riportare tutte le informazioni tipiche e rilevanti. Queste di solito sono: padiglione\/stand\/persona di contatto con numero di telefono. Inoltre, di solito \u00e8 vantaggioso ordinare un veicolo con piattaforma di sollevamento e transpallet, in modo che il conducente possa caricare e scaricare la merce da solo. Alcuni organizzatori di fiere offrono anche un muletto in loco per svolgere questo compito. Poich\u00e9 per\u00f2 la disponibilit\u00e0 del muletto in loco varia da fiera a fiera, si prega di informarsi in anticipo.<\/p>\n<\/div>\n\t\t\t\t<\/div>\n\t\t\t\t\t\t\t<div class=\"elementor-toggle-item\">\n\t\t\t\t\t<div id=\"elementor-tab-title-2403\" class=\"elementor-tab-title\" data-tab=\"3\" role=\"button\" aria-controls=\"elementor-tab-content-2403\" aria-expanded=\"false\">\n\t\t\t\t\t\t\t\t\t\t\t\t<span class=\"elementor-toggle-icon elementor-toggle-icon-left\" aria-hidden=\"true\">\n\t\t\t\t\t\t\t\t\t\t\t\t\t\t\t<span class=\"elementor-toggle-icon-closed\"><i class=\"fas fa-caret-right\"><\/i><\/span>\n\t\t\t\t\t\t\t\t<span class=\"elementor-toggle-icon-opened\"><i class=\"elementor-toggle-icon-opened fas fa-caret-up\"><\/i><\/span>\n\t\t\t\t\t\t\t\t\t\t\t\t\t<\/span>\n\t\t\t\t\t\t\t\t\t\t\t\t<a class=\"elementor-toggle-title\" tabindex=\"0\">Ho bisogno di uno sdoganamento per la mia spedizione<\/a>\n\t\t\t\t\t<\/div>\n\n\t\t\t\t\t<div id=\"elementor-tab-content-2403\" class=\"elementor-tab-content elementor-clearfix\" data-tab=\"3\" role=\"region\" aria-labelledby=\"elementor-tab-title-2403\"><p>Nell\u2019ambito del trasporto di merci da o verso la Svizzera\/il Regno Unito e la Turchia, possiamo anche occuparci dello sdoganamento. Naturalmente, potete anche occuparvi personalmente dello sdoganamento e indicare il valico di frontiera.<\/p>\n<\/div>\n\t\t\t\t<\/div>\n\t\t\t\t\t\t\t<div class=\"elementor-toggle-item\">\n\t\t\t\t\t<div id=\"elementor-tab-title-2404\" class=\"elementor-tab-title\" data-tab=\"4\" role=\"button\" aria-controls=\"elementor-tab-content-2404\" aria-expanded=\"false\">\n\t\t\t\t\t\t\t\t\t\t\t\t<span class=\"elementor-toggle-icon elementor-toggle-icon-left\" aria-hidden=\"true\">\n\t\t\t\t\t\t\t\t\t\t\t\t\t\t\t<span class=\"elementor-toggle-icon-closed\"><i class=\"fas fa-caret-right\"><\/i><\/span>\n\t\t\t\t\t\t\t\t<span class=\"elementor-toggle-icon-opened\"><i class=\"elementor-toggle-icon-opened fas fa-caret-up\"><\/i><\/span>\n\t\t\t\t\t\t\t\t\t\t\t\t\t<\/span>\n\t\t\t\t\t\t\t\t\t\t\t\t<a class=\"elementor-toggle-title\" tabindex=\"0\">A cosa devo prestare attenzione nel caso di trasporti refrigerati?<\/a>\n\t\t\t\t\t<\/div>\n\n\t\t\t\t\t<div id=\"elementor-tab-content-2404\" class=\"elementor-tab-content elementor-clearfix\" data-tab=\"4\" role=\"region\" aria-labelledby=\"elementor-tab-title-2404\"><p>Vi preghiamo di comunicarci l\u2019intervallo di temperatura desiderato per i trasporti refrigerati. Poich\u00e9 la merce \u00e8 permanentemente refrigerata, \u00e8 molto importante ottimizzare i tempi esatti di ritiro e consegna, riducendo al minimo anche i vostri costi. I trasporti refrigerati sono selezionabili solo con i tipi di veicoli caddy e furgone.<\/p>\n<\/div>\n\t\t\t\t<\/div>\n\t\t\t\t\t\t\t<div class=\"elementor-toggle-item\">\n\t\t\t\t\t<div id=\"elementor-tab-title-2405\" class=\"elementor-tab-title\" data-tab=\"5\" role=\"button\" aria-controls=\"elementor-tab-content-2405\" aria-expanded=\"false\">\n\t\t\t\t\t\t\t\t\t\t\t\t<span class=\"elementor-toggle-icon elementor-toggle-icon-left\" aria-hidden=\"true\">\n\t\t\t\t\t\t\t\t\t\t\t\t\t\t\t<span class=\"elementor-toggle-icon-closed\"><i class=\"fas fa-caret-right\"><\/i><\/span>\n\t\t\t\t\t\t\t\t<span class=\"elementor-toggle-icon-opened\"><i class=\"elementor-toggle-icon-opened fas fa-caret-up\"><\/i><\/span>\n\t\t\t\t\t\t\t\t\t\t\t\t\t<\/span>\n\t\t\t\t\t\t\t\t\t\t\t\t<a class=\"elementor-toggle-title\" tabindex=\"0\">A cosa devo prestare attenzione per i trasporti con piattaforme di sollevamento?<\/a>\n\t\t\t\t\t<\/div>\n\n\t\t\t\t\t<div id=\"elementor-tab-content-2405\" class=\"elementor-tab-content elementor-clearfix\" data-tab=\"5\" role=\"region\" aria-labelledby=\"elementor-tab-title-2405\"><p>La piattaforma di sollevamento \u00e8 larga quanto il veicolo e ha una capacit\u00e0 di sollevamento massima di 600\u00a0kg per collo. Per i veicoli con piattaforma di sollevamento si applica un carico utile massimo ridotto a causa del peso della piattaforma. Per mezzo di una piattaforma di sollevamento e di un transpallet, la merce pu\u00f2 essere trasportata al livello del suolo, questo richiede quindi di percorrere solo brevi tratti a terra o di munirsi di un montacarichi di dimensioni adeguate.<\/p>\n<\/div>\n\t\t\t\t<\/div>\n\t\t\t\t\t\t\t<div class=\"elementor-toggle-item\">\n\t\t\t\t\t<div id=\"elementor-tab-title-2406\" class=\"elementor-tab-title\" data-tab=\"6\" role=\"button\" aria-controls=\"elementor-tab-content-2406\" aria-expanded=\"false\">\n\t\t\t\t\t\t\t\t\t\t\t\t<span class=\"elementor-toggle-icon elementor-toggle-icon-left\" aria-hidden=\"true\">\n\t\t\t\t\t\t\t\t\t\t\t\t\t\t\t<span class=\"elementor-toggle-icon-closed\"><i class=\"fas fa-caret-right\"><\/i><\/span>\n\t\t\t\t\t\t\t\t<span class=\"elementor-toggle-icon-opened\"><i class=\"elementor-toggle-icon-opened fas fa-caret-up\"><\/i><\/span>\n\t\t\t\t\t\t\t\t\t\t\t\t\t<\/span>\n\t\t\t\t\t\t\t\t\t\t\t\t<a class=\"elementor-toggle-title\" tabindex=\"0\">A cosa devo prestare attenzione nel caso di sporgenza?<\/a>\n\t\t\t\t\t<\/div>\n\n\t\t\t\t\t<div id=\"elementor-tab-content-2406\" class=\"elementor-tab-content elementor-clearfix\" data-tab=\"6\" role=\"region\" aria-labelledby=\"elementor-tab-title-2406\"><p>La sporgenza consente di spedire merci pi\u00f9 lunghe del veicolo desiderato. Poich\u00e9 la merce sporge dalla parte posteriore del veicolo, pu\u00f2 essere esposta alle intemperie (pioggia, neve). L\u2019imballaggio della merce deve essere scelto tenendo conto di queste circostanze. Questa opzione \u00e8 disponibile solo con il furgone telonato, riceverete ulteriori informazioni al momento della prenotazione.<\/p>\n<\/div>\n\t\t\t\t<\/div>\n\t\t\t\t\t\t\t<div class=\"elementor-toggle-item\">\n\t\t\t\t\t<div id=\"elementor-tab-title-2407\" class=\"elementor-tab-title\" data-tab=\"7\" role=\"button\" aria-controls=\"elementor-tab-content-2407\" aria-expanded=\"false\">\n\t\t\t\t\t\t\t\t\t\t\t\t<span class=\"elementor-toggle-icon elementor-toggle-icon-left\" aria-hidden=\"true\">\n\t\t\t\t\t\t\t\t\t\t\t\t\t\t\t<span class=\"elementor-toggle-icon-closed\"><i class=\"fas fa-caret-right\"><\/i><\/span>\n\t\t\t\t\t\t\t\t<span class=\"elementor-toggle-icon-opened\"><i class=\"elementor-toggle-icon-opened fas fa-caret-up\"><\/i><\/span>\n\t\t\t\t\t\t\t\t\t\t\t\t\t<\/span>\n\t\t\t\t\t\t\t\t\t\t\t\t<a class=\"elementor-toggle-title\" tabindex=\"0\">Ho bisogno di un veicolo con possibilit\u00e0 di essere dotato di rampa.<\/a>\n\t\t\t\t\t<\/div>\n\n\t\t\t\t\t<div id=\"elementor-tab-content-2407\" class=\"elementor-tab-content elementor-clearfix\" data-tab=\"7\" role=\"region\" aria-labelledby=\"elementor-tab-title-2407\"><p>Il nostro camion e l\u2019autoarticolato hanno la possibilit\u00e0 di essere dotati di rampa (altezza rampa 110 cm). Il furgone telonato e il furgone hanno un\u2019altezza di carico di 70-90 cm, a seconda del tipo di veicolo.<\/p>\n<\/div>\n\t\t\t\t<\/div>\n\t\t\t\t\t\t\t\t\t\t<script type=\"application\/ld+json\">{\"@context\":\"https:\\\/\\\/schema.org\",\"@type\":\"FAQPage\",\"mainEntity\":[{\"@type\":\"Question\",\"name\":\"\\u00c8 possibile trasportare merci pericolose (ADR)?\",\"acceptedAnswer\":{\"@type\":\"Answer\",\"text\":\"<p>S\\u00ec, \\u00e8 possibile. Dobbiamo per\\u00f2 distinguere tra merci pericolose con meno di 1000 punti ADR e merci pericolose con pi\\u00f9 di 1000 punti ADR. Le merci pericolose al di sotto dei 1000 punti ADR possono avere ulteriori opzioni aggiuntive nel caso in cui vengano trasportate con furgoni, furgoni telonati, camion e autoarticolati. Le merci pericolose con pi\\u00f9 di 1000 punti ADR possono avere ulteriori opzioni aggiuntive solo se trasportate con un camion o un autoarticolato. In ogni caso, vi preghiamo di fornirci almeno il numero ONU e la classe di merci pericolose durante la prenotazione. La soluzione migliore sarebbe quella di inviarci le schede di sicurezza dopo la prenotazione.<\\\/p>\\n\"}},{\"@type\":\"Question\",\"name\":\"A cosa bisogna prestare attenzione durante i trasporti per le fiere?\",\"acceptedAnswer\":{\"@type\":\"Answer\",\"text\":\"<p>Il trasporto per le fiera non \\u00e8 un problema per il personale di guida qualificato STEX. Al momento dell\\u2019ordine, si prega di assicurarsi di riportare tutte le informazioni tipiche e rilevanti. Queste di solito sono: padiglione\\\/stand\\\/persona di contatto con numero di telefono. Inoltre, di solito \\u00e8 vantaggioso ordinare un veicolo con piattaforma di sollevamento e transpallet, in modo che il conducente possa caricare e scaricare la merce da solo. Alcuni organizzatori di fiere offrono anche un muletto in loco per svolgere questo compito. Poich\\u00e9 per\\u00f2 la disponibilit\\u00e0 del muletto in loco varia da fiera a fiera, si prega di informarsi in anticipo.<\\\/p>\\n\"}},{\"@type\":\"Question\",\"name\":\"Ho bisogno di uno sdoganamento per la mia spedizione\",\"acceptedAnswer\":{\"@type\":\"Answer\",\"text\":\"<p>Nell\\u2019ambito del trasporto di merci da o verso la Svizzera\\\/il Regno Unito e la Turchia, possiamo anche occuparci dello sdoganamento. Naturalmente, potete anche occuparvi personalmente dello sdoganamento e indicare il valico di frontiera.<\\\/p>\\n\"}},{\"@type\":\"Question\",\"name\":\"A cosa devo prestare attenzione nel caso di trasporti refrigerati?\",\"acceptedAnswer\":{\"@type\":\"Answer\",\"text\":\"<p>Vi preghiamo di comunicarci l\\u2019intervallo di temperatura desiderato per i trasporti refrigerati. Poich\\u00e9 la merce \\u00e8 permanentemente refrigerata, \\u00e8 molto importante ottimizzare i tempi esatti di ritiro e consegna, riducendo al minimo anche i vostri costi. I trasporti refrigerati sono selezionabili solo con i tipi di veicoli caddy e furgone.<\\\/p>\\n\"}},{\"@type\":\"Question\",\"name\":\"A cosa devo prestare attenzione per i trasporti con piattaforme di sollevamento?\",\"acceptedAnswer\":{\"@type\":\"Answer\",\"text\":\"<p>La piattaforma di sollevamento \\u00e8 larga quanto il veicolo e ha una capacit\\u00e0 di sollevamento massima di 600\\u00a0kg per collo. Per i veicoli con piattaforma di sollevamento si applica un carico utile massimo ridotto a causa del peso della piattaforma. Per mezzo di una piattaforma di sollevamento e di un transpallet, la merce pu\\u00f2 essere trasportata al livello del suolo, questo richiede quindi di percorrere solo brevi tratti a terra o di munirsi di un montacarichi di dimensioni adeguate.<\\\/p>\\n\"}},{\"@type\":\"Question\",\"name\":\"A cosa devo prestare attenzione nel caso di sporgenza?\",\"acceptedAnswer\":{\"@type\":\"Answer\",\"text\":\"<p>La sporgenza consente di spedire merci pi\\u00f9 lunghe del veicolo desiderato. Poich\\u00e9 la merce sporge dalla parte posteriore del veicolo, pu\\u00f2 essere esposta alle intemperie (pioggia, neve). L\\u2019imballaggio della merce deve essere scelto tenendo conto di queste circostanze. Questa opzione \\u00e8 disponibile solo con il furgone telonato, riceverete ulteriori informazioni al momento della prenotazione.<\\\/p>\\n\"}},{\"@type\":\"Question\",\"name\":\"Ho bisogno di un veicolo con possibilit\\u00e0 di essere dotato di rampa.\",\"acceptedAnswer\":{\"@type\":\"Answer\",\"text\":\"<p>Il nostro camion e l\\u2019autoarticolato hanno la possibilit\\u00e0 di essere dotati di rampa (altezza rampa 110 cm). Il furgone telonato e il furgone hanno un\\u2019altezza di carico di 70-90 cm, a seconda del tipo di veicolo.<\\\/p>\\n\"}}]}<\/script>\n\t\t\t\t\t<\/div>\n\t\t\t\t\t\t<\/div>\n\t\t\t\t\t<\/div>\n\t\t\t\t<\/div>\n\t\t\t\t\t<\/div>\n\t\t\t\t<\/div>\n\t\t<div class=\"elementor-element elementor-element-7316b2d0 e-con-full e-flex e-con e-parent\" data-id=\"7316b2d0\" data-element_type=\"container\" data-e-type=\"container\" data-settings=\"{&quot;background_background&quot;:&quot;classic&quot;}\">\n\t\t\t\t<div class=\"elementor-element elementor-element-218fe3b2 elementor-cta--skin-cover elementor-animated-content elementor-bg-transform elementor-bg-transform-zoom-in elementor-widget elementor-widget-call-to-action\" data-id=\"218fe3b2\" data-element_type=\"widget\" data-e-type=\"widget\" data-widget_type=\"call-to-action.default\">\n\t\t\t\t\t\t\t<a class=\"elementor-cta\" href=\"https:\/\/www.stex-gmbh.com\/de\/kontakt\/\">\n\t\t\t\t\t<div class=\"elementor-cta__bg-wrapper\">\n\t\t\t\t<div class=\"elementor-cta__bg elementor-bg\" style=\"background-image: url(https:\/\/www.stex-gmbh.com\/wp-content\/uploads\/2023\/09\/noch_fragen-1024x325.jpg);\" role=\"img\" aria-label=\"noch_fragen\"><\/div>\n\t\t\t\t<div class=\"elementor-cta__bg-overlay\"><\/div>\n\t\t\t<\/div>\n\t\t\t\t\t\t\t<div class=\"elementor-cta__content\">\n\t\t\t\t\n\t\t\t\t\t\t\t\t\t<h2 class=\"elementor-cta__title elementor-cta__content-item elementor-content-item elementor-animated-item--grow\">\n\t\t\t\t\t\tAltre domande?\t\t\t\t\t<\/h2>\n\t\t\t\t\n\t\t\t\t\t\t\t\t\t<div class=\"elementor-cta__description elementor-cta__content-item elementor-content-item elementor-animated-item--grow\">\n\t\t\t\t\t\tContattate qui in qualsiasi momento il nostro personale esperto di trasporto, competente e cordiale, che sar\u00e0 disponibile ad aiutarvi.\n\n\t\t\t\t\t<\/div>\n\t\t\t\t\n\t\t\t\t\t\t\t\t\t<div class=\"elementor-cta__button-wrapper elementor-cta__content-item elementor-content-item elementor-animated-item--grow\">\n\t\t\t\t\t<span class=\"elementor-cta__button elementor-button elementor-size-\">\n\t\t\t\t\t\tContatti\t\t\t\t\t<\/span>\n\t\t\t\t\t<\/div>\n\t\t\t\t\t\t\t<\/div>\n\t\t\t\t\t\t<\/a>\n\t\t\t\t\t\t<\/div>\n\t\t\t\t<\/div>\n\t\t\t\t<\/div>","protected":false},"excerpt":{"rendered":"<p>FAQ Il nostro team di assistenza sar\u00e0 lieto di rispondere alle vostre domande Tutto ci\u00f2 che dovete sapere su STEX e le risposte alle domande frequenti che ci vengono poste. Contattateci Avete domande?Mettetevi in contatto con noi in qualsiasi momento! 1. Carico e trasporto Quanto \u00e8 veloce il ritiro? In genere, il ritiro avviene il [&hellip;]<\/p>\n","protected":false},"author":1,"featured_media":1663,"parent":0,"menu_order":0,"comment_status":"closed","ping_status":"closed","template":"elementor_header_footer","meta":{"inline_featured_image":false,"footnotes":""},"categories":[],"tags":[],"class_list":["post-16659","page","type-page","status-publish","has-post-thumbnail","hentry"],"_links":{"self":[{"href":"https:\/\/www.stex-gmbh.com\/it\/wp-json\/wp\/v2\/pages\/16659","targetHints":{"allow":["GET"]}}],"collection":[{"href":"https:\/\/www.stex-gmbh.com\/it\/wp-json\/wp\/v2\/pages"}],"about":[{"href":"https:\/\/www.stex-gmbh.com\/it\/wp-json\/wp\/v2\/types\/page"}],"author":[{"embeddable":true,"href":"https:\/\/www.stex-gmbh.com\/it\/wp-json\/wp\/v2\/users\/1"}],"replies":[{"embeddable":true,"href":"https:\/\/www.stex-gmbh.com\/it\/wp-json\/wp\/v2\/comments?post=16659"}],"version-history":[{"count":0,"href":"https:\/\/www.stex-gmbh.com\/it\/wp-json\/wp\/v2\/pages\/16659\/revisions"}],"wp:featuredmedia":[{"embeddable":true,"href":"https:\/\/www.stex-gmbh.com\/it\/wp-json\/wp\/v2\/media\/1663"}],"wp:attachment":[{"href":"https:\/\/www.stex-gmbh.com\/it\/wp-json\/wp\/v2\/media?parent=16659"}],"wp:term":[{"taxonomy":"category","embeddable":true,"href":"https:\/\/www.stex-gmbh.com\/it\/wp-json\/wp\/v2\/categories?post=16659"},{"taxonomy":"post_tag","embeddable":true,"href":"https:\/\/www.stex-gmbh.com\/it\/wp-json\/wp\/v2\/tags?post=16659"}],"curies":[{"name":"wp","href":"https:\/\/api.w.org\/{rel}","templated":true}]}}