{"id":1497,"date":"2023-09-22T09:16:38","date_gmt":"2023-09-22T07:16:38","guid":{"rendered":"https:\/\/www.stex-gmbh.com\/?page_id=1497"},"modified":"2025-11-04T12:01:56","modified_gmt":"2025-11-04T11:01:56","slug":"faq","status":"publish","type":"page","link":"https:\/\/www.stex-gmbh.com\/de\/faq\/","title":{"rendered":"FAQ"},"content":{"rendered":"<div data-elementor-type=\"wp-page\" data-elementor-id=\"1497\" class=\"elementor elementor-1497\" data-elementor-post-type=\"page\">\n\t\t\t\t<div class=\"elementor-element elementor-element-5f62b2ad e-flex e-con-boxed e-con e-parent\" data-id=\"5f62b2ad\" data-element_type=\"container\" data-e-type=\"container\">\n\t\t\t\t\t<div class=\"e-con-inner\">\n\t\t<div class=\"elementor-element elementor-element-3277440d e-con-full animated-slow e-flex elementor-invisible e-con e-child\" data-id=\"3277440d\" data-element_type=\"container\" data-e-type=\"container\" data-settings=\"{&quot;animation&quot;:&quot;fadeInLeft&quot;}\">\n\t\t\t\t<div class=\"elementor-element elementor-element-3130206a elementor-widget elementor-widget-heading\" data-id=\"3130206a\" data-element_type=\"widget\" data-e-type=\"widget\" data-widget_type=\"heading.default\">\n\t\t\t\t\t<h1 class=\"elementor-heading-title elementor-size-default\">FAQ<\/h1>\t\t\t\t<\/div>\n\t\t\t\t<div class=\"elementor-element elementor-element-899efd1 elementor-widget elementor-widget-heading\" data-id=\"899efd1\" data-element_type=\"widget\" data-e-type=\"widget\" data-widget_type=\"heading.default\">\n\t\t\t\t\t<h2 class=\"elementor-heading-title elementor-size-default\">Gerne beantwortet unser Service-Team Ihre Fragen<\/h2>\t\t\t\t<\/div>\n\t\t\t\t<div class=\"elementor-element elementor-element-d0cbc77 elementor-widget elementor-widget-text-editor\" data-id=\"d0cbc77\" data-element_type=\"widget\" data-e-type=\"widget\" data-widget_type=\"text-editor.default\">\n\t\t\t\t\t\t\t\t\t<p>Alles was Sie \u00fcber STEX wissen m\u00fcssen und welche h\u00e4ufig gestellten Fragen uns gestellt werden.<\/p>\t\t\t\t\t\t\t\t<\/div>\n\t\t<div class=\"elementor-element elementor-element-5ef07d4f e-flex e-con-boxed e-con e-child\" data-id=\"5ef07d4f\" data-element_type=\"container\" data-e-type=\"container\">\n\t\t\t\t\t<div class=\"e-con-inner\">\n\t\t\t\t<div class=\"elementor-element elementor-element-79bf225c elementor-widget elementor-widget-button\" data-id=\"79bf225c\" data-element_type=\"widget\" data-e-type=\"widget\" data-widget_type=\"button.default\">\n\t\t\t\t\t\t\t\t\t\t<a class=\"elementor-button elementor-button-link elementor-size-lg elementor-animation-grow\" href=\"https:\/\/www.stex-gmbh.com\/de\/kontakt\/\">\n\t\t\t\t\t\t<span class=\"elementor-button-content-wrapper\">\n\t\t\t\t\t\t<span class=\"elementor-button-icon\">\n\t\t\t\t<i aria-hidden=\"true\" class=\"far fa-arrow-alt-circle-right\"><\/i>\t\t\t<\/span>\n\t\t\t\t\t\t\t\t\t<span class=\"elementor-button-text\">Kontaktiere uns<\/span>\n\t\t\t\t\t<\/span>\n\t\t\t\t\t<\/a>\n\t\t\t\t\t\t\t\t<\/div>\n\t\t\t\t<div class=\"elementor-element elementor-element-3ca2bb97 elementor-widget elementor-widget-text-editor\" data-id=\"3ca2bb97\" data-element_type=\"widget\" data-e-type=\"widget\" data-widget_type=\"text-editor.default\">\n\t\t\t\t\t\t\t\t\t<p><strong>Du hast Fragen?<br \/><\/strong>Melde dich jederzeit!<\/p>\t\t\t\t\t\t\t\t<\/div>\n\t\t\t\t\t<\/div>\n\t\t\t\t<\/div>\n\t\t\t\t<\/div>\n\t\t<div class=\"elementor-element elementor-element-736183d1 e-con-full e-flex e-con e-child\" data-id=\"736183d1\" data-element_type=\"container\" data-e-type=\"container\">\n\t\t\t\t<div class=\"elementor-element elementor-element-2fc67a29 elementor-widget elementor-widget-image\" data-id=\"2fc67a29\" data-element_type=\"widget\" data-e-type=\"widget\" data-widget_type=\"image.default\">\n\t\t\t\t\t\t\t\t\t\t\t\t\t\t\t<img fetchpriority=\"high\" decoding=\"async\" width=\"800\" height=\"466\" src=\"https:\/\/www.stex-gmbh.com\/wp-content\/uploads\/2023\/09\/landingpage_hero_v3-1024x597.png\" class=\"attachment-large size-large wp-image-1663\" alt=\"\" srcset=\"https:\/\/www.stex-gmbh.com\/wp-content\/uploads\/2023\/09\/landingpage_hero_v3-1024x597.png 1024w, https:\/\/www.stex-gmbh.com\/wp-content\/uploads\/2023\/09\/landingpage_hero_v3-300x175.png 300w, https:\/\/www.stex-gmbh.com\/wp-content\/uploads\/2023\/09\/landingpage_hero_v3-768x448.png 768w, https:\/\/www.stex-gmbh.com\/wp-content\/uploads\/2023\/09\/landingpage_hero_v3.png 1100w\" sizes=\"(max-width: 800px) 100vw, 800px\" \/>\t\t\t\t\t\t\t\t\t\t\t\t\t\t\t<\/div>\n\t\t\t\t<\/div>\n\t\t\t\t\t<\/div>\n\t\t\t\t<\/div>\n\t\t<div class=\"elementor-element elementor-element-6aa11974 e-flex e-con-boxed e-con e-parent\" data-id=\"6aa11974\" data-element_type=\"container\" data-e-type=\"container\" data-settings=\"{&quot;background_background&quot;:&quot;classic&quot;}\">\n\t\t\t\t\t<div class=\"e-con-inner\">\n\t\t<div class=\"elementor-element elementor-element-4935791 e-flex e-con-boxed e-con e-child\" data-id=\"4935791\" data-element_type=\"container\" data-e-type=\"container\">\n\t\t\t\t\t<div class=\"e-con-inner\">\n\t\t\t\t<div class=\"elementor-element elementor-element-12df238f elementor-widget elementor-widget-heading\" data-id=\"12df238f\" data-element_type=\"widget\" data-e-type=\"widget\" data-widget_type=\"heading.default\">\n\t\t\t\t\t<h2 class=\"elementor-heading-title elementor-size-default\">1. Beladung und Bef\u00f6rderung<\/h2>\t\t\t\t<\/div>\n\t\t\t\t\t<\/div>\n\t\t\t\t<\/div>\n\t\t<div class=\"elementor-element elementor-element-2fc2113 e-con-full e-flex e-con e-child\" data-id=\"2fc2113\" data-element_type=\"container\" data-e-type=\"container\">\n\t\t<div class=\"elementor-element elementor-element-4443927a e-con-full e-flex e-con e-child\" data-id=\"4443927a\" data-element_type=\"container\" data-e-type=\"container\">\n\t\t\t\t<div class=\"elementor-element elementor-element-6d9fba00 elementor-widget elementor-widget-text-editor\" data-id=\"6d9fba00\" data-element_type=\"widget\" data-e-type=\"widget\" data-widget_type=\"text-editor.default\">\n\t\t\t\t\t\t\t\t\t<div class=\"av-special-heading av-2ofgut-abed1a034438b8263e07a16686745c05 av-special-heading-h3 blockquote modern-quote avia-builder-el-14 el_before_av_textblock avia-builder-el-first \"><h3 class=\"av-special-heading-tag\">Wie schnell erfolgt die Abholung?<\/h3><\/div><section class=\"av_textblock_section av-6dssa-c15142be92461209235c769a1ce07853 \"><div class=\"avia_textblock\"><p>Die Abholung erfolgt grunds\u00e4tzlich schnellstm\u00f6glich. Die Geschwindigkeit ist hier abh\u00e4ngig vom Fahrzeugtyp, den gew\u00fcnschten Upgrades, der Anfahrtszeit und der Verkehrssituation. Innerhalb Deutschlands erfolgt die Abholung durchschnittlich in ca. 60 Minuten je nach Fahrzeugtyp und Upgrades. Sie k\u00f6nnen auch gerne eine Abholung weit in der Zukunft beauftragen.<\/p><\/div><div class=\"av-special-heading av-2gb791-6ce7650a0057c715bfa9c16722c1c690 av-special-heading-h3 blockquote modern-quote avia-builder-el-20 el_before_av_textblock avia-builder-el-first \"><h3 class=\"av-special-heading-tag\">Wer bel\u00e4dt meine Ware?<\/h3><\/div><section class=\"av_textblock_section av-6dssa-20-cc43ad24e29154eef6e96e7ec503cd3f \"><div class=\"avia_textblock\"><p>Die Be- und Entladung ist grunds\u00e4tzlich Aufgabe der Be- und Entladestelle. F\u00fcr Palettenware k\u00f6nnen Sie auch ein Fahrzeug mit Hebeb\u00fchne und Hubwagen buchen, der Fahrer kann dann Paletten ohne fremde Hilfe beladen und entladen. Wir k\u00f6nnen Ihnen bei den Fahrzeugtypen Caddy und Transporter auch eine Be- oder Entladung per Hand anbieten, diese Option finden Sie w\u00e4hrend der Auftragserteilung. Beachten Sie bitte die jeweiligen Hinfweise im Preisrechner. Bitte kontaktieren Sie uns bei Fragen, wir beraten Sie gerne!<\/p><div class=\"av-special-heading av-249orp-62868c57091c8a53dd55463e7a9fbd30 av-special-heading-h3 blockquote modern-quote avia-builder-el-26 el_before_av_textblock avia-builder-el-first \"><h3 class=\"av-special-heading-tag\">Warum Direktfahrten?<\/h3><\/div><section class=\"av_textblock_section av-6dssa-16-392016ad614ef7c8fac12ff9e6f83e75 \"><div class=\"avia_textblock\"><p>Direktfahrten sind die sicherste Art, um Ihre Ware zu bef\u00f6rdern. Aufgrund des Verzichts auf Umschlagpl\u00e4tze wird das Besch\u00e4digungs- und Versp\u00e4tungsrisiko minimiert. Au\u00dferdem ist Ihre Ware permanent und individuell verfolgbar. So k\u00f6nnen Sie jederzeit \u00fcber Ihre Ware verf\u00fcgen und beispielsweise die Anlieferadresse \u00e4ndern oder bei Ablieferhindernissen reagieren.<\/p><\/div><\/section><\/div><\/section><\/section>\t\t\t\t\t\t\t\t<\/div>\n\t\t\t\t<\/div>\n\t\t<div class=\"elementor-element elementor-element-547029ca e-con-full e-flex e-con e-child\" data-id=\"547029ca\" data-element_type=\"container\" data-e-type=\"container\" data-settings=\"{&quot;background_background&quot;:&quot;classic&quot;}\">\n\t\t<div class=\"elementor-element elementor-element-477510c1 e-flex e-con-boxed e-con e-child\" data-id=\"477510c1\" data-element_type=\"container\" data-e-type=\"container\">\n\t\t\t\t\t<div class=\"e-con-inner\">\n\t\t\t\t<div class=\"elementor-element elementor-element-0c752ac elementor-widget elementor-widget-text-editor\" data-id=\"0c752ac\" data-element_type=\"widget\" data-e-type=\"widget\" data-widget_type=\"text-editor.default\">\n\t\t\t\t\t\t\t\t\t<div class=\"av-special-heading av-9dqt9-10ce88240a8a64fecce7bdcb52e47041 av-special-heading-h3 blockquote modern-quote  avia-builder-el-17  el_before_av_textblock  avia-builder-el-first \"><h3 class=\"av-special-heading-tag\">Wie schnell erfolgt die Lieferung?<\/h3><\/div><section class=\"av_textblock_section av-6dssa-22-7787803bec3f34bb2f2a67fe8c17f836 \"><div class=\"avia_textblock\"><p>Die Anlieferung erfolgt grunds\u00e4tzlich auf dem direkten Weg. Wir sind hier vor allem bei Langstrecken an die gesetzlichen Lenk- und Ruhezeiten gebunden. Gerne sch\u00e4tzen wir die gew\u00fcnschte Laufzeit unter Ber\u00fccksichtigung des gebuchten Fahrzeuges und der Verkehrs- und Wettersituation genauer ein. Da wir grunds\u00e4tzlich keine Zwischenlagerungen anbieten, ist es bei k\u00fcrzeren Strecken notwendig, direkt anzuliefern.<\/p><p>\u00a0<\/p><\/div><div class=\"flex_column av-23mkr6-19-40284b422cc98173e233ceaf2abbe05d av_one_half avia-builder-el-22 el_after_av_one_half el_before_av_one_half flex_column_div av-animated-generic bottom-to-top av-zero-column-padding column-top-margin avia_start_animation avia_start_delayed_animation\"><div class=\"av-special-heading av-28x0ot-06c8bb523aa2d1b6ef5bac24f81f5c4e av-special-heading-h3 blockquote modern-quote  avia-builder-el-23  el_before_av_textblock  avia-builder-el-first \"><h3 class=\"av-special-heading-tag\">Wie wird meine Sendung transportiert?<\/h3><\/div><section class=\"av_textblock_section av-6dssa-18-8f19cb3490779ba2168d17f36cc57477 \"><div class=\"avia_textblock\"><p>Ihre Sendung wird ausschlie\u00dflich per Direktfahrt ohne Umladung oder Zwischenlagerung transportiert. Beiladungen sind m\u00f6glich. Sollten Sie eine Solofahrt oder eine Zwischenlagerung w\u00fcnschen, kontaktieren Sie uns bitte direkt nach der Auftragserteilung oder vorab telefonisch und wir beraten Sie gerne!<\/p><p>\u00a0<\/p><\/div><div class=\"av-special-heading av-1vgu4t-d684f611f6f30f475d717bdc3932500a av-special-heading-h3 blockquote modern-quote  avia-builder-el-29  el_before_av_textblock  avia-builder-el-first \"><h3 class=\"av-special-heading-tag\">Wird meine Ware gestapelt?<\/h3><\/div><section class=\"av_textblock_section av-6dssa-14-f7fbe7f2fe1aa3d68d0122cfedebde02 \"><div class=\"avia_textblock\"><p>Grunds\u00e4tzlich nein, au\u00dfer Sie geben dies an. Je nach Art des Transportgutes w\u00e4re es leicht m\u00f6glich die Ware zu stapeln, dies verringert den ben\u00f6tigten Platzbedarf vor allem bei Kartons enorm und tr\u00e4gt sowohl zur Kostenersparnis als auch zum Umweltschutz bei.<\/p><\/div><\/section><\/section><\/div><div class=\"flex_column av-23mkr6-17-d99a9118a6d04665e70998b220381436 av_one_half avia-builder-el-25 el_after_av_one_half el_before_av_one_half first flex_column_div av-animated-generic bottom-to-top av-zero-column-padding column-top-margin avia_start_animation avia_start_delayed_animation\"><div class=\"av-special-heading av-249orp-62868c57091c8a53dd55463e7a9fbd30 av-special-heading-h3 blockquote modern-quote  avia-builder-el-26  el_before_av_textblock  avia-builder-el-first \">\u00a0<\/div><\/div><\/section>\t\t\t\t\t\t\t\t<\/div>\n\t\t\t\t\t<\/div>\n\t\t\t\t<\/div>\n\t\t\t\t<\/div>\n\t\t\t\t<\/div>\n\t\t\t\t\t<\/div>\n\t\t\t\t<\/div>\n\t\t<div class=\"elementor-element elementor-element-cc552a6 e-flex e-con-boxed e-con e-parent\" data-id=\"cc552a6\" data-element_type=\"container\" data-e-type=\"container\">\n\t\t\t\t\t<div class=\"e-con-inner\">\n\t\t<div class=\"elementor-element elementor-element-077044e e-flex e-con-boxed e-con e-child\" data-id=\"077044e\" data-element_type=\"container\" data-e-type=\"container\">\n\t\t\t\t\t<div class=\"e-con-inner\">\n\t\t\t\t<div class=\"elementor-element elementor-element-28ae790 elementor-widget elementor-widget-heading\" data-id=\"28ae790\" data-element_type=\"widget\" data-e-type=\"widget\" data-widget_type=\"heading.default\">\n\t\t\t\t\t<p class=\"elementor-heading-title elementor-size-default\">Weitere Fragen und Antworten zur Beladung und Bef\u00f6rderung:<\/p>\t\t\t\t<\/div>\n\t\t\t\t\t<\/div>\n\t\t\t\t<\/div>\n\t\t<div class=\"elementor-element elementor-element-338526c e-flex e-con-boxed e-con e-child\" data-id=\"338526c\" data-element_type=\"container\" data-e-type=\"container\">\n\t\t\t\t\t<div class=\"e-con-inner\">\n\t\t\t\t<div class=\"elementor-element elementor-element-65ae860 elementor-widget elementor-widget-toggle\" data-id=\"65ae860\" data-element_type=\"widget\" data-e-type=\"widget\" data-widget_type=\"toggle.default\">\n\t\t\t\t\t\t\t<div class=\"elementor-toggle\">\n\t\t\t\t\t\t\t<div class=\"elementor-toggle-item\">\n\t\t\t\t\t<div id=\"elementor-tab-title-1061\" class=\"elementor-tab-title\" data-tab=\"1\" role=\"button\" aria-controls=\"elementor-tab-content-1061\" aria-expanded=\"false\">\n\t\t\t\t\t\t\t\t\t\t\t\t<span class=\"elementor-toggle-icon elementor-toggle-icon-left\" aria-hidden=\"true\">\n\t\t\t\t\t\t\t\t\t\t\t\t\t\t\t<span class=\"elementor-toggle-icon-closed\"><i class=\"fas fa-caret-right\"><\/i><\/span>\n\t\t\t\t\t\t\t\t<span class=\"elementor-toggle-icon-opened\"><i class=\"elementor-toggle-icon-opened fas fa-caret-up\"><\/i><\/span>\n\t\t\t\t\t\t\t\t\t\t\t\t\t<\/span>\n\t\t\t\t\t\t\t\t\t\t\t\t<a class=\"elementor-toggle-title\" tabindex=\"0\">Was passiert im Falle einer Stornierung?<\/a>\n\t\t\t\t\t<\/div>\n\n\t\t\t\t\t<div id=\"elementor-tab-content-1061\" class=\"elementor-tab-content elementor-clearfix\" data-tab=\"1\" role=\"region\" aria-labelledby=\"elementor-tab-title-1061\"><p>Im Falle einer Stornierung fallen Kosten gem. unserer geltenden AGB an. Um auch diese Kosten f\u00fcr Sie kalkulierbar zu machen, bieten wir au\u00dferdem eine Transportr\u00fccktrittversicherung an. Die Informationen dazu finden Sie w\u00e4hrend der Buchung oder in unseren AGB.<\/p><\/div>\n\t\t\t\t<\/div>\n\t\t\t\t\t\t\t<div class=\"elementor-toggle-item\">\n\t\t\t\t\t<div id=\"elementor-tab-title-1062\" class=\"elementor-tab-title\" data-tab=\"2\" role=\"button\" aria-controls=\"elementor-tab-content-1062\" aria-expanded=\"false\">\n\t\t\t\t\t\t\t\t\t\t\t\t<span class=\"elementor-toggle-icon elementor-toggle-icon-left\" aria-hidden=\"true\">\n\t\t\t\t\t\t\t\t\t\t\t\t\t\t\t<span class=\"elementor-toggle-icon-closed\"><i class=\"fas fa-caret-right\"><\/i><\/span>\n\t\t\t\t\t\t\t\t<span class=\"elementor-toggle-icon-opened\"><i class=\"elementor-toggle-icon-opened fas fa-caret-up\"><\/i><\/span>\n\t\t\t\t\t\t\t\t\t\t\t\t\t<\/span>\n\t\t\t\t\t\t\t\t\t\t\t\t<a class=\"elementor-toggle-title\" tabindex=\"0\">Zur Abholung ist ein gr\u00f6\u00dferes Fahrzeug als beauftragt erschienen, muss ich jetzt mehr bezahlen?<\/a>\n\t\t\t\t\t<\/div>\n\n\t\t\t\t\t<div id=\"elementor-tab-content-1062\" class=\"elementor-tab-content elementor-clearfix\" data-tab=\"2\" role=\"region\" aria-labelledby=\"elementor-tab-title-1062\"><p>Nein \u2013 im Rahmen des Umweltschutzes und der Tourenplanung ist es manchmal \u00f6kologisch sinnvoller ein gr\u00f6\u00dferes Fahrzeug einzusetzen. Der angebotene Frachtpreis ist in diesem Fall weiterhin g\u00fcltig.<\/p><\/div>\n\t\t\t\t<\/div>\n\t\t\t\t\t\t\t<div class=\"elementor-toggle-item\">\n\t\t\t\t\t<div id=\"elementor-tab-title-1063\" class=\"elementor-tab-title\" data-tab=\"3\" role=\"button\" aria-controls=\"elementor-tab-content-1063\" aria-expanded=\"false\">\n\t\t\t\t\t\t\t\t\t\t\t\t<span class=\"elementor-toggle-icon elementor-toggle-icon-left\" aria-hidden=\"true\">\n\t\t\t\t\t\t\t\t\t\t\t\t\t\t\t<span class=\"elementor-toggle-icon-closed\"><i class=\"fas fa-caret-right\"><\/i><\/span>\n\t\t\t\t\t\t\t\t<span class=\"elementor-toggle-icon-opened\"><i class=\"elementor-toggle-icon-opened fas fa-caret-up\"><\/i><\/span>\n\t\t\t\t\t\t\t\t\t\t\t\t\t<\/span>\n\t\t\t\t\t\t\t\t\t\t\t\t<a class=\"elementor-toggle-title\" tabindex=\"0\">Zur Abholung ist ein kleineres Fahrzeug als beauftragt erschienen, muss ich jetzt weniger bezahlen?<\/a>\n\t\t\t\t\t<\/div>\n\n\t\t\t\t\t<div id=\"elementor-tab-content-1063\" class=\"elementor-tab-content elementor-clearfix\" data-tab=\"3\" role=\"region\" aria-labelledby=\"elementor-tab-title-1063\"><p>Nein \u2013 im Rahmen des Umweltschutzes und der Tourenplanung ist es manchmal \u00f6kologisch sinnvoller ein kleineres Fahrzeug einzusetzen solange dieses die angemeldete Ware transportieren kann. Vereinzelt gibt es auch Fahrzeuge mit Spezialabmessungen, die wir nicht fl\u00e4chendeckend anbieten. In jedem Fall ist der angebotene Frachtpreis auch weiterhin g\u00fcltig.<\/p><\/div>\n\t\t\t\t<\/div>\n\t\t\t\t\t\t\t<div class=\"elementor-toggle-item\">\n\t\t\t\t\t<div id=\"elementor-tab-title-1064\" class=\"elementor-tab-title\" data-tab=\"4\" role=\"button\" aria-controls=\"elementor-tab-content-1064\" aria-expanded=\"false\">\n\t\t\t\t\t\t\t\t\t\t\t\t<span class=\"elementor-toggle-icon elementor-toggle-icon-left\" aria-hidden=\"true\">\n\t\t\t\t\t\t\t\t\t\t\t\t\t\t\t<span class=\"elementor-toggle-icon-closed\"><i class=\"fas fa-caret-right\"><\/i><\/span>\n\t\t\t\t\t\t\t\t<span class=\"elementor-toggle-icon-opened\"><i class=\"elementor-toggle-icon-opened fas fa-caret-up\"><\/i><\/span>\n\t\t\t\t\t\t\t\t\t\t\t\t\t<\/span>\n\t\t\t\t\t\t\t\t\t\t\t\t<a class=\"elementor-toggle-title\" tabindex=\"0\">Wer sichert meine Ware auf dem Fahrzeug?<\/a>\n\t\t\t\t\t<\/div>\n\n\t\t\t\t\t<div id=\"elementor-tab-content-1064\" class=\"elementor-tab-content elementor-clearfix\" data-tab=\"4\" role=\"region\" aria-labelledby=\"elementor-tab-title-1064\"><p>Die Ladungssicherung \u00fcbernimmt der Fahrer nach Ihren W\u00fcnschen oder der bestm\u00f6glichen Art. Dies erfolgt prim\u00e4r mit Antirutschmatten und Spanngurten, die Ihre Ware effektiv fixieren und sch\u00fctzen. Je nach Fahrzeugart sind auch andere Arten der Ladungssicherung m\u00f6glich.<\/p><\/div>\n\t\t\t\t<\/div>\n\t\t\t\t\t\t\t<div class=\"elementor-toggle-item\">\n\t\t\t\t\t<div id=\"elementor-tab-title-1065\" class=\"elementor-tab-title\" data-tab=\"5\" role=\"button\" aria-controls=\"elementor-tab-content-1065\" aria-expanded=\"false\">\n\t\t\t\t\t\t\t\t\t\t\t\t<span class=\"elementor-toggle-icon elementor-toggle-icon-left\" aria-hidden=\"true\">\n\t\t\t\t\t\t\t\t\t\t\t\t\t\t\t<span class=\"elementor-toggle-icon-closed\"><i class=\"fas fa-caret-right\"><\/i><\/span>\n\t\t\t\t\t\t\t\t<span class=\"elementor-toggle-icon-opened\"><i class=\"elementor-toggle-icon-opened fas fa-caret-up\"><\/i><\/span>\n\t\t\t\t\t\t\t\t\t\t\t\t\t<\/span>\n\t\t\t\t\t\t\t\t\t\t\t\t<a class=\"elementor-toggle-title\" tabindex=\"0\">Kann ich meine Ware auch h\u00f6her versichern?<\/a>\n\t\t\t\t\t<\/div>\n\n\t\t\t\t\t<div id=\"elementor-tab-content-1065\" class=\"elementor-tab-content elementor-clearfix\" data-tab=\"5\" role=\"region\" aria-labelledby=\"elementor-tab-title-1065\"><p>Eine H\u00f6herversicherung ist grunds\u00e4tzlich f\u00fcr die meisten Warenarten m\u00f6glich. Die Kosten sind hier abh\u00e4ngig vom gew\u00fcnschten Warenwert, Sie k\u00f6nnen eine Versicherung w\u00e4hrend der Auftragserteilung abschlie\u00dfen und sehen dort auch die genauen Kosten. Die H\u00f6he k\u00f6nnen Sie frei w\u00e4hlen. Sollte der Warenwert 250.000 \u20ac \u00fcberschreiten kontaktieren Sie uns bitte vor oder direkt nach der Beauftragung (<a href=\"https:\/\/www.stex-gmbh.com\/de\/kontakt\/\">Kontakt<\/a>).<\/p><\/div>\n\t\t\t\t<\/div>\n\t\t\t\t\t\t\t<div class=\"elementor-toggle-item\">\n\t\t\t\t\t<div id=\"elementor-tab-title-1066\" class=\"elementor-tab-title\" data-tab=\"6\" role=\"button\" aria-controls=\"elementor-tab-content-1066\" aria-expanded=\"false\">\n\t\t\t\t\t\t\t\t\t\t\t\t<span class=\"elementor-toggle-icon elementor-toggle-icon-left\" aria-hidden=\"true\">\n\t\t\t\t\t\t\t\t\t\t\t\t\t\t\t<span class=\"elementor-toggle-icon-closed\"><i class=\"fas fa-caret-right\"><\/i><\/span>\n\t\t\t\t\t\t\t\t<span class=\"elementor-toggle-icon-opened\"><i class=\"elementor-toggle-icon-opened fas fa-caret-up\"><\/i><\/span>\n\t\t\t\t\t\t\t\t\t\t\t\t\t<\/span>\n\t\t\t\t\t\t\t\t\t\t\t\t<a class=\"elementor-toggle-title\" tabindex=\"0\">Wie ist meine Ware versichert?<\/a>\n\t\t\t\t\t<\/div>\n\n\t\t\t\t\t<div id=\"elementor-tab-content-1066\" class=\"elementor-tab-content elementor-clearfix\" data-tab=\"6\" role=\"region\" aria-labelledby=\"elementor-tab-title-1066\"><p>Ihre Ware ist automatisch mit 8,33 SZR\/ kg versichert. Dies entspricht umgerechnet in etwa 10 \u20ac je kg des Rohgewichts der Ware. Diese Versicherung ist automatisch bei jedem Transport dabei.<\/p><\/div>\n\t\t\t\t<\/div>\n\t\t\t\t\t\t\t<div class=\"elementor-toggle-item\">\n\t\t\t\t\t<div id=\"elementor-tab-title-1067\" class=\"elementor-tab-title\" data-tab=\"7\" role=\"button\" aria-controls=\"elementor-tab-content-1067\" aria-expanded=\"false\">\n\t\t\t\t\t\t\t\t\t\t\t\t<span class=\"elementor-toggle-icon elementor-toggle-icon-left\" aria-hidden=\"true\">\n\t\t\t\t\t\t\t\t\t\t\t\t\t\t\t<span class=\"elementor-toggle-icon-closed\"><i class=\"fas fa-caret-right\"><\/i><\/span>\n\t\t\t\t\t\t\t\t<span class=\"elementor-toggle-icon-opened\"><i class=\"elementor-toggle-icon-opened fas fa-caret-up\"><\/i><\/span>\n\t\t\t\t\t\t\t\t\t\t\t\t\t<\/span>\n\t\t\t\t\t\t\t\t\t\t\t\t<a class=\"elementor-toggle-title\" tabindex=\"0\">Ist eine Beladung von der Seite m\u00f6glich?<\/a>\n\t\t\t\t\t<\/div>\n\n\t\t\t\t\t<div id=\"elementor-tab-content-1067\" class=\"elementor-tab-content elementor-clearfix\" data-tab=\"7\" role=\"region\" aria-labelledby=\"elementor-tab-title-1067\"><p>Dies ist bei den Fahrzeugarten Planenbus, LKW sowie Sattelzug m\u00f6glich. Alle Fahrzeuge sind zus\u00e4tzlich auch von hinten (Heck) beladbar.<\/p><\/div>\n\t\t\t\t<\/div>\n\t\t\t\t\t\t\t<div class=\"elementor-toggle-item\">\n\t\t\t\t\t<div id=\"elementor-tab-title-1068\" class=\"elementor-tab-title\" data-tab=\"8\" role=\"button\" aria-controls=\"elementor-tab-content-1068\" aria-expanded=\"false\">\n\t\t\t\t\t\t\t\t\t\t\t\t<span class=\"elementor-toggle-icon elementor-toggle-icon-left\" aria-hidden=\"true\">\n\t\t\t\t\t\t\t\t\t\t\t\t\t\t\t<span class=\"elementor-toggle-icon-closed\"><i class=\"fas fa-caret-right\"><\/i><\/span>\n\t\t\t\t\t\t\t\t<span class=\"elementor-toggle-icon-opened\"><i class=\"elementor-toggle-icon-opened fas fa-caret-up\"><\/i><\/span>\n\t\t\t\t\t\t\t\t\t\t\t\t\t<\/span>\n\t\t\t\t\t\t\t\t\t\t\t\t<a class=\"elementor-toggle-title\" tabindex=\"0\">Ist eine Beladung von oben \/ per Kran m\u00f6glich?<\/a>\n\t\t\t\t\t<\/div>\n\n\t\t\t\t\t<div id=\"elementor-tab-content-1068\" class=\"elementor-tab-content elementor-clearfix\" data-tab=\"8\" role=\"region\" aria-labelledby=\"elementor-tab-title-1068\"><p>Dies ist beim LKW m\u00f6glich. Nutzen Sie hierf\u00fcr das Upgrade Edscha (Dachbeladung).<\/p><\/div>\n\t\t\t\t<\/div>\n\t\t\t\t\t\t\t<div class=\"elementor-toggle-item\">\n\t\t\t\t\t<div id=\"elementor-tab-title-1069\" class=\"elementor-tab-title\" data-tab=\"9\" role=\"button\" aria-controls=\"elementor-tab-content-1069\" aria-expanded=\"false\">\n\t\t\t\t\t\t\t\t\t\t\t\t<span class=\"elementor-toggle-icon elementor-toggle-icon-left\" aria-hidden=\"true\">\n\t\t\t\t\t\t\t\t\t\t\t\t\t\t\t<span class=\"elementor-toggle-icon-closed\"><i class=\"fas fa-caret-right\"><\/i><\/span>\n\t\t\t\t\t\t\t\t<span class=\"elementor-toggle-icon-opened\"><i class=\"elementor-toggle-icon-opened fas fa-caret-up\"><\/i><\/span>\n\t\t\t\t\t\t\t\t\t\t\t\t\t<\/span>\n\t\t\t\t\t\t\t\t\t\t\t\t<a class=\"elementor-toggle-title\" tabindex=\"0\">Werde ich \u00fcber die Abholung informiert?<\/a>\n\t\t\t\t\t<\/div>\n\n\t\t\t\t\t<div id=\"elementor-tab-content-1069\" class=\"elementor-tab-content elementor-clearfix\" data-tab=\"9\" role=\"region\" aria-labelledby=\"elementor-tab-title-1069\"><p>Ja, Sie werden automatisch per E-Mail \u00fcber die erfolgreiche Abholung informiert.<\/p><\/div>\n\t\t\t\t<\/div>\n\t\t\t\t\t\t\t<div class=\"elementor-toggle-item\">\n\t\t\t\t\t<div id=\"elementor-tab-title-10610\" class=\"elementor-tab-title\" data-tab=\"10\" role=\"button\" aria-controls=\"elementor-tab-content-10610\" aria-expanded=\"false\">\n\t\t\t\t\t\t\t\t\t\t\t\t<span class=\"elementor-toggle-icon elementor-toggle-icon-left\" aria-hidden=\"true\">\n\t\t\t\t\t\t\t\t\t\t\t\t\t\t\t<span class=\"elementor-toggle-icon-closed\"><i class=\"fas fa-caret-right\"><\/i><\/span>\n\t\t\t\t\t\t\t\t<span class=\"elementor-toggle-icon-opened\"><i class=\"elementor-toggle-icon-opened fas fa-caret-up\"><\/i><\/span>\n\t\t\t\t\t\t\t\t\t\t\t\t\t<\/span>\n\t\t\t\t\t\t\t\t\t\t\t\t<a class=\"elementor-toggle-title\" tabindex=\"0\">Werde ich \u00fcber die Zustellung informiert?<\/a>\n\t\t\t\t\t<\/div>\n\n\t\t\t\t\t<div id=\"elementor-tab-content-10610\" class=\"elementor-tab-content elementor-clearfix\" data-tab=\"10\" role=\"region\" aria-labelledby=\"elementor-tab-title-10610\"><p>Ja, Sie werden automatisch per E-Mail \u00fcber die erfolgreiche Zustellung informiert.<\/p><\/div>\n\t\t\t\t<\/div>\n\t\t\t\t\t\t\t<div class=\"elementor-toggle-item\">\n\t\t\t\t\t<div id=\"elementor-tab-title-10611\" class=\"elementor-tab-title\" data-tab=\"11\" role=\"button\" aria-controls=\"elementor-tab-content-10611\" aria-expanded=\"false\">\n\t\t\t\t\t\t\t\t\t\t\t\t<span class=\"elementor-toggle-icon elementor-toggle-icon-left\" aria-hidden=\"true\">\n\t\t\t\t\t\t\t\t\t\t\t\t\t\t\t<span class=\"elementor-toggle-icon-closed\"><i class=\"fas fa-caret-right\"><\/i><\/span>\n\t\t\t\t\t\t\t\t<span class=\"elementor-toggle-icon-opened\"><i class=\"elementor-toggle-icon-opened fas fa-caret-up\"><\/i><\/span>\n\t\t\t\t\t\t\t\t\t\t\t\t\t<\/span>\n\t\t\t\t\t\t\t\t\t\t\t\t<a class=\"elementor-toggle-title\" tabindex=\"0\">K\u00f6nnen Sie avisieren?<\/a>\n\t\t\t\t\t<\/div>\n\n\t\t\t\t\t<div id=\"elementor-tab-content-10611\" class=\"elementor-tab-content elementor-clearfix\" data-tab=\"11\" role=\"region\" aria-labelledby=\"elementor-tab-title-10611\"><p>Ja, eine Avisierung erfolgt standardm\u00e4\u00dfig per e-Mail und ist kostenfrei. Geben Sie hierzu einfach die entsprechenden Kontaktdaten der Be- und Entladestelle w\u00e4hrend der Buchung an. Eine telefonische Avisierung ist kostenpflichtig zubuchbar.<\/p><\/div>\n\t\t\t\t<\/div>\n\t\t\t\t\t\t\t<div class=\"elementor-toggle-item\">\n\t\t\t\t\t<div id=\"elementor-tab-title-10612\" class=\"elementor-tab-title\" data-tab=\"12\" role=\"button\" aria-controls=\"elementor-tab-content-10612\" aria-expanded=\"false\">\n\t\t\t\t\t\t\t\t\t\t\t\t<span class=\"elementor-toggle-icon elementor-toggle-icon-left\" aria-hidden=\"true\">\n\t\t\t\t\t\t\t\t\t\t\t\t\t\t\t<span class=\"elementor-toggle-icon-closed\"><i class=\"fas fa-caret-right\"><\/i><\/span>\n\t\t\t\t\t\t\t\t<span class=\"elementor-toggle-icon-opened\"><i class=\"elementor-toggle-icon-opened fas fa-caret-up\"><\/i><\/span>\n\t\t\t\t\t\t\t\t\t\t\t\t\t<\/span>\n\t\t\t\t\t\t\t\t\t\t\t\t<a class=\"elementor-toggle-title\" tabindex=\"0\">Ich ben\u00f6tige ein gr\u00f6\u00dferes Fahrzeug!<\/a>\n\t\t\t\t\t<\/div>\n\n\t\t\t\t\t<div id=\"elementor-tab-content-10612\" class=\"elementor-tab-content elementor-clearfix\" data-tab=\"12\" role=\"region\" aria-labelledby=\"elementor-tab-title-10612\"><p>Gr\u00f6\u00dfere Fahrzeuge als der Sattelzug stehen uns nicht zur Verf\u00fcgung. Sie k\u00f6nnen aber mehrere Fahrzeuge beauftragen.<\/p><\/div>\n\t\t\t\t<\/div>\n\t\t\t\t\t\t\t<div class=\"elementor-toggle-item\">\n\t\t\t\t\t<div id=\"elementor-tab-title-10613\" class=\"elementor-tab-title\" data-tab=\"13\" role=\"button\" aria-controls=\"elementor-tab-content-10613\" aria-expanded=\"false\">\n\t\t\t\t\t\t\t\t\t\t\t\t<span class=\"elementor-toggle-icon elementor-toggle-icon-left\" aria-hidden=\"true\">\n\t\t\t\t\t\t\t\t\t\t\t\t\t\t\t<span class=\"elementor-toggle-icon-closed\"><i class=\"fas fa-caret-right\"><\/i><\/span>\n\t\t\t\t\t\t\t\t<span class=\"elementor-toggle-icon-opened\"><i class=\"elementor-toggle-icon-opened fas fa-caret-up\"><\/i><\/span>\n\t\t\t\t\t\t\t\t\t\t\t\t\t<\/span>\n\t\t\t\t\t\t\t\t\t\t\t\t<a class=\"elementor-toggle-title\" tabindex=\"0\">Transportieren Sie (See)Container?<\/a>\n\t\t\t\t\t<\/div>\n\n\t\t\t\t\t<div id=\"elementor-tab-content-10613\" class=\"elementor-tab-content elementor-clearfix\" data-tab=\"13\" role=\"region\" aria-labelledby=\"elementor-tab-title-10613\"><p>Wir bef\u00f6rdern keine Seecontainer.<\/p><\/div>\n\t\t\t\t<\/div>\n\t\t\t\t\t\t\t<div class=\"elementor-toggle-item\">\n\t\t\t\t\t<div id=\"elementor-tab-title-10614\" class=\"elementor-tab-title\" data-tab=\"14\" role=\"button\" aria-controls=\"elementor-tab-content-10614\" aria-expanded=\"false\">\n\t\t\t\t\t\t\t\t\t\t\t\t<span class=\"elementor-toggle-icon elementor-toggle-icon-left\" aria-hidden=\"true\">\n\t\t\t\t\t\t\t\t\t\t\t\t\t\t\t<span class=\"elementor-toggle-icon-closed\"><i class=\"fas fa-caret-right\"><\/i><\/span>\n\t\t\t\t\t\t\t\t<span class=\"elementor-toggle-icon-opened\"><i class=\"elementor-toggle-icon-opened fas fa-caret-up\"><\/i><\/span>\n\t\t\t\t\t\t\t\t\t\t\t\t\t<\/span>\n\t\t\t\t\t\t\t\t\t\t\t\t<a class=\"elementor-toggle-title\" tabindex=\"0\">Bieten Sie Bef\u00f6rderungen per Seefracht an?<\/a>\n\t\t\t\t\t<\/div>\n\n\t\t\t\t\t<div id=\"elementor-tab-content-10614\" class=\"elementor-tab-content elementor-clearfix\" data-tab=\"14\" role=\"region\" aria-labelledby=\"elementor-tab-title-10614\"><p>Derzeit bieten wir nur Transporte auf der Stra\u00dfe und per Luftfracht an.<\/p><\/div>\n\t\t\t\t<\/div>\n\t\t\t\t\t\t\t<div class=\"elementor-toggle-item\">\n\t\t\t\t\t<div id=\"elementor-tab-title-10615\" class=\"elementor-tab-title\" data-tab=\"15\" role=\"button\" aria-controls=\"elementor-tab-content-10615\" aria-expanded=\"false\">\n\t\t\t\t\t\t\t\t\t\t\t\t<span class=\"elementor-toggle-icon elementor-toggle-icon-left\" aria-hidden=\"true\">\n\t\t\t\t\t\t\t\t\t\t\t\t\t\t\t<span class=\"elementor-toggle-icon-closed\"><i class=\"fas fa-caret-right\"><\/i><\/span>\n\t\t\t\t\t\t\t\t<span class=\"elementor-toggle-icon-opened\"><i class=\"elementor-toggle-icon-opened fas fa-caret-up\"><\/i><\/span>\n\t\t\t\t\t\t\t\t\t\t\t\t\t<\/span>\n\t\t\t\t\t\t\t\t\t\t\t\t<a class=\"elementor-toggle-title\" tabindex=\"0\">Transportieren Sie Fahrzeuge (Fahrzeug\u00fcberf\u00fchrungen)?<\/a>\n\t\t\t\t\t<\/div>\n\n\t\t\t\t\t<div id=\"elementor-tab-content-10615\" class=\"elementor-tab-content elementor-clearfix\" data-tab=\"15\" role=\"region\" aria-labelledby=\"elementor-tab-title-10615\"><p>Wie \u00fcberf\u00fchren keine Fahrzeuge, auch nicht per Kupplung.<\/p><\/div>\n\t\t\t\t<\/div>\n\t\t\t\t\t\t\t<div class=\"elementor-toggle-item\">\n\t\t\t\t\t<div id=\"elementor-tab-title-10616\" class=\"elementor-tab-title\" data-tab=\"16\" role=\"button\" aria-controls=\"elementor-tab-content-10616\" aria-expanded=\"false\">\n\t\t\t\t\t\t\t\t\t\t\t\t<span class=\"elementor-toggle-icon elementor-toggle-icon-left\" aria-hidden=\"true\">\n\t\t\t\t\t\t\t\t\t\t\t\t\t\t\t<span class=\"elementor-toggle-icon-closed\"><i class=\"fas fa-caret-right\"><\/i><\/span>\n\t\t\t\t\t\t\t\t<span class=\"elementor-toggle-icon-opened\"><i class=\"elementor-toggle-icon-opened fas fa-caret-up\"><\/i><\/span>\n\t\t\t\t\t\t\t\t\t\t\t\t\t<\/span>\n\t\t\t\t\t\t\t\t\t\t\t\t<a class=\"elementor-toggle-title\" tabindex=\"0\">Transportieren Sie auch per Luftfracht?<\/a>\n\t\t\t\t\t<\/div>\n\n\t\t\t\t\t<div id=\"elementor-tab-content-10616\" class=\"elementor-tab-content elementor-clearfix\" data-tab=\"16\" role=\"region\" aria-labelledby=\"elementor-tab-title-10616\"><p>F\u00fcr besonders eilige Sendungen bieten wir auch L\u00f6sungen per Luftfracht an. Bitte beachten Sie, dass in diesem Fall zwangsl\u00e4ufig Umladungen auf das Flugzeug stattfinden m\u00fcssen. F\u00fcr weitere Informationen und das Anfrageformular klicken Sie bitte\u00a0<a href=\"https:\/\/www.stex-gmbh.com\/de\/kontakt\/\">hier<\/a>.<\/p><\/div>\n\t\t\t\t<\/div>\n\t\t\t\t\t\t\t<div class=\"elementor-toggle-item\">\n\t\t\t\t\t<div id=\"elementor-tab-title-10617\" class=\"elementor-tab-title\" data-tab=\"17\" role=\"button\" aria-controls=\"elementor-tab-content-10617\" aria-expanded=\"false\">\n\t\t\t\t\t\t\t\t\t\t\t\t<span class=\"elementor-toggle-icon elementor-toggle-icon-left\" aria-hidden=\"true\">\n\t\t\t\t\t\t\t\t\t\t\t\t\t\t\t<span class=\"elementor-toggle-icon-closed\"><i class=\"fas fa-caret-right\"><\/i><\/span>\n\t\t\t\t\t\t\t\t<span class=\"elementor-toggle-icon-opened\"><i class=\"elementor-toggle-icon-opened fas fa-caret-up\"><\/i><\/span>\n\t\t\t\t\t\t\t\t\t\t\t\t\t<\/span>\n\t\t\t\t\t\t\t\t\t\t\t\t<a class=\"elementor-toggle-title\" tabindex=\"0\">Sind Transporte auf Inseln oder in \u00dcberseerelationen m\u00f6glich?<\/a>\n\t\t\t\t\t<\/div>\n\n\t\t\t\t\t<div id=\"elementor-tab-content-10617\" class=\"elementor-tab-content elementor-clearfix\" data-tab=\"17\" role=\"region\" aria-labelledby=\"elementor-tab-title-10617\"><p>Ja, diese Relationen sind allerdings von den Preisen im Preisrechner ausgenommen. Bitte beachten Sie au\u00dferdem das hier idR. zus\u00e4tzliche Kosten f\u00fcr Tunnel\/F\u00e4hre anfallen. Da diese Kosten schwanken und sowohl vom Zeitpunkt der Buchung als auch von der Saison abh\u00e4ngig sind, k\u00f6nnen wir Ihnen diese Kosten erst nach der verbindlichen Beauftragung und Pr\u00fcfung mitteilen. Wir sind bei diesen Relationen zudem abh\u00e4ngig von der Verf\u00fcgbarkeit der \u00dcberfahrten, bei Sturm oder nicht vorhandenen Kapazit\u00e4ten der F\u00e4hranbieter kann sich die Zustellung verz\u00f6gern. Wir informieren Sie in jedem Fall zeitnah \u00fcber den geplanten Ablauf.<\/p><\/div>\n\t\t\t\t<\/div>\n\t\t\t\t\t\t\t<div class=\"elementor-toggle-item\">\n\t\t\t\t\t<div id=\"elementor-tab-title-10618\" class=\"elementor-tab-title\" data-tab=\"18\" role=\"button\" aria-controls=\"elementor-tab-content-10618\" aria-expanded=\"false\">\n\t\t\t\t\t\t\t\t\t\t\t\t<span class=\"elementor-toggle-icon elementor-toggle-icon-left\" aria-hidden=\"true\">\n\t\t\t\t\t\t\t\t\t\t\t\t\t\t\t<span class=\"elementor-toggle-icon-closed\"><i class=\"fas fa-caret-right\"><\/i><\/span>\n\t\t\t\t\t\t\t\t<span class=\"elementor-toggle-icon-opened\"><i class=\"elementor-toggle-icon-opened fas fa-caret-up\"><\/i><\/span>\n\t\t\t\t\t\t\t\t\t\t\t\t\t<\/span>\n\t\t\t\t\t\t\t\t\t\t\t\t<a class=\"elementor-toggle-title\" tabindex=\"0\">Transportieren Sie Briefe?<\/a>\n\t\t\t\t\t<\/div>\n\n\t\t\t\t\t<div id=\"elementor-tab-content-10618\" class=\"elementor-tab-content elementor-clearfix\" data-tab=\"18\" role=\"region\" aria-labelledby=\"elementor-tab-title-10618\"><p>Ja, Sie k\u00f6nnen auch Briefe bef\u00f6rdern lassen. Auf Wunsch f\u00fchren wir eine rechtssichere Briefkastenzustellung mit Foto \/ Videobeweis durch oder stellen die Ware gegen Unterschrift zu.<\/p><\/div>\n\t\t\t\t<\/div>\n\t\t\t\t\t\t\t<div class=\"elementor-toggle-item\">\n\t\t\t\t\t<div id=\"elementor-tab-title-10619\" class=\"elementor-tab-title\" data-tab=\"19\" role=\"button\" aria-controls=\"elementor-tab-content-10619\" aria-expanded=\"false\">\n\t\t\t\t\t\t\t\t\t\t\t\t<span class=\"elementor-toggle-icon elementor-toggle-icon-left\" aria-hidden=\"true\">\n\t\t\t\t\t\t\t\t\t\t\t\t\t\t\t<span class=\"elementor-toggle-icon-closed\"><i class=\"fas fa-caret-right\"><\/i><\/span>\n\t\t\t\t\t\t\t\t<span class=\"elementor-toggle-icon-opened\"><i class=\"elementor-toggle-icon-opened fas fa-caret-up\"><\/i><\/span>\n\t\t\t\t\t\t\t\t\t\t\t\t\t<\/span>\n\t\t\t\t\t\t\t\t\t\t\t\t<a class=\"elementor-toggle-title\" tabindex=\"0\">Transportieren Sie Pakete?<\/a>\n\t\t\t\t\t<\/div>\n\n\t\t\t\t\t<div id=\"elementor-tab-content-10619\" class=\"elementor-tab-content elementor-clearfix\" data-tab=\"19\" role=\"region\" aria-labelledby=\"elementor-tab-title-10619\"><p>Wir sind kein Paketdienst, k\u00f6nnen jedoch auch Pakete bef\u00f6rdern. Dieses bietet sich f\u00fcr besonders wertvolle, eilige oder empfindliche G\u00fcter an. Zur Preisberechnung nutzen Sie bitte unseren\u00a0<a href=\"https:\/\/www.stex-gmbh.com\/de\/expressversand-kosten-preisrechner\/\">Preisrechner<\/a>.<\/p><\/div>\n\t\t\t\t<\/div>\n\t\t\t\t\t\t\t<div class=\"elementor-toggle-item\">\n\t\t\t\t\t<div id=\"elementor-tab-title-10620\" class=\"elementor-tab-title\" data-tab=\"20\" role=\"button\" aria-controls=\"elementor-tab-content-10620\" aria-expanded=\"false\">\n\t\t\t\t\t\t\t\t\t\t\t\t<span class=\"elementor-toggle-icon elementor-toggle-icon-left\" aria-hidden=\"true\">\n\t\t\t\t\t\t\t\t\t\t\t\t\t\t\t<span class=\"elementor-toggle-icon-closed\"><i class=\"fas fa-caret-right\"><\/i><\/span>\n\t\t\t\t\t\t\t\t<span class=\"elementor-toggle-icon-opened\"><i class=\"elementor-toggle-icon-opened fas fa-caret-up\"><\/i><\/span>\n\t\t\t\t\t\t\t\t\t\t\t\t\t<\/span>\n\t\t\t\t\t\t\t\t\t\t\t\t<a class=\"elementor-toggle-title\" tabindex=\"0\">Sind Zustellungen und Abholung ins\/aus dem Ausland m\u00f6glich?<\/a>\n\t\t\t\t\t<\/div>\n\n\t\t\t\t\t<div id=\"elementor-tab-content-10620\" class=\"elementor-tab-content elementor-clearfix\" data-tab=\"20\" role=\"region\" aria-labelledby=\"elementor-tab-title-10620\"><p>Dies ist in jedem Fall m\u00f6glich. Unser Preisrechner umfasst aktuell die meisten europ\u00e4ische L\u00e4nder sowie die Schweiz, Gro\u00dfbritannien und die T\u00fcrkei und kann zur einfachen Kalkulation von Ihnen genutzt werden. Bitte beachten Sie, dass hierbei je nach Relation ggf. andere Nutzlasten je Fahrzeug gelten. Ein Transport in Drittl\u00e4nder ist grunds\u00e4tzlich auch m\u00f6glich, jedoch bieten wir aktuell eine Verzollung nur in die Schweiz, Gro\u00dfbritannien und die T\u00fcrkei an. Sollten Sie einen Transport in ein Drittland w\u00fcnschen und die Verzollung selber regeln, finden wir gerne eine passende L\u00f6sung f\u00fcr Sie.<\/p><\/div>\n\t\t\t\t<\/div>\n\t\t\t\t\t\t\t<div class=\"elementor-toggle-item\">\n\t\t\t\t\t<div id=\"elementor-tab-title-10621\" class=\"elementor-tab-title\" data-tab=\"21\" role=\"button\" aria-controls=\"elementor-tab-content-10621\" aria-expanded=\"false\">\n\t\t\t\t\t\t\t\t\t\t\t\t<span class=\"elementor-toggle-icon elementor-toggle-icon-left\" aria-hidden=\"true\">\n\t\t\t\t\t\t\t\t\t\t\t\t\t\t\t<span class=\"elementor-toggle-icon-closed\"><i class=\"fas fa-caret-right\"><\/i><\/span>\n\t\t\t\t\t\t\t\t<span class=\"elementor-toggle-icon-opened\"><i class=\"elementor-toggle-icon-opened fas fa-caret-up\"><\/i><\/span>\n\t\t\t\t\t\t\t\t\t\t\t\t\t<\/span>\n\t\t\t\t\t\t\t\t\t\t\t\t<a class=\"elementor-toggle-title\" tabindex=\"0\">Der Fahrer musste warten, welche Kosten fallen an?<\/a>\n\t\t\t\t\t<\/div>\n\n\t\t\t\t\t<div id=\"elementor-tab-content-10621\" class=\"elementor-tab-content elementor-clearfix\" data-tab=\"21\" role=\"region\" aria-labelledby=\"elementor-tab-title-10621\"><p>Grunds\u00e4tzlich ist eine Wartezeit von bis zu 60 Minuten immer frei und auch bei der Tourenplanung ber\u00fccksichtigt. Sollte es zu l\u00e4ngeren Wartezeiten kommen, betragen die Kosten abh\u00e4ngig vom Fahrzeugtyp je angefangener Stunde zwischen 30 \u2013 60 Euro. Zur Vermeidung von Wartezeiten avisieren wir Ihnen das Kennzeichen automatisch. Auch avisieren wir gerne vorab kostenfrei. Hierzu ben\u00f6tigen wir nur einen entsprechenden Ansprechpartner mit Telefonnummer. Weitere Informationen hierzu finden Sie auch in unseren AGB.<\/p><\/div>\n\t\t\t\t<\/div>\n\t\t\t\t\t\t\t\t\t\t<script type=\"application\/ld+json\">{\"@context\":\"https:\\\/\\\/schema.org\",\"@type\":\"FAQPage\",\"mainEntity\":[{\"@type\":\"Question\",\"name\":\"Was passiert im Falle einer Stornierung?\",\"acceptedAnswer\":{\"@type\":\"Answer\",\"text\":\"<p>Im Falle einer Stornierung fallen Kosten gem. unserer geltenden AGB an. Um auch diese Kosten f\\u00fcr Sie kalkulierbar zu machen, bieten wir au\\u00dferdem eine Transportr\\u00fccktrittversicherung an. Die Informationen dazu finden Sie w\\u00e4hrend der Buchung oder in unseren AGB.<\\\/p>\"}},{\"@type\":\"Question\",\"name\":\"Zur Abholung ist ein gr\\u00f6\\u00dferes Fahrzeug als beauftragt erschienen, muss ich jetzt mehr bezahlen?\",\"acceptedAnswer\":{\"@type\":\"Answer\",\"text\":\"<p>Nein \\u2013 im Rahmen des Umweltschutzes und der Tourenplanung ist es manchmal \\u00f6kologisch sinnvoller ein gr\\u00f6\\u00dferes Fahrzeug einzusetzen. Der angebotene Frachtpreis ist in diesem Fall weiterhin g\\u00fcltig.<\\\/p>\"}},{\"@type\":\"Question\",\"name\":\"Zur Abholung ist ein kleineres Fahrzeug als beauftragt erschienen, muss ich jetzt weniger bezahlen?\",\"acceptedAnswer\":{\"@type\":\"Answer\",\"text\":\"<p>Nein \\u2013 im Rahmen des Umweltschutzes und der Tourenplanung ist es manchmal \\u00f6kologisch sinnvoller ein kleineres Fahrzeug einzusetzen solange dieses die angemeldete Ware transportieren kann. Vereinzelt gibt es auch Fahrzeuge mit Spezialabmessungen, die wir nicht fl\\u00e4chendeckend anbieten. In jedem Fall ist der angebotene Frachtpreis auch weiterhin g\\u00fcltig.<\\\/p>\"}},{\"@type\":\"Question\",\"name\":\"Wer sichert meine Ware auf dem Fahrzeug?\",\"acceptedAnswer\":{\"@type\":\"Answer\",\"text\":\"<p>Die Ladungssicherung \\u00fcbernimmt der Fahrer nach Ihren W\\u00fcnschen oder der bestm\\u00f6glichen Art. Dies erfolgt prim\\u00e4r mit Antirutschmatten und Spanngurten, die Ihre Ware effektiv fixieren und sch\\u00fctzen. Je nach Fahrzeugart sind auch andere Arten der Ladungssicherung m\\u00f6glich.<\\\/p>\"}},{\"@type\":\"Question\",\"name\":\"Kann ich meine Ware auch h\\u00f6her versichern?\",\"acceptedAnswer\":{\"@type\":\"Answer\",\"text\":\"<p>Eine H\\u00f6herversicherung ist grunds\\u00e4tzlich f\\u00fcr die meisten Warenarten m\\u00f6glich. Die Kosten sind hier abh\\u00e4ngig vom gew\\u00fcnschten Warenwert, Sie k\\u00f6nnen eine Versicherung w\\u00e4hrend der Auftragserteilung abschlie\\u00dfen und sehen dort auch die genauen Kosten. Die H\\u00f6he k\\u00f6nnen Sie frei w\\u00e4hlen. Sollte der Warenwert 250.000 \\u20ac \\u00fcberschreiten kontaktieren Sie uns bitte vor oder direkt nach der Beauftragung (<a href=\\\"https:\\\/\\\/www.stex-gmbh.com\\\/de\\\/kontakt\\\/\\\">Kontakt<\\\/a>).<\\\/p>\"}},{\"@type\":\"Question\",\"name\":\"Wie ist meine Ware versichert?\",\"acceptedAnswer\":{\"@type\":\"Answer\",\"text\":\"<p>Ihre Ware ist automatisch mit 8,33 SZR\\\/ kg versichert. Dies entspricht umgerechnet in etwa 10 \\u20ac je kg des Rohgewichts der Ware. Diese Versicherung ist automatisch bei jedem Transport dabei.<\\\/p>\"}},{\"@type\":\"Question\",\"name\":\"Ist eine Beladung von der Seite m\\u00f6glich?\",\"acceptedAnswer\":{\"@type\":\"Answer\",\"text\":\"<p>Dies ist bei den Fahrzeugarten Planenbus, LKW sowie Sattelzug m\\u00f6glich. Alle Fahrzeuge sind zus\\u00e4tzlich auch von hinten (Heck) beladbar.<\\\/p>\"}},{\"@type\":\"Question\",\"name\":\"Ist eine Beladung von oben \\\/ per Kran m\\u00f6glich?\",\"acceptedAnswer\":{\"@type\":\"Answer\",\"text\":\"<p>Dies ist beim LKW m\\u00f6glich. Nutzen Sie hierf\\u00fcr das Upgrade Edscha (Dachbeladung).<\\\/p>\"}},{\"@type\":\"Question\",\"name\":\"Werde ich \\u00fcber die Abholung informiert?\",\"acceptedAnswer\":{\"@type\":\"Answer\",\"text\":\"<p>Ja, Sie werden automatisch per E-Mail \\u00fcber die erfolgreiche Abholung informiert.<\\\/p>\"}},{\"@type\":\"Question\",\"name\":\"Werde ich \\u00fcber die Zustellung informiert?\",\"acceptedAnswer\":{\"@type\":\"Answer\",\"text\":\"<p>Ja, Sie werden automatisch per E-Mail \\u00fcber die erfolgreiche Zustellung informiert.<\\\/p>\"}},{\"@type\":\"Question\",\"name\":\"K\\u00f6nnen Sie avisieren?\",\"acceptedAnswer\":{\"@type\":\"Answer\",\"text\":\"<p>Ja, eine Avisierung erfolgt standardm\\u00e4\\u00dfig per e-Mail und ist kostenfrei. Geben Sie hierzu einfach die entsprechenden Kontaktdaten der Be- und Entladestelle w\\u00e4hrend der Buchung an. Eine telefonische Avisierung ist kostenpflichtig zubuchbar.<\\\/p>\"}},{\"@type\":\"Question\",\"name\":\"Ich ben\\u00f6tige ein gr\\u00f6\\u00dferes Fahrzeug!\",\"acceptedAnswer\":{\"@type\":\"Answer\",\"text\":\"<p>Gr\\u00f6\\u00dfere Fahrzeuge als der Sattelzug stehen uns nicht zur Verf\\u00fcgung. Sie k\\u00f6nnen aber mehrere Fahrzeuge beauftragen.<\\\/p>\"}},{\"@type\":\"Question\",\"name\":\"Transportieren Sie (See)Container?\",\"acceptedAnswer\":{\"@type\":\"Answer\",\"text\":\"<p>Wir bef\\u00f6rdern keine Seecontainer.<\\\/p>\"}},{\"@type\":\"Question\",\"name\":\"Bieten Sie Bef\\u00f6rderungen per Seefracht an?\",\"acceptedAnswer\":{\"@type\":\"Answer\",\"text\":\"<p>Derzeit bieten wir nur Transporte auf der Stra\\u00dfe und per Luftfracht an.<\\\/p>\"}},{\"@type\":\"Question\",\"name\":\"Transportieren Sie Fahrzeuge (Fahrzeug\\u00fcberf\\u00fchrungen)?\",\"acceptedAnswer\":{\"@type\":\"Answer\",\"text\":\"<p>Wie \\u00fcberf\\u00fchren keine Fahrzeuge, auch nicht per Kupplung.<\\\/p>\"}},{\"@type\":\"Question\",\"name\":\"Transportieren Sie auch per Luftfracht?\",\"acceptedAnswer\":{\"@type\":\"Answer\",\"text\":\"<p>F\\u00fcr besonders eilige Sendungen bieten wir auch L\\u00f6sungen per Luftfracht an. Bitte beachten Sie, dass in diesem Fall zwangsl\\u00e4ufig Umladungen auf das Flugzeug stattfinden m\\u00fcssen. F\\u00fcr weitere Informationen und das Anfrageformular klicken Sie bitte\\u00a0<a href=\\\"https:\\\/\\\/www.stex-gmbh.com\\\/de\\\/kontakt\\\/\\\">hier<\\\/a>.<\\\/p>\"}},{\"@type\":\"Question\",\"name\":\"Sind Transporte auf Inseln oder in \\u00dcberseerelationen m\\u00f6glich?\",\"acceptedAnswer\":{\"@type\":\"Answer\",\"text\":\"<p>Ja, diese Relationen sind allerdings von den Preisen im Preisrechner ausgenommen. Bitte beachten Sie au\\u00dferdem das hier idR. zus\\u00e4tzliche Kosten f\\u00fcr Tunnel\\\/F\\u00e4hre anfallen. Da diese Kosten schwanken und sowohl vom Zeitpunkt der Buchung als auch von der Saison abh\\u00e4ngig sind, k\\u00f6nnen wir Ihnen diese Kosten erst nach der verbindlichen Beauftragung und Pr\\u00fcfung mitteilen. Wir sind bei diesen Relationen zudem abh\\u00e4ngig von der Verf\\u00fcgbarkeit der \\u00dcberfahrten, bei Sturm oder nicht vorhandenen Kapazit\\u00e4ten der F\\u00e4hranbieter kann sich die Zustellung verz\\u00f6gern. Wir informieren Sie in jedem Fall zeitnah \\u00fcber den geplanten Ablauf.<\\\/p>\"}},{\"@type\":\"Question\",\"name\":\"Transportieren Sie Briefe?\",\"acceptedAnswer\":{\"@type\":\"Answer\",\"text\":\"<p>Ja, Sie k\\u00f6nnen auch Briefe bef\\u00f6rdern lassen. Auf Wunsch f\\u00fchren wir eine rechtssichere Briefkastenzustellung mit Foto \\\/ Videobeweis durch oder stellen die Ware gegen Unterschrift zu.<\\\/p>\"}},{\"@type\":\"Question\",\"name\":\"Transportieren Sie Pakete?\",\"acceptedAnswer\":{\"@type\":\"Answer\",\"text\":\"<p>Wir sind kein Paketdienst, k\\u00f6nnen jedoch auch Pakete bef\\u00f6rdern. Dieses bietet sich f\\u00fcr besonders wertvolle, eilige oder empfindliche G\\u00fcter an. Zur Preisberechnung nutzen Sie bitte unseren\\u00a0<a href=\\\"https:\\\/\\\/www.stex-gmbh.com\\\/de\\\/expressversand-kosten-preisrechner\\\/\\\">Preisrechner<\\\/a>.<\\\/p>\"}},{\"@type\":\"Question\",\"name\":\"Sind Zustellungen und Abholung ins\\\/aus dem Ausland m\\u00f6glich?\",\"acceptedAnswer\":{\"@type\":\"Answer\",\"text\":\"<p>Dies ist in jedem Fall m\\u00f6glich. Unser Preisrechner umfasst aktuell die meisten europ\\u00e4ische L\\u00e4nder sowie die Schweiz, Gro\\u00dfbritannien und die T\\u00fcrkei und kann zur einfachen Kalkulation von Ihnen genutzt werden. Bitte beachten Sie, dass hierbei je nach Relation ggf. andere Nutzlasten je Fahrzeug gelten. Ein Transport in Drittl\\u00e4nder ist grunds\\u00e4tzlich auch m\\u00f6glich, jedoch bieten wir aktuell eine Verzollung nur in die Schweiz, Gro\\u00dfbritannien und die T\\u00fcrkei an. Sollten Sie einen Transport in ein Drittland w\\u00fcnschen und die Verzollung selber regeln, finden wir gerne eine passende L\\u00f6sung f\\u00fcr Sie.<\\\/p>\"}},{\"@type\":\"Question\",\"name\":\"Der Fahrer musste warten, welche Kosten fallen an?\",\"acceptedAnswer\":{\"@type\":\"Answer\",\"text\":\"<p>Grunds\\u00e4tzlich ist eine Wartezeit von bis zu 60 Minuten immer frei und auch bei der Tourenplanung ber\\u00fccksichtigt. Sollte es zu l\\u00e4ngeren Wartezeiten kommen, betragen die Kosten abh\\u00e4ngig vom Fahrzeugtyp je angefangener Stunde zwischen 30 \\u2013 60 Euro. Zur Vermeidung von Wartezeiten avisieren wir Ihnen das Kennzeichen automatisch. Auch avisieren wir gerne vorab kostenfrei. Hierzu ben\\u00f6tigen wir nur einen entsprechenden Ansprechpartner mit Telefonnummer. Weitere Informationen hierzu finden Sie auch in unseren AGB.<\\\/p>\"}}]}<\/script>\n\t\t\t\t\t<\/div>\n\t\t\t\t\t\t<\/div>\n\t\t\t\t\t<\/div>\n\t\t\t\t<\/div>\n\t\t\t\t\t<\/div>\n\t\t\t\t<\/div>\n\t\t<div class=\"elementor-element elementor-element-c5ba056 e-flex e-con-boxed e-con e-parent\" data-id=\"c5ba056\" data-element_type=\"container\" data-e-type=\"container\" data-settings=\"{&quot;background_background&quot;:&quot;classic&quot;}\">\n\t\t\t\t\t<div class=\"e-con-inner\">\n\t\t<div class=\"elementor-element elementor-element-cdee552 e-flex e-con-boxed e-con e-child\" data-id=\"cdee552\" data-element_type=\"container\" data-e-type=\"container\">\n\t\t\t\t\t<div class=\"e-con-inner\">\n\t\t\t\t<div class=\"elementor-element elementor-element-2b462c4 elementor-widget elementor-widget-heading\" data-id=\"2b462c4\" data-element_type=\"widget\" data-e-type=\"widget\" data-widget_type=\"heading.default\">\n\t\t\t\t\t<h2 class=\"elementor-heading-title elementor-size-default\">2. Fahrzeuge und Upgrades<\/h2>\t\t\t\t<\/div>\n\t\t\t\t\t<\/div>\n\t\t\t\t<\/div>\n\t\t<div class=\"elementor-element elementor-element-442b9d4 e-con-full e-flex e-con e-child\" data-id=\"442b9d4\" data-element_type=\"container\" data-e-type=\"container\">\n\t\t<div class=\"elementor-element elementor-element-c63db35 e-con-full e-flex e-con e-child\" data-id=\"c63db35\" data-element_type=\"container\" data-e-type=\"container\">\n\t\t\t\t<div class=\"elementor-element elementor-element-c4a6708 elementor-widget elementor-widget-text-editor\" data-id=\"c4a6708\" data-element_type=\"widget\" data-e-type=\"widget\" data-widget_type=\"text-editor.default\">\n\t\t\t\t\t\t\t\t\t<div class=\"av-special-heading av-2ofgut-abed1a034438b8263e07a16686745c05 av-special-heading-h3 blockquote modern-quote avia-builder-el-14 el_before_av_textblock avia-builder-el-first \"><div class=\"av-special-heading av-52dg5-a51edf488f54e6b3b94021d379fc0391 av-special-heading-h3 blockquote modern-quote avia-builder-el-38 el_before_av_textblock avia-builder-el-first \"><h3 class=\"av-special-heading-tag\">Welche Fahrzeuge werden verwendet?<\/h3><\/div><section class=\"av_textblock_section av-6dssa-13-b91d971bd8dbb90cde9690363c85c606 \"><div class=\"avia_textblock\"><p>Sie haben eine Vielzahl an Fahrzeuge vom Caddy bis hin zum Sattelzug zur Auswahl. Die m\u00f6gliche Ladefl\u00e4che reicht von 170x110x120 cm bis hin zu 1360x245x270 cm. Die m\u00f6gliche Nutzlast reicht von 600 kg bis zu 25.500 kg. Weitere Informationen finden Sie in unserem\u00a0<a href=\"https:\/\/www.stex-gmbh.com\/de\/expressversand-kosten-preisrechner\/\">Preisrechner<\/a>.<\/p><\/div><\/section><div class=\"av-special-heading av-195set-a58f3cb64c2eab0397f3138a42c90447 av-special-heading-h3 blockquote modern-quote avia-builder-el-40 el_after_av_textblock el_before_av_textblock \"><h3 class=\"av-special-heading-tag\">Ist eine Beladung von oben m\u00f6glich?<\/h3><\/div><section class=\"av_textblock_section av-6dssa-8-46ea36a4a06663b4e353f1678b40713f \"><div class=\"avia_textblock\"><p>Dies ist beim LKW m\u00f6glich. Nutzen Sie hierf\u00fcr das Upgrade Edscha (Dachbeladung).<\/p><div class=\"av-special-heading av-wri1x-2b310152dd8115476c5c7aaa8061aec4 av-special-heading-h3 blockquote modern-quote avia-builder-el-46 el_before_av_textblock avia-builder-el-first \"><h3 class=\"av-special-heading-tag\">Wie lang darf meine Sendung sein?<\/h3><\/div><section class=\"av_textblock_section av-6dssa-6-9fc535391bf18307274bb52233db3a92 \"><div class=\"avia_textblock\"><p>Grunds\u00e4tzlich darf Ihre Sendung so lang wie die Ladefl\u00e4che des gebuchten Fahrzeugs sein. Gem\u00e4\u00df \u00a7 22 StVO darf die Ware (bei entsprechender Kennzeichnung) hinten bis 1,50 m aus dem Fahrzeug ragen \u2013 bei Kurzstrecken (innerhalb von 100 km) sogar bis 3 m. Da wir in so einem Fall Ihre Fracht nicht kombinieren k\u00f6nnen bieten wir Ihnen das Upgrade f\u00fcr \u00dcberhang beim Fahrzeugtyp Planenbus an.<\/p><h3>Ich ben\u00f6tige ein Fahrzeug mit Hebeb\u00fchne!<\/h3><section class=\"av_textblock_section av-6dssa-1-9edf0bb56e6c3d612f58856280e4df85 \"><div class=\"avia_textblock\"><p>Hebeb\u00fchnen k\u00f6nnen beim Planenbus und beim LKW als Upgrade gebucht werden. Diese Fahrzeuge haben auch automatisch immer einen Hubwagen an Bord. Bitte beachten Sie die verminderte Nutzlast und Ladekapazit\u00e4t bei Hebeb\u00fchnenfahrzeugen.<\/p><\/div><\/section><\/div><\/section><\/div><\/section><\/div>\t\t\t\t\t\t\t\t<\/div>\n\t\t\t\t<\/div>\n\t\t<div class=\"elementor-element elementor-element-11c04e2 e-con-full e-flex e-con e-child\" data-id=\"11c04e2\" data-element_type=\"container\" data-e-type=\"container\" data-settings=\"{&quot;background_background&quot;:&quot;classic&quot;}\">\n\t\t<div class=\"elementor-element elementor-element-3a0cc9d e-flex e-con-boxed e-con e-child\" data-id=\"3a0cc9d\" data-element_type=\"container\" data-e-type=\"container\">\n\t\t\t\t\t<div class=\"e-con-inner\">\n\t\t\t\t<div class=\"elementor-element elementor-element-863df15 elementor-widget elementor-widget-text-editor\" data-id=\"863df15\" data-element_type=\"widget\" data-e-type=\"widget\" data-widget_type=\"text-editor.default\">\n\t\t\t\t\t\t\t\t\t<div class=\"av-special-heading av-10k49h-a864201ca1e005f5e573c1c379f4c1f9 av-special-heading-h3 blockquote modern-quote  avia-builder-el-43  el_before_av_textblock  avia-builder-el-first \"><h3 class=\"av-special-heading-tag\">Welche Upgrades gibt es?<\/h3><\/div><section class=\"av_textblock_section av-6dssa-7-360fb0bd3470cb74723e15dc3c57d701 \"><div class=\"avia_textblock\"><p>Abh\u00e4ngig vom gew\u00e4hlten Fahrzeugtyp stehen Ihnen folgende Upgrades zur Verf\u00fcgung:<\/p><\/div><\/section>\t\t\t\t\t\t\t\t<\/div>\n\t\t\t\t<div class=\"elementor-element elementor-element-f42c9de elementor-icon-list--layout-traditional elementor-list-item-link-full_width elementor-widget elementor-widget-icon-list\" data-id=\"f42c9de\" data-element_type=\"widget\" data-e-type=\"widget\" data-widget_type=\"icon-list.default\">\n\t\t\t\t\t\t\t<ul class=\"elementor-icon-list-items\">\n\t\t\t\t\t\t\t<li class=\"elementor-icon-list-item\">\n\t\t\t\t\t\t\t\t\t\t\t<span class=\"elementor-icon-list-icon\">\n\t\t\t\t\t\t\t<i aria-hidden=\"true\" class=\"fas fa-check-circle\"><\/i>\t\t\t\t\t\t<\/span>\n\t\t\t\t\t\t\t\t\t\t<span class=\"elementor-icon-list-text\">Thermo<\/span>\n\t\t\t\t\t\t\t\t\t<\/li>\n\t\t\t\t\t\t\t\t<li class=\"elementor-icon-list-item\">\n\t\t\t\t\t\t\t\t\t\t\t<span class=\"elementor-icon-list-icon\">\n\t\t\t\t\t\t\t<i aria-hidden=\"true\" class=\"fas fa-check-circle\"><\/i>\t\t\t\t\t\t<\/span>\n\t\t\t\t\t\t\t\t\t\t<span class=\"elementor-icon-list-text\">ADR (\u00fcber 1000 Pkt.)<\/span>\n\t\t\t\t\t\t\t\t\t<\/li>\n\t\t\t\t\t\t\t\t<li class=\"elementor-icon-list-item\">\n\t\t\t\t\t\t\t\t\t\t\t<span class=\"elementor-icon-list-icon\">\n\t\t\t\t\t\t\t<i aria-hidden=\"true\" class=\"fas fa-check-circle\"><\/i>\t\t\t\t\t\t<\/span>\n\t\t\t\t\t\t\t\t\t\t<span class=\"elementor-icon-list-text\">ADR (bis 1000 Pkt.)<\/span>\n\t\t\t\t\t\t\t\t\t<\/li>\n\t\t\t\t\t\t\t\t<li class=\"elementor-icon-list-item\">\n\t\t\t\t\t\t\t\t\t\t\t<span class=\"elementor-icon-list-icon\">\n\t\t\t\t\t\t\t<i aria-hidden=\"true\" class=\"fas fa-check-circle\"><\/i>\t\t\t\t\t\t<\/span>\n\t\t\t\t\t\t\t\t\t\t<span class=\"elementor-icon-list-text\">Hebeb\u00fchne<\/span>\n\t\t\t\t\t\t\t\t\t<\/li>\n\t\t\t\t\t\t\t\t<li class=\"elementor-icon-list-item\">\n\t\t\t\t\t\t\t\t\t\t\t<span class=\"elementor-icon-list-icon\">\n\t\t\t\t\t\t\t<i aria-hidden=\"true\" class=\"fas fa-check-circle\"><\/i>\t\t\t\t\t\t<\/span>\n\t\t\t\t\t\t\t\t\t\t<span class=\"elementor-icon-list-text\">\u00dcberhang<\/span>\n\t\t\t\t\t\t\t\t\t<\/li>\n\t\t\t\t\t\t\t\t<li class=\"elementor-icon-list-item\">\n\t\t\t\t\t\t\t\t\t\t\t<span class=\"elementor-icon-list-icon\">\n\t\t\t\t\t\t\t<i aria-hidden=\"true\" class=\"fas fa-check-circle\"><\/i>\t\t\t\t\t\t<\/span>\n\t\t\t\t\t\t\t\t\t\t<span class=\"elementor-icon-list-text\">Edscha (Dachbeladung)<\/span>\n\t\t\t\t\t\t\t\t\t<\/li>\n\t\t\t\t\t\t<\/ul>\n\t\t\t\t\t\t<\/div>\n\t\t\t\t<div class=\"elementor-element elementor-element-d5a4b53 elementor-widget elementor-widget-text-editor\" data-id=\"d5a4b53\" data-element_type=\"widget\" data-e-type=\"widget\" data-widget_type=\"text-editor.default\">\n\t\t\t\t\t\t\t\t\t<p>Weitere Informationen finden Sie in unserem\u00a0<a href=\"https:\/\/www.stex-gmbh.com\/de\/expressversand-kosten-preisrechner\/\">Preisrechner<\/a>.<\/p>\t\t\t\t\t\t\t\t<\/div>\n\t\t\t\t<div class=\"elementor-element elementor-element-08851e4 elementor-widget elementor-widget-text-editor\" data-id=\"08851e4\" data-element_type=\"widget\" data-e-type=\"widget\" data-widget_type=\"text-editor.default\">\n\t\t\t\t\t\t\t\t\t<div class=\"av-special-heading av-9dqt9-10ce88240a8a64fecce7bdcb52e47041 av-special-heading-h3 blockquote modern-quote avia-builder-el-17 el_before_av_textblock avia-builder-el-first \"><div class=\"av-special-heading av-qj7z9-e7a9e43dcbf2a743171976547d0a60ee av-special-heading-h3 blockquote modern-quote avia-builder-el-49 el_before_av_textblock avia-builder-el-first \"><h3 class=\"av-special-heading-tag\">Ich ben\u00f6tige ein gr\u00f6\u00dferes Fahrzeug!<\/h3><\/div><section class=\"av_textblock_section av-6dssa-4-06a084158b92e7b9f0a0de600e9c9269 \"><div class=\"avia_textblock\"><p>Gr\u00f6\u00dfere Fahrzeuge als der Sattelzug stehen uns nicht zur Verf\u00fcgung. Sie k\u00f6nnen aber mehrere Fahrzeuge beauftragen. Kontaktieren Sie uns hier am besten mit allen Details per E-Mail.\u00a0 Alternativ finden Sie hier unser <a href=\"https:\/\/www.stex-gmbh.com\/de\/kontakt\/\">Kontaktformular<\/a>.<\/p><\/div><\/section><\/div>\t\t\t\t\t\t\t\t<\/div>\n\t\t\t\t\t<\/div>\n\t\t\t\t<\/div>\n\t\t\t\t<\/div>\n\t\t\t\t<\/div>\n\t\t\t\t\t<\/div>\n\t\t\t\t<\/div>\n\t\t<div class=\"elementor-element elementor-element-5f72553 e-flex e-con-boxed e-con e-parent\" data-id=\"5f72553\" data-element_type=\"container\" data-e-type=\"container\">\n\t\t\t\t\t<div class=\"e-con-inner\">\n\t\t<div class=\"elementor-element elementor-element-da21d8b e-flex e-con-boxed e-con e-child\" data-id=\"da21d8b\" data-element_type=\"container\" data-e-type=\"container\">\n\t\t\t\t\t<div class=\"e-con-inner\">\n\t\t\t\t<div class=\"elementor-element elementor-element-10a5b12 elementor-widget elementor-widget-heading\" data-id=\"10a5b12\" data-element_type=\"widget\" data-e-type=\"widget\" data-widget_type=\"heading.default\">\n\t\t\t\t\t<p class=\"elementor-heading-title elementor-size-default\">Weitere Fragen und Antworten zu den Fahrzeugen und Upgrades:<\/p>\t\t\t\t<\/div>\n\t\t\t\t\t<\/div>\n\t\t\t\t<\/div>\n\t\t<div class=\"elementor-element elementor-element-742d3b7 e-flex e-con-boxed e-con e-child\" data-id=\"742d3b7\" data-element_type=\"container\" data-e-type=\"container\">\n\t\t\t\t\t<div class=\"e-con-inner\">\n\t\t\t\t<div class=\"elementor-element elementor-element-e509d50 elementor-widget elementor-widget-toggle\" data-id=\"e509d50\" data-element_type=\"widget\" data-e-type=\"widget\" data-widget_type=\"toggle.default\">\n\t\t\t\t\t\t\t<div class=\"elementor-toggle\">\n\t\t\t\t\t\t\t<div class=\"elementor-toggle-item\">\n\t\t\t\t\t<div id=\"elementor-tab-title-2401\" class=\"elementor-tab-title\" data-tab=\"1\" role=\"button\" aria-controls=\"elementor-tab-content-2401\" aria-expanded=\"false\">\n\t\t\t\t\t\t\t\t\t\t\t\t<span class=\"elementor-toggle-icon elementor-toggle-icon-left\" aria-hidden=\"true\">\n\t\t\t\t\t\t\t\t\t\t\t\t\t\t\t<span class=\"elementor-toggle-icon-closed\"><i class=\"fas fa-caret-right\"><\/i><\/span>\n\t\t\t\t\t\t\t\t<span class=\"elementor-toggle-icon-opened\"><i class=\"elementor-toggle-icon-opened fas fa-caret-up\"><\/i><\/span>\n\t\t\t\t\t\t\t\t\t\t\t\t\t<\/span>\n\t\t\t\t\t\t\t\t\t\t\t\t<a class=\"elementor-toggle-title\" tabindex=\"0\">Sind Gefahrguttransporte (ADR) m\u00f6glich?<\/a>\n\t\t\t\t\t<\/div>\n\n\t\t\t\t\t<div id=\"elementor-tab-content-2401\" class=\"elementor-tab-content elementor-clearfix\" data-tab=\"1\" role=\"region\" aria-labelledby=\"elementor-tab-title-2401\"><p>Ja, das ist m\u00f6glich. Hier wird unterschieden zwischen Gefahrgut unter 1.000 ADR Punkten und Gefahrgut \u00fcber 1.000 ADR Punkten. Gefahrgut unter 1.000 ADR Punkten ist mit den Fahrzeugen Transporter, Planenbus, LKW und Sattelzug als Upgrade m\u00f6glich. Gefahrgut \u00fcber 1.000 ADR Punkten sind mit dem LKW oder Sattelzug als Upgrade m\u00f6glich. In jedem Fall geben Sie uns bitte w\u00e4hrend der Buchung mindestens die UN-Nummer sowie Gefahrgutklasse an. Im Idealfall schicken Sie uns die Sicherheitsdatenbl\u00e4tter nach der Buchung.<\/p><\/div>\n\t\t\t\t<\/div>\n\t\t\t\t\t\t\t<div class=\"elementor-toggle-item\">\n\t\t\t\t\t<div id=\"elementor-tab-title-2402\" class=\"elementor-tab-title\" data-tab=\"2\" role=\"button\" aria-controls=\"elementor-tab-content-2402\" aria-expanded=\"false\">\n\t\t\t\t\t\t\t\t\t\t\t\t<span class=\"elementor-toggle-icon elementor-toggle-icon-left\" aria-hidden=\"true\">\n\t\t\t\t\t\t\t\t\t\t\t\t\t\t\t<span class=\"elementor-toggle-icon-closed\"><i class=\"fas fa-caret-right\"><\/i><\/span>\n\t\t\t\t\t\t\t\t<span class=\"elementor-toggle-icon-opened\"><i class=\"elementor-toggle-icon-opened fas fa-caret-up\"><\/i><\/span>\n\t\t\t\t\t\t\t\t\t\t\t\t\t<\/span>\n\t\t\t\t\t\t\t\t\t\t\t\t<a class=\"elementor-toggle-title\" tabindex=\"0\">Was ist bei Messetransporten zu beachten?<\/a>\n\t\t\t\t\t<\/div>\n\n\t\t\t\t\t<div id=\"elementor-tab-content-2402\" class=\"elementor-tab-content elementor-clearfix\" data-tab=\"2\" role=\"region\" aria-labelledby=\"elementor-tab-title-2402\"><p>Transporte auf Messen sind f\u00fcr das geschulte STEX-Fahrpersonal kein Problem. Bitte achten Sie bei der Auftragserteilung darauf, dass alle typischen, relevanten Angaben vermerkt sind. Diese sind in der Regel immer: Halle\/ Stand\/Ansprechpartner mit Telefonnummer. Auch ist es in der Regel von Vorteil, ein Fahrzeug mit Hebeb\u00fchne und Hubwagen zu ordern, damit der Fahrer hier alleine be- und entladen kann. Manche Messeveranstalter bieten auch vor Ort einen Stapler an, der dies \u00fcbernehmen kann. Da dies von Messe zu Messe unterschiedlich ist, informieren Sie sich bitte vorher.<\/p><\/div>\n\t\t\t\t<\/div>\n\t\t\t\t\t\t\t<div class=\"elementor-toggle-item\">\n\t\t\t\t\t<div id=\"elementor-tab-title-2403\" class=\"elementor-tab-title\" data-tab=\"3\" role=\"button\" aria-controls=\"elementor-tab-content-2403\" aria-expanded=\"false\">\n\t\t\t\t\t\t\t\t\t\t\t\t<span class=\"elementor-toggle-icon elementor-toggle-icon-left\" aria-hidden=\"true\">\n\t\t\t\t\t\t\t\t\t\t\t\t\t\t\t<span class=\"elementor-toggle-icon-closed\"><i class=\"fas fa-caret-right\"><\/i><\/span>\n\t\t\t\t\t\t\t\t<span class=\"elementor-toggle-icon-opened\"><i class=\"elementor-toggle-icon-opened fas fa-caret-up\"><\/i><\/span>\n\t\t\t\t\t\t\t\t\t\t\t\t\t<\/span>\n\t\t\t\t\t\t\t\t\t\t\t\t<a class=\"elementor-toggle-title\" tabindex=\"0\">Ich ben\u00f6tige eine Verzollung bei meinem Transport<\/a>\n\t\t\t\t\t<\/div>\n\n\t\t\t\t\t<div id=\"elementor-tab-content-2403\" class=\"elementor-tab-content elementor-clearfix\" data-tab=\"3\" role=\"region\" aria-labelledby=\"elementor-tab-title-2403\"><p>Im Rahmen von Warentransporten in die oder aus der Schweiz\/ Gro\u00dfbritannien und T\u00fcrkei k\u00f6nnen Sie auch die Verzollung beauftragen. Selbstverst\u00e4ndlich k\u00f6nnen Sie die Verzollung auch selbst \u00fcbernehmen und den Grenz\u00fcbergang angeben.<\/p><\/div>\n\t\t\t\t<\/div>\n\t\t\t\t\t\t\t<div class=\"elementor-toggle-item\">\n\t\t\t\t\t<div id=\"elementor-tab-title-2404\" class=\"elementor-tab-title\" data-tab=\"4\" role=\"button\" aria-controls=\"elementor-tab-content-2404\" aria-expanded=\"false\">\n\t\t\t\t\t\t\t\t\t\t\t\t<span class=\"elementor-toggle-icon elementor-toggle-icon-left\" aria-hidden=\"true\">\n\t\t\t\t\t\t\t\t\t\t\t\t\t\t\t<span class=\"elementor-toggle-icon-closed\"><i class=\"fas fa-caret-right\"><\/i><\/span>\n\t\t\t\t\t\t\t\t<span class=\"elementor-toggle-icon-opened\"><i class=\"elementor-toggle-icon-opened fas fa-caret-up\"><\/i><\/span>\n\t\t\t\t\t\t\t\t\t\t\t\t\t<\/span>\n\t\t\t\t\t\t\t\t\t\t\t\t<a class=\"elementor-toggle-title\" tabindex=\"0\">Was muss ich bei K\u00fchltransporten beachten?<\/a>\n\t\t\t\t\t<\/div>\n\n\t\t\t\t\t<div id=\"elementor-tab-content-2404\" class=\"elementor-tab-content elementor-clearfix\" data-tab=\"4\" role=\"region\" aria-labelledby=\"elementor-tab-title-2404\"><p>Bitte teilen Sie uns bei K\u00fchltransporten die gew\u00fcnschten Temperaturbereich mit. Da die Ware permanent gek\u00fchlt wird ist es hier sehr wichtig die genauen Abhol- und Zustellzeiten zu optimieren, dies minimiert auch Ihre Kosten. K\u00fchltransporte sind nur mit den Fahrzeugarten Caddy und Transporter w\u00e4hlbar.<\/p><\/div>\n\t\t\t\t<\/div>\n\t\t\t\t\t\t\t<div class=\"elementor-toggle-item\">\n\t\t\t\t\t<div id=\"elementor-tab-title-2405\" class=\"elementor-tab-title\" data-tab=\"5\" role=\"button\" aria-controls=\"elementor-tab-content-2405\" aria-expanded=\"false\">\n\t\t\t\t\t\t\t\t\t\t\t\t<span class=\"elementor-toggle-icon elementor-toggle-icon-left\" aria-hidden=\"true\">\n\t\t\t\t\t\t\t\t\t\t\t\t\t\t\t<span class=\"elementor-toggle-icon-closed\"><i class=\"fas fa-caret-right\"><\/i><\/span>\n\t\t\t\t\t\t\t\t<span class=\"elementor-toggle-icon-opened\"><i class=\"elementor-toggle-icon-opened fas fa-caret-up\"><\/i><\/span>\n\t\t\t\t\t\t\t\t\t\t\t\t\t<\/span>\n\t\t\t\t\t\t\t\t\t\t\t\t<a class=\"elementor-toggle-title\" tabindex=\"0\">Was muss ich bei Transporten mit Hebeb\u00fchnen beachten?<\/a>\n\t\t\t\t\t<\/div>\n\n\t\t\t\t\t<div id=\"elementor-tab-content-2405\" class=\"elementor-tab-content elementor-clearfix\" data-tab=\"5\" role=\"region\" aria-labelledby=\"elementor-tab-title-2405\"><p>Die Hebeb\u00fchne ist so breit wie das Fahrzeug und hat eine maximale Hubkraft von 600 kg je Packst\u00fcck. Bei Hebeb\u00fchnenfahrzeugen gilt eine verringerte maximale Nutzlast aufgrund des Eigengewichts. Mittels Hebeb\u00fchne und Hubwagen kann Ware ebenerdig transportiert werden, dies setzt also kurze, ebenerdige Strecken oder einen entsprechend gro\u00dfen Lastenaufzug voraus.<\/p><\/div>\n\t\t\t\t<\/div>\n\t\t\t\t\t\t\t<div class=\"elementor-toggle-item\">\n\t\t\t\t\t<div id=\"elementor-tab-title-2406\" class=\"elementor-tab-title\" data-tab=\"6\" role=\"button\" aria-controls=\"elementor-tab-content-2406\" aria-expanded=\"false\">\n\t\t\t\t\t\t\t\t\t\t\t\t<span class=\"elementor-toggle-icon elementor-toggle-icon-left\" aria-hidden=\"true\">\n\t\t\t\t\t\t\t\t\t\t\t\t\t\t\t<span class=\"elementor-toggle-icon-closed\"><i class=\"fas fa-caret-right\"><\/i><\/span>\n\t\t\t\t\t\t\t\t<span class=\"elementor-toggle-icon-opened\"><i class=\"elementor-toggle-icon-opened fas fa-caret-up\"><\/i><\/span>\n\t\t\t\t\t\t\t\t\t\t\t\t\t<\/span>\n\t\t\t\t\t\t\t\t\t\t\t\t<a class=\"elementor-toggle-title\" tabindex=\"0\">Was muss ich bei \u00dcberhang beachten?<\/a>\n\t\t\t\t\t<\/div>\n\n\t\t\t\t\t<div id=\"elementor-tab-content-2406\" class=\"elementor-tab-content elementor-clearfix\" data-tab=\"6\" role=\"region\" aria-labelledby=\"elementor-tab-title-2406\"><p>\u00dcberhang erlaubt Ihnen, Ware die l\u00e4nger als das gew\u00fcnschte Fahrzeug ist, zu verschicken. Da die Ware somit hinten aus dem Fahrzeug ragt ist sie unter Umst\u00e4nden der Witterung (Regen, Schnee) ausgesetzt. Die Verpackung der Ware sollte unter Ber\u00fccksichtigung dieser Umst\u00e4nde gew\u00e4hlt werden. Dieses Upgrade gibt es nur beim Planenbus und weitere Informationen erhalten Sie w\u00e4hrend der Buchung.<\/p><\/div>\n\t\t\t\t<\/div>\n\t\t\t\t\t\t\t<div class=\"elementor-toggle-item\">\n\t\t\t\t\t<div id=\"elementor-tab-title-2407\" class=\"elementor-tab-title\" data-tab=\"7\" role=\"button\" aria-controls=\"elementor-tab-content-2407\" aria-expanded=\"false\">\n\t\t\t\t\t\t\t\t\t\t\t\t<span class=\"elementor-toggle-icon elementor-toggle-icon-left\" aria-hidden=\"true\">\n\t\t\t\t\t\t\t\t\t\t\t\t\t\t\t<span class=\"elementor-toggle-icon-closed\"><i class=\"fas fa-caret-right\"><\/i><\/span>\n\t\t\t\t\t\t\t\t<span class=\"elementor-toggle-icon-opened\"><i class=\"elementor-toggle-icon-opened fas fa-caret-up\"><\/i><\/span>\n\t\t\t\t\t\t\t\t\t\t\t\t\t<\/span>\n\t\t\t\t\t\t\t\t\t\t\t\t<a class=\"elementor-toggle-title\" tabindex=\"0\">Ich ben\u00f6tige ein rampenf\u00e4higes Fahrzeug.<\/a>\n\t\t\t\t\t<\/div>\n\n\t\t\t\t\t<div id=\"elementor-tab-content-2407\" class=\"elementor-tab-content elementor-clearfix\" data-tab=\"7\" role=\"region\" aria-labelledby=\"elementor-tab-title-2407\"><p>Rampenf\u00e4hig (110 cm Rampenh\u00f6he) ist unser LKW und der Sattelzug. Der Planenbus und Transporter hat eine Ladeh\u00f6he von 70-90 cm \u2013 je nach Fahrzeugart.<\/p><\/div>\n\t\t\t\t<\/div>\n\t\t\t\t\t\t\t\t\t\t<script type=\"application\/ld+json\">{\"@context\":\"https:\\\/\\\/schema.org\",\"@type\":\"FAQPage\",\"mainEntity\":[{\"@type\":\"Question\",\"name\":\"Sind Gefahrguttransporte (ADR) m\\u00f6glich?\",\"acceptedAnswer\":{\"@type\":\"Answer\",\"text\":\"<p>Ja, das ist m\\u00f6glich. Hier wird unterschieden zwischen Gefahrgut unter 1.000 ADR Punkten und Gefahrgut \\u00fcber 1.000 ADR Punkten. Gefahrgut unter 1.000 ADR Punkten ist mit den Fahrzeugen Transporter, Planenbus, LKW und Sattelzug als Upgrade m\\u00f6glich. Gefahrgut \\u00fcber 1.000 ADR Punkten sind mit dem LKW oder Sattelzug als Upgrade m\\u00f6glich. In jedem Fall geben Sie uns bitte w\\u00e4hrend der Buchung mindestens die UN-Nummer sowie Gefahrgutklasse an. Im Idealfall schicken Sie uns die Sicherheitsdatenbl\\u00e4tter nach der Buchung.<\\\/p>\"}},{\"@type\":\"Question\",\"name\":\"Was ist bei Messetransporten zu beachten?\",\"acceptedAnswer\":{\"@type\":\"Answer\",\"text\":\"<p>Transporte auf Messen sind f\\u00fcr das geschulte STEX-Fahrpersonal kein Problem. Bitte achten Sie bei der Auftragserteilung darauf, dass alle typischen, relevanten Angaben vermerkt sind. Diese sind in der Regel immer: Halle\\\/ Stand\\\/Ansprechpartner mit Telefonnummer. Auch ist es in der Regel von Vorteil, ein Fahrzeug mit Hebeb\\u00fchne und Hubwagen zu ordern, damit der Fahrer hier alleine be- und entladen kann. Manche Messeveranstalter bieten auch vor Ort einen Stapler an, der dies \\u00fcbernehmen kann. Da dies von Messe zu Messe unterschiedlich ist, informieren Sie sich bitte vorher.<\\\/p>\"}},{\"@type\":\"Question\",\"name\":\"Ich ben\\u00f6tige eine Verzollung bei meinem Transport\",\"acceptedAnswer\":{\"@type\":\"Answer\",\"text\":\"<p>Im Rahmen von Warentransporten in die oder aus der Schweiz\\\/ Gro\\u00dfbritannien und T\\u00fcrkei k\\u00f6nnen Sie auch die Verzollung beauftragen. Selbstverst\\u00e4ndlich k\\u00f6nnen Sie die Verzollung auch selbst \\u00fcbernehmen und den Grenz\\u00fcbergang angeben.<\\\/p>\"}},{\"@type\":\"Question\",\"name\":\"Was muss ich bei K\\u00fchltransporten beachten?\",\"acceptedAnswer\":{\"@type\":\"Answer\",\"text\":\"<p>Bitte teilen Sie uns bei K\\u00fchltransporten die gew\\u00fcnschten Temperaturbereich mit. Da die Ware permanent gek\\u00fchlt wird ist es hier sehr wichtig die genauen Abhol- und Zustellzeiten zu optimieren, dies minimiert auch Ihre Kosten. K\\u00fchltransporte sind nur mit den Fahrzeugarten Caddy und Transporter w\\u00e4hlbar.<\\\/p>\"}},{\"@type\":\"Question\",\"name\":\"Was muss ich bei Transporten mit Hebeb\\u00fchnen beachten?\",\"acceptedAnswer\":{\"@type\":\"Answer\",\"text\":\"<p>Die Hebeb\\u00fchne ist so breit wie das Fahrzeug und hat eine maximale Hubkraft von 600 kg je Packst\\u00fcck. Bei Hebeb\\u00fchnenfahrzeugen gilt eine verringerte maximale Nutzlast aufgrund des Eigengewichts. Mittels Hebeb\\u00fchne und Hubwagen kann Ware ebenerdig transportiert werden, dies setzt also kurze, ebenerdige Strecken oder einen entsprechend gro\\u00dfen Lastenaufzug voraus.<\\\/p>\"}},{\"@type\":\"Question\",\"name\":\"Was muss ich bei \\u00dcberhang beachten?\",\"acceptedAnswer\":{\"@type\":\"Answer\",\"text\":\"<p>\\u00dcberhang erlaubt Ihnen, Ware die l\\u00e4nger als das gew\\u00fcnschte Fahrzeug ist, zu verschicken. Da die Ware somit hinten aus dem Fahrzeug ragt ist sie unter Umst\\u00e4nden der Witterung (Regen, Schnee) ausgesetzt. Die Verpackung der Ware sollte unter Ber\\u00fccksichtigung dieser Umst\\u00e4nde gew\\u00e4hlt werden. Dieses Upgrade gibt es nur beim Planenbus und weitere Informationen erhalten Sie w\\u00e4hrend der Buchung.<\\\/p>\"}},{\"@type\":\"Question\",\"name\":\"Ich ben\\u00f6tige ein rampenf\\u00e4higes Fahrzeug.\",\"acceptedAnswer\":{\"@type\":\"Answer\",\"text\":\"<p>Rampenf\\u00e4hig (110 cm Rampenh\\u00f6he) ist unser LKW und der Sattelzug. Der Planenbus und Transporter hat eine Ladeh\\u00f6he von 70-90 cm \\u2013 je nach Fahrzeugart.<\\\/p>\"}}]}<\/script>\n\t\t\t\t\t<\/div>\n\t\t\t\t\t\t<\/div>\n\t\t\t\t\t<\/div>\n\t\t\t\t<\/div>\n\t\t\t\t\t<\/div>\n\t\t\t\t<\/div>\n\t\t<div class=\"elementor-element elementor-element-7316b2d0 e-con-full e-flex e-con e-parent\" data-id=\"7316b2d0\" data-element_type=\"container\" data-e-type=\"container\" data-settings=\"{&quot;background_background&quot;:&quot;classic&quot;}\">\n\t\t\t\t<div class=\"elementor-element elementor-element-218fe3b2 elementor-cta--skin-cover elementor-animated-content elementor-bg-transform elementor-bg-transform-zoom-in elementor-widget elementor-widget-call-to-action\" data-id=\"218fe3b2\" data-element_type=\"widget\" data-e-type=\"widget\" data-widget_type=\"call-to-action.default\">\n\t\t\t\t\t\t\t<a class=\"elementor-cta\" href=\"https:\/\/www.stex-gmbh.com\/de\/kontakt\/\">\n\t\t\t\t\t<div class=\"elementor-cta__bg-wrapper\">\n\t\t\t\t<div class=\"elementor-cta__bg elementor-bg\" style=\"background-image: url(https:\/\/www.stex-gmbh.com\/wp-content\/uploads\/2023\/09\/noch_fragen-1024x325.jpg);\" role=\"img\" aria-label=\"noch_fragen\"><\/div>\n\t\t\t\t<div class=\"elementor-cta__bg-overlay\"><\/div>\n\t\t\t<\/div>\n\t\t\t\t\t\t\t<div class=\"elementor-cta__content\">\n\t\t\t\t\n\t\t\t\t\t\t\t\t\t<h2 class=\"elementor-cta__title elementor-cta__content-item elementor-content-item elementor-animated-item--grow\">\n\t\t\t\t\t\tNoch Fragen?\t\t\t\t\t<\/h2>\n\t\t\t\t\n\t\t\t\t\t\t\t\t\t<div class=\"elementor-cta__description elementor-cta__content-item elementor-content-item elementor-animated-item--grow\">\n\t\t\t\t\t\tHier erreichen Sie zu jeder Zeit einen kompetenten und freundlichen Frachtexperten, der Ihnen gerne weiterhilft.\n\n\t\t\t\t\t<\/div>\n\t\t\t\t\n\t\t\t\t\t\t\t\t\t<div class=\"elementor-cta__button-wrapper elementor-cta__content-item elementor-content-item elementor-animated-item--grow\">\n\t\t\t\t\t<span class=\"elementor-cta__button elementor-button elementor-size-\">\n\t\t\t\t\t\tKontakt\t\t\t\t\t<\/span>\n\t\t\t\t\t<\/div>\n\t\t\t\t\t\t\t<\/div>\n\t\t\t\t\t\t<\/a>\n\t\t\t\t\t\t<\/div>\n\t\t\t\t<\/div>\n\t\t\t\t<\/div>","protected":false},"excerpt":{"rendered":"<p>FAQ Gerne beantwortet unser Service-Team Ihre Fragen Alles was Sie \u00fcber STEX wissen m\u00fcssen und welche h\u00e4ufig gestellten Fragen uns gestellt werden. Kontaktiere uns Du hast Fragen?Melde dich jederzeit! 1. Beladung und Bef\u00f6rderung Wie schnell erfolgt die Abholung? Die Abholung erfolgt grunds\u00e4tzlich schnellstm\u00f6glich. Die Geschwindigkeit ist hier abh\u00e4ngig vom Fahrzeugtyp, den gew\u00fcnschten Upgrades, der Anfahrtszeit [&hellip;]<\/p>\n","protected":false},"author":1,"featured_media":1663,"parent":0,"menu_order":0,"comment_status":"closed","ping_status":"closed","template":"elementor_header_footer","meta":{"inline_featured_image":false,"footnotes":""},"categories":[],"tags":[],"class_list":["post-1497","page","type-page","status-publish","has-post-thumbnail","hentry"],"_links":{"self":[{"href":"https:\/\/www.stex-gmbh.com\/de\/wp-json\/wp\/v2\/pages\/1497","targetHints":{"allow":["GET"]}}],"collection":[{"href":"https:\/\/www.stex-gmbh.com\/de\/wp-json\/wp\/v2\/pages"}],"about":[{"href":"https:\/\/www.stex-gmbh.com\/de\/wp-json\/wp\/v2\/types\/page"}],"author":[{"embeddable":true,"href":"https:\/\/www.stex-gmbh.com\/de\/wp-json\/wp\/v2\/users\/1"}],"replies":[{"embeddable":true,"href":"https:\/\/www.stex-gmbh.com\/de\/wp-json\/wp\/v2\/comments?post=1497"}],"version-history":[{"count":0,"href":"https:\/\/www.stex-gmbh.com\/de\/wp-json\/wp\/v2\/pages\/1497\/revisions"}],"wp:featuredmedia":[{"embeddable":true,"href":"https:\/\/www.stex-gmbh.com\/de\/wp-json\/wp\/v2\/media\/1663"}],"wp:attachment":[{"href":"https:\/\/www.stex-gmbh.com\/de\/wp-json\/wp\/v2\/media?parent=1497"}],"wp:term":[{"taxonomy":"category","embeddable":true,"href":"https:\/\/www.stex-gmbh.com\/de\/wp-json\/wp\/v2\/categories?post=1497"},{"taxonomy":"post_tag","embeddable":true,"href":"https:\/\/www.stex-gmbh.com\/de\/wp-json\/wp\/v2\/tags?post=1497"}],"curies":[{"name":"wp","href":"https:\/\/api.w.org\/{rel}","templated":true}]}}